{"id":571,"date":"2016-03-07T12:08:34","date_gmt":"2016-03-07T11:08:34","guid":{"rendered":"http:\/\/marret.co\/?page_id=571"},"modified":"2025-08-13T02:29:55","modified_gmt":"2025-08-13T01:29:55","slug":"571-2","status":"publish","type":"page","link":"https:\/\/lesgravereaux.marret.co\/index.php\/571-2\/","title":{"rendered":"Les f\u00eates \u00e0 L&rsquo;Ha\u00ff"},"content":{"rendered":"<p>Jules Gravereaux aimait recevoir, non seulement sa famille, mais aussi les membres de nombreuses associations auxquelles il ouvrit la porte du domaine de L&rsquo;Ha\u00ff, pour une simple visite de la roseraie ou pour un spectacle au th\u00e9\u00e2tre de&nbsp;verdure.<\/p>\n<div id=\"attachment_1555\" style=\"width: 650px\" class=\"wp-caption alignnone\"><a href=\"https:\/\/i0.wp.com\/lesgravereaux.marret.co\/wp-content\/uploads\/2016\/04\/LHay-Visite-de-la-roseraie-47-J-843_wp.jpg?ssl=1\"><img data-recalc-dims=\"1\" loading=\"lazy\" decoding=\"async\" aria-describedby=\"caption-attachment-1555\" data-attachment-id=\"1555\" data-permalink=\"https:\/\/lesgravereaux.marret.co\/index.php\/etablissement-gravereaux\/lhay-visite-de-la-roseraie-47-j-843_wp\/\" data-orig-file=\"https:\/\/i0.wp.com\/lesgravereaux.marret.co\/wp-content\/uploads\/2016\/04\/LHay-Visite-de-la-roseraie-47-J-843_wp.jpg?fit=1575%2C1167&amp;ssl=1\" data-orig-size=\"1575,1167\" data-comments-opened=\"1\" data-image-meta=\"{&quot;aperture&quot;:&quot;0&quot;,&quot;credit&quot;:&quot;&quot;,&quot;camera&quot;:&quot;&quot;,&quot;caption&quot;:&quot;&quot;,&quot;created_timestamp&quot;:&quot;0&quot;,&quot;copyright&quot;:&quot;&quot;,&quot;focal_length&quot;:&quot;0&quot;,&quot;iso&quot;:&quot;0&quot;,&quot;shutter_speed&quot;:&quot;0&quot;,&quot;title&quot;:&quot;&quot;,&quot;orientation&quot;:&quot;1&quot;}\" data-image-title=\"L&amp;rsquo;Hay &amp;#8211; Visite de la roseraie (47 J 843)_wp\" data-image-description=\"\" data-image-caption=\"&lt;p&gt;Photo : Archives de l\u2019Association des Amis du Vieux L\u2019Ha\u00ff&lt;\/p&gt;\n\" data-medium-file=\"https:\/\/i0.wp.com\/lesgravereaux.marret.co\/wp-content\/uploads\/2016\/04\/LHay-Visite-de-la-roseraie-47-J-843_wp.jpg?fit=300%2C222&amp;ssl=1\" data-large-file=\"https:\/\/i0.wp.com\/lesgravereaux.marret.co\/wp-content\/uploads\/2016\/04\/LHay-Visite-de-la-roseraie-47-J-843_wp.jpg?fit=640%2C474&amp;ssl=1\" class=\"size-large wp-image-1555\" src=\"https:\/\/i0.wp.com\/lesgravereaux.marret.co\/wp-content\/uploads\/2016\/04\/LHay-Visite-de-la-roseraie-47-J-843_wp.jpg?resize=640%2C474&#038;ssl=1\" alt=\"\" width=\"640\" height=\"474\" data-wp-pid=\"1555\" srcset=\"https:\/\/i0.wp.com\/lesgravereaux.marret.co\/wp-content\/uploads\/2016\/04\/LHay-Visite-de-la-roseraie-47-J-843_wp.jpg?resize=1024%2C759&amp;ssl=1 1024w, https:\/\/i0.wp.com\/lesgravereaux.marret.co\/wp-content\/uploads\/2016\/04\/LHay-Visite-de-la-roseraie-47-J-843_wp.jpg?resize=300%2C222&amp;ssl=1 300w, https:\/\/i0.wp.com\/lesgravereaux.marret.co\/wp-content\/uploads\/2016\/04\/LHay-Visite-de-la-roseraie-47-J-843_wp.jpg?resize=768%2C569&amp;ssl=1 768w, https:\/\/i0.wp.com\/lesgravereaux.marret.co\/wp-content\/uploads\/2016\/04\/LHay-Visite-de-la-roseraie-47-J-843_wp.jpg?resize=800%2C593&amp;ssl=1 800w, https:\/\/i0.wp.com\/lesgravereaux.marret.co\/wp-content\/uploads\/2016\/04\/LHay-Visite-de-la-roseraie-47-J-843_wp.jpg?resize=600%2C445&amp;ssl=1 600w, https:\/\/i0.wp.com\/lesgravereaux.marret.co\/wp-content\/uploads\/2016\/04\/LHay-Visite-de-la-roseraie-47-J-843_wp.jpg?w=1575&amp;ssl=1 1575w, https:\/\/i0.wp.com\/lesgravereaux.marret.co\/wp-content\/uploads\/2016\/04\/LHay-Visite-de-la-roseraie-47-J-843_wp.jpg?w=1280&amp;ssl=1 1280w\" sizes=\"auto, (max-width: 640px) 100vw, 640px\" \/><\/a><p id=\"caption-attachment-1555\" class=\"wp-caption-text\"><em><span style=\"font-size: 8pt;\">Photo : Archives de l\u2019Association des Amis du Vieux L\u2019Ha\u00ff<\/span><\/em><\/p><\/div>\n<p>Bien qu&rsquo;incomplet, le calendrier ci-apr\u00e8s donne une id\u00e9e de ces r\u00e9ceptions qui eurent lieu longtemps, m\u00eame apr\u00e8s le d\u00e9c\u00e8s de Jules Gravereaux ou la vente de la propri\u00e9t\u00e9.<\/p>\n<table style=\"width: 640px;\" width=\"594\">\n<tbody>\n<tr>\n<td style=\"width: 189px;\" width=\"151\"><span style=\"font-size: 10pt;\">dimanche 17 juin 1900<\/span><\/td>\n<td style=\"width: 451px;\" width=\"443\"><span style=\"font-size: 10pt;\">Visite des membres du Congr\u00e8s des Rosi\u00e9ristes<\/span><\/td>\n<\/tr>\n<tr>\n<td style=\"width: 189px;\" width=\"151\"><span style=\"font-size: 10pt;\">lundi 22 juin 1903<\/span><\/td>\n<td style=\"width: 451px;\" width=\"443\"><span style=\"font-size: 10pt;\">Visite des membres de la Section des Roses<\/span><br \/>\n<span style=\"font-size: 10pt;\">&nbsp;de la Soci\u00e9t\u00e9 Nationale d&rsquo;Horticulture de France<\/span><\/td>\n<\/tr>\n<tr>\n<td style=\"width: 189px;\" width=\"151\"><span style=\"font-size: 10pt;\">vendredi 10 juillet 1903<\/span><\/td>\n<td style=\"width: 451px;\" width=\"443\"><span style=\"font-size: 10pt;\">Visite de membres de la Soci\u00e9t\u00e9 nationale d&rsquo;acclimatation de France<\/span><\/td>\n<\/tr>\n<tr>\n<td style=\"width: 189px;\" width=\"151\"><span style=\"font-size: 10pt;\">juin 1905<\/span><\/td>\n<td style=\"width: 451px;\" width=\"443\"><span style=\"font-size: 10pt;\">Bapt\u00eame de Philippe et Annette Gravereaux<\/span><\/td>\n<\/tr>\n<tr>\n<td style=\"width: 189px;\" width=\"151\"><span style=\"font-size: 10pt;\">dimanche 17 juin 1906<\/span><\/td>\n<td style=\"width: 451px;\" width=\"443\"><span style=\"font-size: 10pt;\">Inauguration du th\u00e9\u00e2tre des Roses et F\u00eate des roses des Rosati<\/span><\/td>\n<\/tr>\n<tr>\n<td style=\"width: 189px;\" width=\"151\"><span style=\"font-size: 10pt;\">dimanche 23 juin 1907<\/span><\/td>\n<td style=\"width: 451px;\" width=\"443\"><span style=\"font-size: 10pt;\">Bapt\u00eame de G\u00e9rard Gravereaux et Fran\u00e7ois Ballu <\/span><br \/>\n<span style=\"font-size: 10pt;\">Matin\u00e9e au th\u00e9\u00e2tre : Le Temple des Roses<\/span><\/td>\n<\/tr>\n<tr>\n<td style=\"width: 189px;\" width=\"151\"><span style=\"font-size: 10pt;\">vendredi 12 juin 1908<\/span><\/td>\n<td style=\"width: 451px;\" width=\"443\"><span style=\"font-size: 10pt;\">Visite des membres de la Soci\u00e9t\u00e9 d&rsquo;excursion des amateurs de photographie<\/span><\/td>\n<\/tr>\n<tr>\n<td style=\"width: 189px;\" width=\"151\"><span style=\"font-size: 10pt;\">samedi 13 juin 1908<\/span><\/td>\n<td style=\"width: 451px;\" width=\"443\"><span style=\"font-size: 10pt;\">Visite des membres de la Soci\u00e9t\u00e9 nationale d&rsquo;acclimatation de France<\/span><\/td>\n<\/tr>\n<tr>\n<td style=\"width: 189px;\" width=\"151\"><span style=\"font-size: 10pt;\">dimanche 14 juin 1908<\/span><\/td>\n<td style=\"width: 451px;\" width=\"443\"><span style=\"font-size: 10pt;\">Visite des membres de la Soci\u00e9t\u00e9 d&rsquo;iconographie parisienne<\/span><\/td>\n<\/tr>\n<tr>\n<td style=\"width: 189px;\" width=\"151\"><span style=\"font-size: 10pt;\">dimanche 6 juin 1909<\/span><\/td>\n<td style=\"width: 451px;\" width=\"443\"><span style=\"font-size: 10pt;\">Visite et conf\u00e9rence-promenade \u00ab La vie \u00e0 la campagne \u00bb<\/span><\/td>\n<\/tr>\n<tr>\n<td style=\"width: 189px;\" width=\"151\"><span style=\"font-size: 10pt;\">dimanche 13 juin 1909<\/span><\/td>\n<td style=\"width: 451px;\" width=\"443\"><span style=\"font-size: 10pt;\">F\u00eate des Roses<\/span><\/td>\n<\/tr>\n<tr>\n<td style=\"width: 189px;\" width=\"151\"><span style=\"font-size: 10pt;\">mercredi 16 juin 1909<\/span><\/td>\n<td style=\"width: 451px;\" width=\"443\"><span style=\"font-size: 10pt;\">Visite des \u00ab&nbsp;Amis du Louvre&nbsp;\u00bb<\/span><\/td>\n<\/tr>\n<tr>\n<td style=\"width: 189px;\" width=\"151\"><span style=\"font-size: 10pt;\">samedi 19 juin 1909<\/span><\/td>\n<td style=\"width: 451px;\" width=\"443\"><span style=\"font-size: 10pt;\">Visite du prince de Monaco<\/span><\/td>\n<\/tr>\n<tr>\n<td style=\"width: 189px;\" width=\"151\"><span style=\"font-size: 10pt;\">vendredi 27 mai 1910<\/span><\/td>\n<td style=\"width: 451px;\" width=\"443\"><span style=\"font-size: 10pt;\">Visite de la Roseraie <\/span><br \/>\n<span style=\"font-size: 10pt;\">\u00e0 l\u2019occasion de l\u2019Exposition florale et du Congr\u00e8s des rosi\u00e9ristes<\/span><\/td>\n<\/tr>\n<tr>\n<td style=\"width: 189px;\" width=\"151\"><span style=\"font-size: 10pt;\">dimanche 5 juin 1910<\/span><\/td>\n<td style=\"width: 451px;\" width=\"443\"><span style=\"font-size: 10pt;\">F\u00eate des Rosati<\/span><\/td>\n<\/tr>\n<tr>\n<td style=\"width: 189px;\" width=\"151\"><span style=\"font-size: 10pt;\">dimanche 12 juin 1910<\/span><\/td>\n<td style=\"width: 451px;\" width=\"443\"><span style=\"font-size: 10pt;\">Visite de membres du Club Alpin<\/span><\/td>\n<\/tr>\n<tr>\n<td style=\"width: 189px;\" width=\"151\"><span style=\"font-size: 10pt;\">lundi 6 juin 1910<\/span><\/td>\n<td style=\"width: 451px;\" width=\"443\"><span style=\"font-size: 10pt;\">Promenade-conf\u00e9rence de l\u2019Universit\u00e9 des Annales<\/span><\/td>\n<\/tr>\n<tr>\n<td style=\"width: 189px;\" width=\"151\"><span style=\"font-size: 10pt;\">dimanche 19 juin 1910<\/span><\/td>\n<td style=\"width: 451px;\" width=\"443\"><span style=\"font-size: 10pt;\">Bapt\u00eame de Suzanne Gravereaux et H\u00e9l\u00e8ne Ballu<\/span><\/td>\n<\/tr>\n<tr>\n<td style=\"width: 189px;\" width=\"151\"><span style=\"font-size: 10pt;\">mardi 21 juin 1910<\/span><\/td>\n<td style=\"width: 451px;\" width=\"443\"><span style=\"font-size: 10pt;\">Visite des membres de la Soci\u00e9t\u00e9 internationale pour les questions d&rsquo;assistance<\/span><\/td>\n<\/tr>\n<tr>\n<td style=\"width: 189px;\" width=\"151\"><span style=\"font-size: 10pt;\">vendredi 9 juin 1911<\/span><\/td>\n<td style=\"width: 451px;\" width=\"443\"><span style=\"font-size: 10pt;\">Visite et conf\u00e9rence &#8211; \u00ab La Fran\u00e7aise \u00bb<\/span><\/td>\n<\/tr>\n<tr>\n<td style=\"width: 189px;\" width=\"151\"><span style=\"font-size: 10pt;\">mardi 13 juin 1911<\/span><\/td>\n<td style=\"width: 451px;\" width=\"443\"><span style=\"font-size: 10pt;\">Causerie avec les dames patronnesses de la Soci\u00e9t\u00e9 fran\u00e7aise des rosi\u00e9ristes<\/span><\/td>\n<\/tr>\n<tr>\n<td style=\"width: 189px;\" width=\"151\"><span style=\"font-size: 10pt;\">mardi 13 juin 1911<\/span><\/td>\n<td style=\"width: 451px;\" width=\"443\"><span style=\"font-size: 10pt;\">R\u00e9union amicale (Causerie, Henri Cain)<\/span><\/td>\n<\/tr>\n<tr>\n<td style=\"width: 189px;\" width=\"151\"><span style=\"font-size: 10pt;\">jeudi 15 juin 1911<\/span><\/td>\n<td style=\"width: 451px;\" width=\"443\"><span style=\"font-size: 10pt;\">F\u00eate de la Rose (Acad\u00e9mie des arts de la fleur et de la plante)<\/span><\/td>\n<\/tr>\n<tr>\n<td style=\"width: 189px;\" width=\"151\"><span style=\"font-size: 10pt;\">dimanche 25 juin 1911<\/span><\/td>\n<td style=\"width: 451px;\" width=\"443\"><span style=\"font-size: 10pt;\">Visite des membres de la Soci\u00e9t\u00e9 l&rsquo;Enseignement pratique<\/span><\/td>\n<\/tr>\n<tr>\n<td style=\"width: 189px;\" width=\"151\"><span style=\"font-size: 10pt;\">dimanche 9 juillet 1911<\/span><\/td>\n<td style=\"width: 451px;\" width=\"443\"><span style=\"font-size: 10pt;\">Visite des membres de la Soci\u00e9t\u00e9 Les Amis de la Nature et des Arts<\/span><\/td>\n<\/tr>\n<tr>\n<td style=\"width: 189px;\" width=\"151\"><span style=\"font-size: 10pt;\">samedi 8 juin 1912<\/span><\/td>\n<td style=\"width: 451px;\" width=\"443\"><span style=\"font-size: 10pt;\">F\u00eate de la \u00ab Soci\u00e9t\u00e9 des grandes auditions musicales de France \u00bb <\/span><br \/>\n<span style=\"font-size: 10pt;\">et cr\u00e9ation de La vie d\u2019une Rose, de Robert Schumann<\/span><\/td>\n<\/tr>\n<tr>\n<td style=\"width: 189px;\" width=\"151\"><span style=\"font-size: 10pt;\">dimanche 9 juin 1912<\/span><\/td>\n<td style=\"width: 451px;\" width=\"443\"><span style=\"font-size: 10pt;\">Visite des membres de la Soci\u00e9t\u00e9 Les Amis de la Nature et des Arts<\/span><\/td>\n<\/tr>\n<tr>\n<td style=\"width: 189px;\" width=\"151\"><span style=\"font-size: 10pt;\">mercredi 12 juin 1912<\/span><\/td>\n<td style=\"width: 451px;\" width=\"443\"><span style=\"font-size: 10pt;\">F\u00eate de l\u2019Universit\u00e9 des Annales<\/span><\/td>\n<\/tr>\n<tr>\n<td style=\"width: 189px;\" width=\"151\"><span style=\"font-size: 10pt;\">jeudi 13 juin 1912<\/span><\/td>\n<td style=\"width: 451px;\" width=\"443\"><span style=\"font-size: 10pt;\">Visite des membres de la Soci\u00e9t\u00e9 de propagande artistique<\/span><\/td>\n<\/tr>\n<tr>\n<td style=\"width: 189px;\" width=\"151\"><span style=\"font-size: 10pt;\">jeudi 13 juin 1912<\/span><\/td>\n<td style=\"width: 451px;\" width=\"443\"><span style=\"font-size: 10pt;\">Visite des membres de la Soci\u00e9t\u00e9 d&rsquo;Horticulture (de Garches?)<\/span><\/td>\n<\/tr>\n<tr>\n<td style=\"width: 189px;\" width=\"151\"><span style=\"font-size: 10pt;\">dimanche 8 juin 1913<\/span><\/td>\n<td style=\"width: 451px;\" width=\"443\"><span style=\"font-size: 10pt;\">Visite des membres de la Soci\u00e9t\u00e9 amicale photographique<\/span><\/td>\n<\/tr>\n<tr>\n<td style=\"width: 189px;\" width=\"151\"><span style=\"font-size: 10pt;\">dimanche 8 juin 1913<\/span><\/td>\n<td style=\"width: 451px;\" width=\"443\"><span style=\"font-size: 10pt;\">Visite des membres de la Soci\u00e9t\u00e9 d&rsquo;horticulture de l&rsquo;arrondissement de Rambouillet<\/span><\/td>\n<\/tr>\n<tr>\n<td style=\"width: 189px;\" width=\"151\"><span style=\"font-size: 10pt;\">dimanche 22 juin 1913<\/span><\/td>\n<td style=\"width: 451px;\" width=\"443\"><span style=\"font-size: 10pt;\">Visite des membres de la Soci\u00e9t\u00e9 Les Amis des Roses<\/span><\/td>\n<\/tr>\n<tr>\n<td style=\"width: 189px;\" width=\"151\"><span style=\"font-size: 10pt;\">dimanche 22 juin 1913<\/span><\/td>\n<td style=\"width: 451px;\" width=\"443\"><span style=\"font-size: 10pt;\">Visite des membres de la Soci\u00e9t\u00e9 champenoise de photographie<\/span><\/td>\n<\/tr>\n<tr>\n<td style=\"width: 189px;\" width=\"151\"><span style=\"font-size: 10pt;\">mai 1914 et juin 1914<\/span><\/td>\n<td style=\"width: 451px;\" width=\"443\"><span style=\"font-size: 10pt;\">Visite des membres de la Soci\u00e9t\u00e9 amicale photographique<\/span><\/td>\n<\/tr>\n<tr>\n<td style=\"width: 189px;\" width=\"151\"><span style=\"font-size: 10pt;\">dimanche 7 juin 1914<\/span><\/td>\n<td style=\"width: 451px;\" width=\"443\"><span style=\"font-size: 10pt;\">Couronnement d&rsquo;une rosi\u00e8re<\/span><\/td>\n<\/tr>\n<tr>\n<td style=\"width: 189px;\" width=\"151\"><span style=\"font-size: 10pt;\">dimanche 12 juin 1921<\/span><\/td>\n<td style=\"width: 451px;\" width=\"443\"><span style=\"font-size: 10pt;\">Excursion p\u00e9destre &#8211; Touring-club-de-France<\/span><br \/>\n<span style=\"font-size: 10pt;\">Visite publique<\/span><\/td>\n<\/tr>\n<tr>\n<td style=\"width: 189px;\" width=\"151\"><span style=\"font-size: 10pt;\">dimanche 11 juin 1922<\/span><\/td>\n<td style=\"width: 451px;\" width=\"443\"><span style=\"font-size: 10pt;\">Visite publique<\/span><\/td>\n<\/tr>\n<tr>\n<td style=\"width: 189px;\" width=\"151\"><span style=\"font-size: 10pt;\">dimanche 10 juin 1923<\/span><\/td>\n<td style=\"width: 451px;\" width=\"443\"><span style=\"font-size: 10pt;\">Visite des \u00ab&nbsp;Amis des Jardins&nbsp;\u00bb<\/span><\/td>\n<\/tr>\n<tr>\n<td style=\"width: 189px;\" width=\"151\"><span style=\"font-size: 10pt;\">vendredi 15 juin 1923<\/span><\/td>\n<td style=\"width: 451px;\" width=\"443\"><span style=\"font-size: 10pt;\">Visite des \u00ab&nbsp;Amis du Louvre&nbsp;\u00bb<\/span><\/td>\n<\/tr>\n<tr>\n<td style=\"width: 189px;\" width=\"151\"><span style=\"font-size: 10pt;\">dimanche 15 juin 1924<\/span><\/td>\n<td style=\"width: 451px;\" width=\"443\"><span style=\"font-size: 10pt;\">Visite publique<\/span><\/td>\n<\/tr>\n<tr>\n<td style=\"width: 189px;\" width=\"151\"><span style=\"font-size: 10pt;\">mercredi 8 avril 1925<\/span><\/td>\n<td style=\"width: 451px;\" width=\"443\"><span style=\"font-size: 10pt;\">(avec Jos\u00e9phine Baker)<\/span><\/td>\n<\/tr>\n<tr>\n<td style=\"width: 189px;\" width=\"151\"><span style=\"font-size: 10pt;\">lundi 15 juin 1925<\/span><\/td>\n<td style=\"width: 451px;\" width=\"443\"><span style=\"font-size: 10pt;\">Visite publique<\/span><\/td>\n<\/tr>\n<tr>\n<td style=\"width: 189px;\" width=\"151\"><span style=\"font-size: 10pt;\">vers 1927<\/span><\/td>\n<td style=\"width: 451px;\" width=\"443\"><span style=\"font-size: 10pt;\">\u00ab\u00a0Bal des d\u00e9butantes\u00a0\u00bb \u00e0 l&rsquo;Ha\u00ff<\/span><\/td>\n<\/tr>\n<tr>\n<td style=\"width: 189px;\" width=\"151\"><span style=\"font-size: 10pt;\">dimanche 12 juin 1927<\/span><\/td>\n<td style=\"width: 451px;\" width=\"443\"><span style=\"font-size: 10pt;\">Concert de Radio-Paris<\/span><\/td>\n<\/tr>\n<tr>\n<td style=\"width: 189px;\" width=\"151\"><span style=\"font-size: 10pt;\">samedi 11 juin 1932<\/span><\/td>\n<td style=\"width: 451px;\" width=\"443\"><span style=\"font-size: 10pt;\">Visite organis\u00e9e par le Comit\u00e9 de l&rsquo;Art des Jardins<\/span><\/td>\n<\/tr>\n<tr>\n<td style=\"width: 189px;\" width=\"151\"><span style=\"font-size: 10pt;\">dimanche 26 juin 1932<\/span><\/td>\n<td style=\"width: 451px;\" width=\"443\"><span style=\"font-size: 10pt;\">Visite organis\u00e9e par le Parti socialiste (secteur de Montreuil)<\/span><\/td>\n<\/tr>\n<tr>\n<td style=\"width: 189px;\" width=\"151\"><span style=\"font-size: 10pt;\">samedi 23 juin 1934<\/span><\/td>\n<td style=\"width: 451px;\" width=\"443\"><span style=\"font-size: 10pt;\">R\u00e9citation po\u00e9tique (G\u00e9nie fran\u00e7ais)<\/span><\/td>\n<\/tr>\n<tr>\n<td style=\"width: 189px;\" width=\"151\"><span style=\"font-size: 10pt;\">dimanche 23 juin 1935<\/span><\/td>\n<td style=\"width: 451px;\" width=\"443\"><span style=\"font-size: 10pt;\">F\u00eate de la Po\u00e9sie et hommage \u00e0 Victor Hugo (G\u00e9nie Fran\u00e7ais)<\/span><\/td>\n<\/tr>\n<tr>\n<td style=\"width: 189px;\" width=\"151\"><span style=\"font-size: 10pt;\">dimanche 5 juillet 1936<\/span><\/td>\n<td style=\"width: 451px;\" width=\"443\"><span style=\"font-size: 10pt;\">Visite de la Roseraie et repr\u00e9sentation th\u00e9atrale (G\u00e9nie fran\u00e7ais)<\/span><\/td>\n<\/tr>\n<tr>\n<td style=\"width: 189px;\" width=\"151\"><span style=\"font-size: 10pt;\">samedi 11 juin 1938<\/span><\/td>\n<td style=\"width: 451px;\" width=\"443\"><span style=\"font-size: 10pt;\">Excursion p\u00e9destre &#8211; Touring-club-de-France<\/span><\/td>\n<\/tr>\n<tr>\n<td style=\"width: 189px;\" width=\"151\"><span style=\"font-size: 10pt;\">vendredi 21 ao\u00fbt 1942<\/span><\/td>\n<td style=\"width: 451px;\" width=\"443\"><span style=\"font-size: 10pt;\">C\u00e9l\u00e9bration des roses (Hubert Gravereaux)<\/span><\/td>\n<\/tr>\n<tr>\n<td style=\"width: 189px;\" width=\"151\"><span style=\"font-size: 10pt;\">samedi 29 janvier 1944<\/span><\/td>\n<td style=\"width: 451px;\" width=\"443\"><span style=\"font-size: 10pt;\">Centenaire de Jules Gravereaux<\/span><\/td>\n<\/tr>\n<tr>\n<td style=\"width: 189px;\" width=\"151\"><span style=\"font-size: 10pt;\">dimanche 18 juin 1944<\/span><\/td>\n<td style=\"width: 451px;\" width=\"443\"><span style=\"font-size: 10pt;\">Hommage au po\u00e8te Hubert Gravereaux<\/span><\/td>\n<\/tr>\n<tr>\n<td style=\"width: 189px;\" width=\"151\"><span style=\"font-size: 10pt;\">vendredi 10 juin 1949<\/span><\/td>\n<td style=\"width: 451px;\" width=\"443\"><span style=\"font-size: 10pt;\">Lancement du parfum Rose, de Rochas<\/span><\/td>\n<\/tr>\n<tr>\n<td style=\"width: 189px;\" width=\"151\"><span style=\"font-size: 10pt;\">samedi 27 mai 1950<\/span><\/td>\n<td style=\"width: 451px;\" width=\"443\"><span style=\"font-size: 10pt;\">Ouverture roseraie<\/span><\/td>\n<\/tr>\n<tr>\n<td style=\"width: 189px;\" width=\"151\"><span style=\"font-size: 10pt;\">mercredi 27 mai 1953<\/span><\/td>\n<td style=\"width: 451px;\" width=\"443\"><span style=\"font-size: 10pt;\">Concert-promenade du Rotary International<\/span><\/td>\n<\/tr>\n<tr>\n<td style=\"width: 189px;\" width=\"151\"><span style=\"font-size: 10pt;\">samedi 9 juin 1956<\/span><\/td>\n<td style=\"width: 451px;\" width=\"443\"><span style=\"font-size: 10pt;\">Visite de la Roseraie (Invitation)<\/span><\/td>\n<\/tr>\n<tr>\n<td style=\"width: 189px;\" width=\"151\"><span style=\"font-size: 10pt;\">samedi 10 juin 1961<\/span><\/td>\n<td style=\"width: 451px;\" width=\"443\"><span style=\"font-size: 10pt;\">Visite de la Roseraie (Invitation)<\/span><\/td>\n<\/tr>\n<tr>\n<td style=\"width: 189px;\" width=\"151\"><span style=\"font-size: 10pt;\">mercredi 15 juin 1966<\/span><\/td>\n<td style=\"width: 451px;\" width=\"443\"><span style=\"font-size: 10pt;\">Visite de la Roseraie (Invitation)<\/span><\/td>\n<\/tr>\n<tr>\n<td style=\"width: 189px;\" width=\"151\"><span style=\"font-size: 10pt;\">samedi 24 mai 1969<\/span><\/td>\n<td style=\"width: 451px;\" rowspan=\"2\" width=\"443\"><span style=\"font-size: 10pt;\">F\u00eate de la F\u00e9d\u00e9ration nationale des anciens combattants<\/span><br \/>\n<span style=\"font-size: 10pt;\">&nbsp;d&rsquo;Alg\u00e9rie-Maroc-Tunisie<\/span><\/td>\n<\/tr>\n<tr>\n<td style=\"width: 189px;\" width=\"151\"><span style=\"font-size: 10pt;\">dimanche 25 mai 1969<\/span><\/td>\n<\/tr>\n<tr>\n<td style=\"width: 189px;\" width=\"151\"><span style=\"font-size: 10pt;\">dimanche 10 ao\u00fbt 1986<\/span><\/td>\n<td style=\"width: 451px;\" width=\"443\"><span style=\"font-size: 10pt;\">Jour de f\u00eate \u00e0 l&rsquo;occasion du 50<sup>e<\/sup> anniversaire des cong\u00e9s pay\u00e9s<\/span><\/td>\n<\/tr>\n<tr>\n<td style=\"width: 189px;\" width=\"151\"><span style=\"font-size: 10pt;\">vendredi 3 juin 1994<\/span><\/td>\n<td style=\"width: 451px;\" width=\"443\"><span style=\"font-size: 10pt;\">Retrouvailles Gravereaux<\/span><\/td>\n<\/tr>\n<tr>\n<td style=\"width: 189px;\" width=\"151\"><span style=\"font-size: 10pt;\">samedi 11 juin 1994<\/span><\/td>\n<td style=\"width: 451px;\" width=\"443\"><span style=\"font-size: 10pt;\">18 ans de Sophie-Julie Gravereaux<\/span><\/td>\n<\/tr>\n<tr>\n<td style=\"width: 189px;\" width=\"151\"><span style=\"font-size: 10pt;\">vendredi 28 mai 2010<\/span><\/td>\n<td style=\"width: 451px;\" width=\"443\"><span style=\"font-size: 10pt;\">Cousinade Gravereaux<\/span><\/td>\n<\/tr>\n<tr>\n<td style=\"width: 189px;\" width=\"151\"><span style=\"font-size: 10pt;\">samedi 24 mai 2014<\/span><\/td>\n<td style=\"width: 451px;\" width=\"443\"><span style=\"font-size: 10pt;\">100<sup>e<\/sup> anniversaire du changement de nom de la municipalit\u00e9<\/span><\/td>\n<\/tr>\n<tr>\n<td style=\"width: 189px;\" width=\"151\"><span style=\"font-size: 10pt;\">samedi 28 mai 2016<\/span><\/td>\n<td style=\"width: 451px;\" width=\"443\"><span style=\"font-size: 10pt;\">Centenaire du d\u00e9c\u00e8s de Jules Gravereaux<\/span><\/td>\n<\/tr>\n<tr>\n<td style=\"width: 189px;\" width=\"151\"><span style=\"font-size: 10pt;\">jeudi 14 juin 2018<\/span><\/td>\n<td style=\"width: 451px;\" width=\"443\"><span style=\"font-size: 10pt;\">Visite de l&rsquo;ambassadeur de Bulgarie<\/span><\/td>\n<\/tr>\n<tr>\n<td style=\"width: 189px;\" width=\"151\"><span style=\"font-size: 10pt;\">samedi 18 mai 2019<\/span><\/td>\n<td style=\"width: 451px;\" width=\"443\"><span style=\"font-size: 10pt;\">Mariage de Maxime Cl\u00e9ment et Aur\u00e9lie Gravereaux<\/span><\/td>\n<\/tr>\n<\/tbody>\n<\/table>\n<p><span style=\"font-size: 12pt; font-family: georgia, palatino, serif;\">Comme le montre le tableau, plusieurs descendants de Jules Gravereaux ont \u00e9t\u00e9 au c\u0153ur de ces f\u00eates&nbsp;:<\/span><\/p>\n<p><span style=\"font-size: 10pt; font-family: verdana, geneva, sans-serif;\">Annette&nbsp;&nbsp;&nbsp;&nbsp;&nbsp;&nbsp;&nbsp;&nbsp;&nbsp;&nbsp;&nbsp;&nbsp;&nbsp;&nbsp; petite-fille (Jules &#8211; Henri &#8211; Annette)<\/span><\/p>\n<p><span style=\"font-size: 10pt; font-family: verdana, geneva, sans-serif;\">Aur\u00e9lie&nbsp;&nbsp;&nbsp;&nbsp;&nbsp;&nbsp;&nbsp;&nbsp;&nbsp;&nbsp;&nbsp;&nbsp;&nbsp;&nbsp;&nbsp; arri\u00e8re-arri\u00e8re-petite-fille (Jules &#8211; Ren\u00e9 &#8211; Philippe &#8211; Robert &#8211; Aur\u00e9lie)<\/span><\/p>\n<p><span style=\"font-size: 10pt; font-family: verdana, geneva, sans-serif;\">Fran\u00e7ois Ballu&nbsp;&nbsp;&nbsp;&nbsp; petit-fils (Jules &#8211; Am\u00e9lie &#8211; Fran\u00e7ois)<\/span><\/p>\n<p><span style=\"font-size: 10pt; font-family: verdana, geneva, sans-serif;\">G\u00e9rard&nbsp;&nbsp;&nbsp;&nbsp;&nbsp;&nbsp;&nbsp;&nbsp;&nbsp;&nbsp;&nbsp;&nbsp;&nbsp;&nbsp;&nbsp; petit-fils (Jules &#8211; Ren\u00e9 &#8211; G\u00e9rard)<\/span><\/p>\n<p><span style=\"font-size: 10pt; font-family: verdana, geneva, sans-serif;\">H\u00e9l\u00e8ne Ballu&nbsp;&nbsp;&nbsp;&nbsp;&nbsp;&nbsp; petite-fille (Jules &#8211; Am\u00e9lie &#8211; H\u00e9l\u00e8ne)<\/span><\/p>\n<p><span style=\"font-size: 10pt; font-family: verdana, geneva, sans-serif;\">Hubert&nbsp;&nbsp;&nbsp;&nbsp;&nbsp;&nbsp;&nbsp;&nbsp;&nbsp;&nbsp;&nbsp;&nbsp;&nbsp;&nbsp;&nbsp; petit-fils (Jules &#8211; Henri &#8211; Hubert)<\/span><\/p>\n<p><span style=\"font-size: 10pt; font-family: verdana, geneva, sans-serif;\">Philippe&nbsp;&nbsp;&nbsp;&nbsp;&nbsp;&nbsp;&nbsp;&nbsp;&nbsp;&nbsp;&nbsp;&nbsp;&nbsp;&nbsp; petit-fils (Jules &#8211; Ren\u00e9 &#8211; Philippe)<\/span><\/p>\n<p><span style=\"font-size: 10pt; font-family: verdana, geneva, sans-serif;\">Sophie-Julie&nbsp;&nbsp;&nbsp;&nbsp;&nbsp;&nbsp;&nbsp; arri\u00e8re-arri\u00e8re-petite-fille (Jules &#8211; Henri \u2013 Didier &#8211; Nicolas &#8211; Sophie-Julie)<\/span><\/p>\n<p><span style=\"font-size: 10pt; font-family: verdana, geneva, sans-serif;\">Suzanne&nbsp;&nbsp;&nbsp;&nbsp;&nbsp;&nbsp;&nbsp;&nbsp;&nbsp;&nbsp;&nbsp;&nbsp; petite-fille (Jules &#8211; Ren\u00e9 &#8211; Suzanne)<\/span><\/p>\n<p><a href=\"https:\/\/i0.wp.com\/marret.co\/wp-content\/uploads\/2015\/10\/File0032a.jpg\" rel=\"attachment wp-att-122\"><img data-recalc-dims=\"1\" loading=\"lazy\" decoding=\"async\" data-attachment-id=\"122\" data-permalink=\"https:\/\/lesgravereaux.marret.co\/index.php\/etablissement-gravereaux\/file0032a\/\" data-orig-file=\"https:\/\/i0.wp.com\/lesgravereaux.marret.co\/wp-content\/uploads\/2015\/10\/File0032a.jpg?fit=352%2C314&amp;ssl=1\" data-orig-size=\"352,314\" data-comments-opened=\"1\" data-image-meta=\"{&quot;aperture&quot;:&quot;0&quot;,&quot;credit&quot;:&quot;&quot;,&quot;camera&quot;:&quot;&quot;,&quot;caption&quot;:&quot;&quot;,&quot;created_timestamp&quot;:&quot;0&quot;,&quot;copyright&quot;:&quot;&quot;,&quot;focal_length&quot;:&quot;0&quot;,&quot;iso&quot;:&quot;0&quot;,&quot;shutter_speed&quot;:&quot;0&quot;,&quot;title&quot;:&quot;&quot;,&quot;orientation&quot;:&quot;1&quot;}\" data-image-title=\"File0032a\" data-image-description=\"\" data-image-caption=\"\" data-medium-file=\"https:\/\/i0.wp.com\/lesgravereaux.marret.co\/wp-content\/uploads\/2015\/10\/File0032a.jpg?fit=300%2C268&amp;ssl=1\" data-large-file=\"https:\/\/i0.wp.com\/lesgravereaux.marret.co\/wp-content\/uploads\/2015\/10\/File0032a.jpg?fit=352%2C314&amp;ssl=1\" class=\"wp-image-122 aligncenter\" src=\"https:\/\/i0.wp.com\/marret.co\/wp-content\/uploads\/2015\/10\/File0032a.jpg?resize=118%2C105\" alt=\"File0032a\" width=\"118\" height=\"105\" data-wp-pid=\"122\" srcset=\"https:\/\/i0.wp.com\/lesgravereaux.marret.co\/wp-content\/uploads\/2015\/10\/File0032a.jpg?w=352&amp;ssl=1 352w, https:\/\/i0.wp.com\/lesgravereaux.marret.co\/wp-content\/uploads\/2015\/10\/File0032a.jpg?resize=300%2C268&amp;ssl=1 300w\" sizes=\"auto, (max-width: 118px) 100vw, 118px\" \/><\/a><\/p>\n","protected":false},"excerpt":{"rendered":"<p>Jules Gravereaux aimait recevoir, non seulement sa famille, mais aussi les membres de nombreuses associations auxquelles il ouvrit la porte du domaine de L&rsquo;Ha\u00ff, pour une simple visite de la roseraie ou pour un spectacle au th\u00e9\u00e2tre de&nbsp;verdure. Bien qu&rsquo;incomplet, &hellip; <a href=\"https:\/\/lesgravereaux.marret.co\/index.php\/571-2\/\">Continuer la lecture <span class=\"meta-nav\">&rarr;<\/span><\/a><\/p>\n","protected":false},"author":1,"featured_media":0,"parent":0,"menu_order":0,"comment_status":"closed","ping_status":"closed","template":"","meta":{"ngg_post_thumbnail":0,"jetpack_post_was_ever_published":false,"footnotes":""},"class_list":["post-571","page","type-page","status-publish","hentry"],"jetpack_sharing_enabled":true,"jetpack_shortlink":"https:\/\/wp.me\/P7ERyi-9d","jetpack-related-posts":[{"id":2065,"url":"https:\/\/lesgravereaux.marret.co\/index.php\/jules-gravereaux\/1294-2\/des-roses\/","url_meta":{"origin":571,"position":0},"title":"Des roses","author":"marretgravereaux","date":"26 avril 2016","format":false,"excerpt":"Dans sa roseraie de L\u2019Ha\u00ff, Jules Gravereaux a cr\u00e9\u00e9, par hybridation, plus d\u2019une centaine de roses. Il toucha \u00e0 des esp\u00e8ces ou \u00e0 des groupes divers (hybrides de\u00a0lutea, de\u00a0microphylla, de\u00a0wichura, hybrides remontants ou hybrides de th\u00e9, ...), mais c\u2019est surtout gr\u00e2ce aux hybrides de\u00a0rugosa\u00a0qu\u2019il se fit conna\u00eetre. Parmi les autres\u2026","rel":"","context":"Article similaire","block_context":{"text":"Article similaire","link":""},"img":{"alt_text":"031\u00a9 47 ROSERAIE DE L'HAY - Le Jardin d'essai_wp","src":"https:\/\/i0.wp.com\/lesgravereaux.marret.co\/wp-content\/uploads\/2016\/04\/031%C2%A9-47-ROSERAIE-DE-LHAY-Le-Jardin-dessai_wp.jpg?resize=350%2C200","width":350,"height":200},"classes":[]},{"id":3326,"url":"https:\/\/lesgravereaux.marret.co\/index.php\/571-2\/la-journee-de-jules-gravereaux\/","url_meta":{"origin":571,"position":1},"title":"28 mai 2016 &#8211; La journ\u00e9e de Jules Gravereaux","author":"marretgravereaux","date":"10 juin 2016","format":false,"excerpt":"La ville de L'Ha\u00ff-les-Roses, les associations locales et la famille Gravereaux avaient d\u00e9cid\u00e9 de souligner le centenaire du d\u00e9c\u00e8s de Jules Gravereaux en organisant des activit\u00e9s le 18 mai 2016\u2026 Nathalie Ferrand, auteur du livre \u00ab\u00a0Cr\u00e9ateur de roses\u00a0\u00bb a prononc\u00e9 une conf\u00e9rence sur le th\u00e8me \u00ab\u00a0Rayonnement de Jules Gravereaux en\u2026","rel":"","context":"Dans &quot;Jules Gravereaux&quot;","block_context":{"text":"Jules Gravereaux","link":"https:\/\/lesgravereaux.marret.co\/index.php\/category\/jules-gravereaux\/"},"img":{"alt_text":"File0032a","src":"https:\/\/i0.wp.com\/lesgravereaux.marret.co\/wp-content\/uploads\/2015\/10\/File0032a.jpg?resize=350%2C200","width":350,"height":200},"classes":[]},{"id":581,"url":"https:\/\/lesgravereaux.marret.co\/index.php\/jules-gravereaux\/portraits-de-jules-gravereaux\/le-buste-de-jules-gravereaux\/le-buste-de-jules-gravereaux-sa-renaissance\/","url_meta":{"origin":571,"position":2},"title":"Le buste de Jules Gravereaux &#8211; sa renaissance","author":"marretgravereaux","date":"7 mars 2016","format":false,"excerpt":"Petite histoire du buste... par\u00a0Jean-Gilles Engerrand ancien pr\u00e9sident des Amis du vieux L'Ha\u00ff Photos\u00a0: Association des Amis du Vieux L'Ha\u00ff \u00ab\u00a0\u00c0 l'origine, le buste de Jules Gravereaux se trouvait sur une st\u00e8le au fond de ce que l'on nomme aujourd'hui le parking du square Allende. \u00c0 cet endroit, tous les\u2026","rel":"","context":"Article similaire","block_context":{"text":"Article similaire","link":""},"img":{"alt_text":"1914 Carillon, Rene - Buste de Jules Gravereaux avant restauration_wp","src":"https:\/\/i0.wp.com\/marret.co\/wp-content\/uploads\/2016\/03\/1914-Carillon-Rene-Buste-de-Jules-Gravereaux-avant-restauration_wp.jpg?resize=350%2C200","width":350,"height":200},"classes":[]},{"id":577,"url":"https:\/\/lesgravereaux.marret.co\/index.php\/jules-gravereaux\/portraits-de-jules-gravereaux\/le-buste-de-jules-gravereaux\/","url_meta":{"origin":571,"position":3},"title":"Le buste de Jules Gravereaux","author":"marretgravereaux","date":"7 mars 2016","format":false,"excerpt":"En 1914, le sculpteur Carillon ex\u00e9cutait un buste de Jules Gravereaux... Pr\u00e9sent\u00e9 au Salon des artistes fran\u00e7ais de cette ann\u00e9e-l\u00e0, il y fut remarqu\u00e9, comme le souligne Lucien Klotz, critique \u00e0 La Presse\u00a0: \u00ab\u00a0M. Carion a expos\u00e9 le buste de M. Gravereaux, propri\u00e9taire de la roseraie L'Hay, le plus beau\u2026","rel":"","context":"Article similaire","block_context":{"text":"Article similaire","link":""},"img":{"alt_text":"1914 Carillon, Rene - Buste de Jules Gravereaux 2_wp","src":"https:\/\/i0.wp.com\/marret.co\/wp-content\/uploads\/2016\/03\/1914-Carillon-Rene-Buste-de-Jules-Gravereaux-2_wp-846x1024.jpg?resize=350%2C200","width":350,"height":200},"classes":[]},{"id":1523,"url":"https:\/\/lesgravereaux.marret.co\/index.php\/liens-utiles\/","url_meta":{"origin":571,"position":4},"title":"Liens utiles","author":"marretgravereaux","date":"10 avril 2016","format":false,"excerpt":"Les liens pour :\u00a0-\u00a0La famille Gravereaux -\u00a0Jules Gravereaux - Denis Gravereaux\u00a0-\u00a0Sylvie de Beco\u00a0-\u00a0Jean-Claude Pascal - La roseraie de l'Ha\u00ff -\u00a0Les \u00c9tablissements Gravereaux\u00a0-\u00a0Associations et organismes \u00a0 \u00a0Jules Gravereaux Wikipedia - Jules Gravereaux \u00a0\u00a0 La roseraie de l'Ha\u00ff La Roseraie du Val-de-Marne Wikipedia - La Roseraie du Val-de-Marne HelpMeFind - Roseraie du\u2026","rel":"","context":"Article similaire","block_context":{"text":"Article similaire","link":""},"img":{"alt_text":"Roses de Malmaison - p01b_wp","src":"https:\/\/i0.wp.com\/lesgravereaux.marret.co\/wp-content\/uploads\/2016\/03\/Roses-de-Malmaison-p01b_wp.jpg?resize=350%2C200","width":350,"height":200},"classes":[]},{"id":1211,"url":"https:\/\/lesgravereaux.marret.co\/index.php\/jules-gravereaux\/jules-gravereaux-et-lhay-documents-et-references\/","url_meta":{"origin":571,"position":5},"title":"Jules Gravereaux et l&rsquo;Ha\u00ff &#8211; Documents et r\u00e9f\u00e9rences","author":"marretgravereaux","date":"18 mars 2016","format":false,"excerpt":"S\u2019il ne fallait mentionner qu\u2019un ouvrage \u00e0 lire pour conna\u00eetre l\u2019histoire de Jules Gravereaux et de la roseraie de L\u2019Ha\u00ff, ce serait certainement celui de Nadine Villalobos\u00a0: Floril\u00e8ge, la roseraie du Val-de-Marne \u00e0 L\u2019Ha\u00ff-les-Roses. Villa-Lobos, Nadine et B\u00e9atrice Pichon-Clarisse. Floril\u00e8ge \u00e0 L'Ha\u00ff-les-Roses - La roseraie du Val-de-Marne. Imprimerie Nationale, 2006.\u2026","rel":"","context":"Article similaire","block_context":{"text":"Article similaire","link":""},"img":{"alt_text":"Florilege c0_wp","src":"https:\/\/i0.wp.com\/marret.co\/wp-content\/uploads\/2016\/03\/Florilege-c0_wp-899x1024.jpg?resize=350%2C200","width":350,"height":200},"classes":[]}],"_links":{"self":[{"href":"https:\/\/lesgravereaux.marret.co\/index.php\/wp-json\/wp\/v2\/pages\/571","targetHints":{"allow":["GET"]}}],"collection":[{"href":"https:\/\/lesgravereaux.marret.co\/index.php\/wp-json\/wp\/v2\/pages"}],"about":[{"href":"https:\/\/lesgravereaux.marret.co\/index.php\/wp-json\/wp\/v2\/types\/page"}],"author":[{"embeddable":true,"href":"https:\/\/lesgravereaux.marret.co\/index.php\/wp-json\/wp\/v2\/users\/1"}],"replies":[{"embeddable":true,"href":"https:\/\/lesgravereaux.marret.co\/index.php\/wp-json\/wp\/v2\/comments?post=571"}],"version-history":[{"count":4,"href":"https:\/\/lesgravereaux.marret.co\/index.php\/wp-json\/wp\/v2\/pages\/571\/revisions"}],"predecessor-version":[{"id":23225,"href":"https:\/\/lesgravereaux.marret.co\/index.php\/wp-json\/wp\/v2\/pages\/571\/revisions\/23225"}],"wp:attachment":[{"href":"https:\/\/lesgravereaux.marret.co\/index.php\/wp-json\/wp\/v2\/media?parent=571"}],"curies":[{"name":"wp","href":"https:\/\/api.w.org\/{rel}","templated":true}]}}