{"id":4514,"date":"2016-07-13T15:55:42","date_gmt":"2016-07-13T14:55:42","guid":{"rendered":"http:\/\/lesgravereaux.marret.co\/?page_id=4514"},"modified":"2016-07-13T15:56:29","modified_gmt":"2016-07-13T14:56:29","slug":"1961-etablissements-gravereaux-et-produits-de-luxe","status":"publish","type":"page","link":"https:\/\/lesgravereaux.marret.co\/index.php\/les-etablissements-gravereaux\/les-etablissements-gravereaux-dans-la-presse\/1961-etablissements-gravereaux-et-produits-de-luxe\/","title":{"rendered":"1961 &#8211; \u00c9tablissements Gravereaux et produits de luxe"},"content":{"rendered":"<p><a href=\"https:\/\/i0.wp.com\/lesgravereaux.marret.co\/wp-content\/uploads\/2016\/07\/1961-10-Vetir-p41_wp.jpg?ssl=1\"><img data-recalc-dims=\"1\" loading=\"lazy\" decoding=\"async\" data-attachment-id=\"4520\" data-permalink=\"https:\/\/lesgravereaux.marret.co\/index.php\/les-etablissements-gravereaux\/les-etablissements-gravereaux-dans-la-presse\/1961-etablissements-gravereaux-et-produits-de-luxe\/1961-10-vetir-p41_wp\/\" data-orig-file=\"https:\/\/i0.wp.com\/lesgravereaux.marret.co\/wp-content\/uploads\/2016\/07\/1961-10-Vetir-p41_wp.jpg?fit=900%2C1181&amp;ssl=1\" data-orig-size=\"900,1181\" data-comments-opened=\"1\" data-image-meta=\"{&quot;aperture&quot;:&quot;0&quot;,&quot;credit&quot;:&quot;&quot;,&quot;camera&quot;:&quot;&quot;,&quot;caption&quot;:&quot;&quot;,&quot;created_timestamp&quot;:&quot;0&quot;,&quot;copyright&quot;:&quot;&quot;,&quot;focal_length&quot;:&quot;0&quot;,&quot;iso&quot;:&quot;0&quot;,&quot;shutter_speed&quot;:&quot;0&quot;,&quot;title&quot;:&quot;&quot;,&quot;orientation&quot;:&quot;1&quot;}\" data-image-title=\"1961-10 Vetir p41_wp\" data-image-description=\"\" data-image-caption=\"\" data-medium-file=\"https:\/\/i0.wp.com\/lesgravereaux.marret.co\/wp-content\/uploads\/2016\/07\/1961-10-Vetir-p41_wp.jpg?fit=229%2C300&amp;ssl=1\" data-large-file=\"https:\/\/i0.wp.com\/lesgravereaux.marret.co\/wp-content\/uploads\/2016\/07\/1961-10-Vetir-p41_wp.jpg?fit=640%2C840&amp;ssl=1\" class=\"wp-image-4520 alignright\" src=\"https:\/\/i0.wp.com\/lesgravereaux.marret.co\/wp-content\/uploads\/2016\/07\/1961-10-Vetir-p41_wp.jpg?resize=303%2C398&#038;ssl=1\" alt=\"1961-10 Vetir p41_wp\" width=\"303\" height=\"398\" data-wp-pid=\"4520\" srcset=\"https:\/\/i0.wp.com\/lesgravereaux.marret.co\/wp-content\/uploads\/2016\/07\/1961-10-Vetir-p41_wp.jpg?resize=780%2C1024&amp;ssl=1 780w, https:\/\/i0.wp.com\/lesgravereaux.marret.co\/wp-content\/uploads\/2016\/07\/1961-10-Vetir-p41_wp.jpg?resize=229%2C300&amp;ssl=1 229w, https:\/\/i0.wp.com\/lesgravereaux.marret.co\/wp-content\/uploads\/2016\/07\/1961-10-Vetir-p41_wp.jpg?resize=768%2C1008&amp;ssl=1 768w, https:\/\/i0.wp.com\/lesgravereaux.marret.co\/wp-content\/uploads\/2016\/07\/1961-10-Vetir-p41_wp.jpg?resize=800%2C1050&amp;ssl=1 800w, https:\/\/i0.wp.com\/lesgravereaux.marret.co\/wp-content\/uploads\/2016\/07\/1961-10-Vetir-p41_wp.jpg?resize=457%2C600&amp;ssl=1 457w, https:\/\/i0.wp.com\/lesgravereaux.marret.co\/wp-content\/uploads\/2016\/07\/1961-10-Vetir-p41_wp.jpg?w=900&amp;ssl=1 900w\" sizes=\"auto, (max-width: 303px) 100vw, 303px\" \/><\/a><a href=\"https:\/\/lesgravereaux.marret.co\/wp-content\/uploads\/2016\/07\/1961-10-Vetir-c0_wp.jpg\"><br \/>\n<\/a><\/p>\n<p>Les \u00c9tablissements Gravereaux ont toujours \u00e9t\u00e9 r\u00e9put\u00e9s pour fabriquer des produits d&rsquo;excellente qualit\u00e9, voire de luxe. Dans un article publi\u00e9 en octobre 1961, la revue <em>V\u00eatir<\/em> s&rsquo;int\u00e9resse \u00e0 ce type de fabrication et publie un reportage r\u00e9dig\u00e9 \u00e2 partir des visites de plusieurs usines de cette Maison, \u00e0 Boulogne-sur-Seine, \u00e0 Argenton-sur-Creuse ou \u00e0 Saint-Gaultier.<\/p>\n<p>L&rsquo;article complet, en version PDF :<br \/>\n<a href=\"https:\/\/lesgravereaux.marret.co\/wp-content\/uploads\/2016\/07\/1961-10-Vetir.pdf\">1961-10 Vetir<\/a><\/p>\n<p>&nbsp;<\/p>\n<p>&nbsp;<\/p>\n","protected":false},"excerpt":{"rendered":"<p>Les \u00c9tablissements Gravereaux ont toujours \u00e9t\u00e9 r\u00e9put\u00e9s pour fabriquer des produits d&rsquo;excellente qualit\u00e9, voire de luxe. Dans un article publi\u00e9 en octobre 1961, la revue V\u00eatir s&rsquo;int\u00e9resse \u00e0 ce type de fabrication et publie un reportage r\u00e9dig\u00e9 \u00e2 partir des &hellip; <a href=\"https:\/\/lesgravereaux.marret.co\/index.php\/les-etablissements-gravereaux\/les-etablissements-gravereaux-dans-la-presse\/1961-etablissements-gravereaux-et-produits-de-luxe\/\">Continuer la lecture <span class=\"meta-nav\">&rarr;<\/span><\/a><\/p>\n","protected":false},"author":1,"featured_media":0,"parent":4497,"menu_order":0,"comment_status":"closed","ping_status":"closed","template":"","meta":{"ngg_post_thumbnail":0,"jetpack_post_was_ever_published":false,"footnotes":""},"class_list":["post-4514","page","type-page","status-publish","hentry"],"jetpack_sharing_enabled":true,"jetpack_shortlink":"https:\/\/wp.me\/P7ERyi-1aO","jetpack-related-posts":[{"id":4497,"url":"https:\/\/lesgravereaux.marret.co\/index.php\/les-etablissements-gravereaux\/les-etablissements-gravereaux-dans-la-presse\/","url_meta":{"origin":4514,"position":0},"title":"Les \u00c9tablissements Gravereaux&#8230; dans la presse","author":"marretgravereaux","date":"12 juillet 2016","format":false,"excerpt":"Au cours de son demi-si\u00e8cle d'existence, la Maison Gravereaux a fait l'objet de plusieurs reportages dans la presse \u00e9crite ou audiovisuelle. Les plus importants sont indiqu\u00e9s ci-apr\u00e8s; la liste\u00a0est certainement incompl\u00e8te et le lecteur est invit\u00e9 \u00e0 communiquer avec l'\u00e9dimestre responsable de ce site pour lui en sugg\u00e9rer d'autres. 1938,\u2026","rel":"","context":"Article similaire","block_context":{"text":"Article similaire","link":""},"img":{"alt_text":"","src":"","width":0,"height":0},"classes":[]},{"id":4506,"url":"https:\/\/lesgravereaux.marret.co\/index.php\/les-etablissements-gravereaux\/les-etablissements-gravereaux-dans-la-presse\/visite-a-lusine-triplefil\/","url_meta":{"origin":4514,"position":1},"title":"Visite \u00e0 l&rsquo;usine Triplefil","author":"marretgravereaux","date":"12 juillet 2016","format":false,"excerpt":"\u00a0 Dans les ann\u00e9es 1960, une revue - probablement V\u00eatir - juge opportun de publier un reportage sur la fabrication des chemises et d\u00e9cide de le faire dans l'usine des \u00c9tablissements Gravereaux \u00e0 Argenton-sur-Creuse. \u00a0 L'article complet, en version PDF\u00a0: 196x Vetir - Visite usine \u00a0","rel":"","context":"Article similaire","block_context":{"text":"Article similaire","link":""},"img":{"alt_text":"Visite \u00e0 l'usine Triplefil p64_wp","src":"https:\/\/i0.wp.com\/lesgravereaux.marret.co\/wp-content\/uploads\/2016\/07\/Visite-%C3%A0-lusine-Triplefil-p64_wp-799x1024.jpg?resize=350%2C200","width":350,"height":200},"classes":[]},{"id":5275,"url":"https:\/\/lesgravereaux.marret.co\/index.php\/les-etablissements-gravereaux\/les-produits-des-etablissements-gravereaux\/le-catalogue-rg-vers-1931\/","url_meta":{"origin":4514,"position":2},"title":"Le catalogue RG (vers 1933)","author":"marretgravereaux","date":"20 avril 2017","format":false,"excerpt":"Au d\u00e9but des ann\u00e9es 1930, les \u00c9tablissements Gravereaux connaissent une p\u00e9riode faste. Comptant plus de 250\u00a0employ\u00e9s, l\u2019usine de Boulogne se consacre \u00e0 la fabrication des articles de chemiserie et de lingerie, alors que la production des \u00e9quipements militaires et de protection a \u00e9t\u00e9 regroup\u00e9e dans le Puy-de-D\u00f4me, aux usines de\u2026","rel":"","context":"Article similaire","block_context":{"text":"Article similaire","link":""},"img":{"alt_text":"","src":"","width":0,"height":0},"classes":[]},{"id":2832,"url":"https:\/\/lesgravereaux.marret.co\/index.php\/les-etablissements-gravereaux\/argenton-la-sogec\/","url_meta":{"origin":4514,"position":3},"title":"Argenton &#8211; La SOGEC","author":"marretgravereaux","date":"20 mai 2016","format":false,"excerpt":"ou les \u00c9tablissements Gravereaux dans la Creuse Les \u00c9tablissements Gravereaux faisaient affaire, d\u00e8s 1930, avec un fa\u00e7onnier, propri\u00e9taire de deux ateliers, \u00e0 Argenton et \u00e0 Levroux. En 1940, pr\u00e9voyant l\u2019arriv\u00e9e des Allemands en r\u00e9gion parisienne, Ren\u00e9 Gravereaux d\u00e9cide de transf\u00e9rer les produits finis et les tissus de l\u2019usine de Boulogne-sur-Seine\u2026","rel":"","context":"Article similaire","block_context":{"text":"Article similaire","link":""},"img":{"alt_text":"","src":"https:\/\/i0.wp.com\/lesgravereaux.marret.co\/wp-content\/uploads\/2017\/06\/Argenton-et-la-Creuse-01.jpg?resize=350%2C200","width":350,"height":200},"classes":[]},{"id":2693,"url":"https:\/\/lesgravereaux.marret.co\/index.php\/les-etablissements-gravereaux\/les-produits-des-etablissements-gravereaux\/les-cols-triplefil\/","url_meta":{"origin":4514,"position":4},"title":"Les cols Triplefil","author":"marretgravereaux","date":"16 mai 2016","format":false,"excerpt":"D\u00e8s le d\u00e9but de son existence, la Maison Gravereaux\u00a0attribue un nom \u00e0 ses produits; c\u2019est ainsi que l\u2019on trouve, dans son premier catalogue publi\u00e9 en\u00a01910, un faux-col dur Ren\u00e9, des manchettes Alvarez, un faux-col mou Match, un faux-col pour femme Josette, un faux-col pour enfant G\u00e9rard ou un plastron Marchand\u2026\u2026","rel":"","context":"Article similaire","block_context":{"text":"Article similaire","link":""},"img":{"alt_text":"1910 EtsGr - Cat p11a_wp","src":"https:\/\/i0.wp.com\/lesgravereaux.marret.co\/wp-content\/uploads\/2016\/05\/1910-EtsGr-Cat-p11a_wp.jpg?resize=350%2C200","width":350,"height":200},"classes":[]},{"id":2727,"url":"https:\/\/lesgravereaux.marret.co\/index.php\/les-etablissements-gravereaux\/les-produits-des-etablissements-gravereaux\/les-cols-van-heusen\/","url_meta":{"origin":4514,"position":5},"title":"Les cols Van Heusen","author":"marretgravereaux","date":"16 mai 2016","format":false,"excerpt":"En 1928, la Maison Gravereaux lance la marque Triplefil pour ses cols et ses chemises. En m\u00eame temps, elle obtient une licence exclusive pour fabriquer et vendre en France les cols Van Heusen, d\u2019origine am\u00e9ricaine, mais d\u00e9j\u00e0 commercialis\u00e9s en Angleterre par la maison Harding, Tilton & Hartley. Le col Van\u2026","rel":"","context":"Article similaire","block_context":{"text":"Article similaire","link":""},"img":{"alt_text":"Van Heusen Col semi-dur 1_wp","src":"https:\/\/i0.wp.com\/lesgravereaux.marret.co\/wp-content\/uploads\/2016\/05\/Van-Heusen-Col-semi-dur-1_wp.jpg?resize=350%2C200","width":350,"height":200,"srcset":"https:\/\/i0.wp.com\/lesgravereaux.marret.co\/wp-content\/uploads\/2016\/05\/Van-Heusen-Col-semi-dur-1_wp.jpg?resize=350%2C200 1x, https:\/\/i0.wp.com\/lesgravereaux.marret.co\/wp-content\/uploads\/2016\/05\/Van-Heusen-Col-semi-dur-1_wp.jpg?resize=525%2C300 1.5x"},"classes":[]}],"_links":{"self":[{"href":"https:\/\/lesgravereaux.marret.co\/index.php\/wp-json\/wp\/v2\/pages\/4514","targetHints":{"allow":["GET"]}}],"collection":[{"href":"https:\/\/lesgravereaux.marret.co\/index.php\/wp-json\/wp\/v2\/pages"}],"about":[{"href":"https:\/\/lesgravereaux.marret.co\/index.php\/wp-json\/wp\/v2\/types\/page"}],"author":[{"embeddable":true,"href":"https:\/\/lesgravereaux.marret.co\/index.php\/wp-json\/wp\/v2\/users\/1"}],"replies":[{"embeddable":true,"href":"https:\/\/lesgravereaux.marret.co\/index.php\/wp-json\/wp\/v2\/comments?post=4514"}],"version-history":[{"count":0,"href":"https:\/\/lesgravereaux.marret.co\/index.php\/wp-json\/wp\/v2\/pages\/4514\/revisions"}],"up":[{"embeddable":true,"href":"https:\/\/lesgravereaux.marret.co\/index.php\/wp-json\/wp\/v2\/pages\/4497"}],"wp:attachment":[{"href":"https:\/\/lesgravereaux.marret.co\/index.php\/wp-json\/wp\/v2\/media?parent=4514"}],"curies":[{"name":"wp","href":"https:\/\/api.w.org\/{rel}","templated":true}]}}