{"id":3116,"date":"2016-05-25T02:37:28","date_gmt":"2016-05-25T01:37:28","guid":{"rendered":"http:\/\/lesgravereaux.marret.co\/?page_id=3116"},"modified":"2016-06-12T16:31:10","modified_gmt":"2016-06-12T15:31:10","slug":"les-produits-des-etablissements-gravereaux","status":"publish","type":"page","link":"https:\/\/lesgravereaux.marret.co\/index.php\/les-etablissements-gravereaux\/les-produits-des-etablissements-gravereaux\/","title":{"rendered":"Les produits des \u00c9tablissements Gravereaux"},"content":{"rendered":"<p><a href=\"https:\/\/i0.wp.com\/lesgravereaux.marret.co\/wp-content\/uploads\/2016\/05\/1910-EtsGr-Cat-p11a_wp.jpg?ssl=1\"><img data-recalc-dims=\"1\" loading=\"lazy\" decoding=\"async\" data-attachment-id=\"2650\" data-permalink=\"https:\/\/lesgravereaux.marret.co\/index.php\/les-etablissements-gravereaux\/les-produits-des-etablissements-gravereaux\/les-premiers-cols\/1910-etsgr-cat-p11a_wp\/\" data-orig-file=\"https:\/\/i0.wp.com\/lesgravereaux.marret.co\/wp-content\/uploads\/2016\/05\/1910-EtsGr-Cat-p11a_wp.jpg?fit=591%2C513&amp;ssl=1\" data-orig-size=\"591,513\" data-comments-opened=\"1\" data-image-meta=\"{&quot;aperture&quot;:&quot;0&quot;,&quot;credit&quot;:&quot;&quot;,&quot;camera&quot;:&quot;&quot;,&quot;caption&quot;:&quot;&quot;,&quot;created_timestamp&quot;:&quot;0&quot;,&quot;copyright&quot;:&quot;&quot;,&quot;focal_length&quot;:&quot;0&quot;,&quot;iso&quot;:&quot;0&quot;,&quot;shutter_speed&quot;:&quot;0&quot;,&quot;title&quot;:&quot;&quot;,&quot;orientation&quot;:&quot;1&quot;}\" data-image-title=\"1910 EtsGr &amp;#8211; Cat p11a_wp\" data-image-description=\"\" data-image-caption=\"\" data-medium-file=\"https:\/\/i0.wp.com\/lesgravereaux.marret.co\/wp-content\/uploads\/2016\/05\/1910-EtsGr-Cat-p11a_wp.jpg?fit=300%2C260&amp;ssl=1\" data-large-file=\"https:\/\/i0.wp.com\/lesgravereaux.marret.co\/wp-content\/uploads\/2016\/05\/1910-EtsGr-Cat-p11a_wp.jpg?fit=591%2C513&amp;ssl=1\" class=\"wp-image-2650 alignright\" src=\"https:\/\/i0.wp.com\/lesgravereaux.marret.co\/wp-content\/uploads\/2016\/05\/1910-EtsGr-Cat-p11a_wp.jpg?resize=112%2C97&#038;ssl=1\" alt=\"1910 EtsGr - Cat p11a_wp\" width=\"112\" height=\"97\" data-wp-pid=\"2650\" srcset=\"https:\/\/i0.wp.com\/lesgravereaux.marret.co\/wp-content\/uploads\/2016\/05\/1910-EtsGr-Cat-p11a_wp.jpg?w=591&amp;ssl=1 591w, https:\/\/i0.wp.com\/lesgravereaux.marret.co\/wp-content\/uploads\/2016\/05\/1910-EtsGr-Cat-p11a_wp.jpg?resize=300%2C260&amp;ssl=1 300w\" sizes=\"auto, (max-width: 112px) 100vw, 112px\" \/><\/a>Lorsqu\u2019en 1910 Ren\u00e9 Gravereaux s\u2019associe avec Gaston Chastel, c\u2019est pour cr\u00e9er une Manufacture de cols et manchettes, avec, pour objet la fabrication, le commerce et le blanchissage \u00e0 neuf de ces articles<\/p>\n<p><a href=\"https:\/\/i0.wp.com\/lesgravereaux.marret.co\/wp-content\/uploads\/2016\/03\/1934-Ets-Gravereaux-Masque-a-gaz-1-5a_wp.jpg?ssl=1\"><img data-recalc-dims=\"1\" loading=\"lazy\" decoding=\"async\" data-attachment-id=\"499\" data-permalink=\"https:\/\/lesgravereaux.marret.co\/index.php\/les-etablissements-gravereaux\/les-produits-des-etablissements-gravereaux\/1934-ets-gravereaux-masque-a-gaz-1-5a_wp\/\" data-orig-file=\"https:\/\/i0.wp.com\/lesgravereaux.marret.co\/wp-content\/uploads\/2016\/03\/1934-Ets-Gravereaux-Masque-a-gaz-1-5a_wp.jpg?fit=667%2C1102&amp;ssl=1\" data-orig-size=\"667,1102\" data-comments-opened=\"1\" data-image-meta=\"{&quot;aperture&quot;:&quot;2.8&quot;,&quot;credit&quot;:&quot;&quot;,&quot;camera&quot;:&quot;FinePix S602 ZOOM&quot;,&quot;caption&quot;:&quot;&quot;,&quot;created_timestamp&quot;:&quot;1134654808&quot;,&quot;copyright&quot;:&quot;&quot;,&quot;focal_length&quot;:&quot;13.9&quot;,&quot;iso&quot;:&quot;200&quot;,&quot;shutter_speed&quot;:&quot;0.016666666666667&quot;,&quot;title&quot;:&quot;&quot;,&quot;orientation&quot;:&quot;1&quot;}\" data-image-title=\"1934 Ets Gravereaux &amp;#8211; Masque a gaz 1-5a_wp\" data-image-description=\"\" data-image-caption=\"\" data-medium-file=\"https:\/\/i0.wp.com\/lesgravereaux.marret.co\/wp-content\/uploads\/2016\/03\/1934-Ets-Gravereaux-Masque-a-gaz-1-5a_wp.jpg?fit=182%2C300&amp;ssl=1\" data-large-file=\"https:\/\/i0.wp.com\/lesgravereaux.marret.co\/wp-content\/uploads\/2016\/03\/1934-Ets-Gravereaux-Masque-a-gaz-1-5a_wp.jpg?fit=620%2C1024&amp;ssl=1\" class=\"wp-image-499 alignleft\" src=\"https:\/\/i0.wp.com\/lesgravereaux.marret.co\/wp-content\/uploads\/2016\/03\/1934-Ets-Gravereaux-Masque-a-gaz-1-5a_wp.jpg?resize=69%2C114&#038;ssl=1\" alt=\"1934 Ets Gravereaux - Masque a gaz 1-5a_wp\" width=\"69\" height=\"114\" data-wp-pid=\"499\" srcset=\"https:\/\/i0.wp.com\/lesgravereaux.marret.co\/wp-content\/uploads\/2016\/03\/1934-Ets-Gravereaux-Masque-a-gaz-1-5a_wp.jpg?resize=620%2C1024&amp;ssl=1 620w, https:\/\/i0.wp.com\/lesgravereaux.marret.co\/wp-content\/uploads\/2016\/03\/1934-Ets-Gravereaux-Masque-a-gaz-1-5a_wp.jpg?resize=182%2C300&amp;ssl=1 182w, https:\/\/i0.wp.com\/lesgravereaux.marret.co\/wp-content\/uploads\/2016\/03\/1934-Ets-Gravereaux-Masque-a-gaz-1-5a_wp.jpg?resize=363%2C600&amp;ssl=1 363w, https:\/\/i0.wp.com\/lesgravereaux.marret.co\/wp-content\/uploads\/2016\/03\/1934-Ets-Gravereaux-Masque-a-gaz-1-5a_wp.jpg?w=667&amp;ssl=1 667w\" sizes=\"auto, (max-width: 69px) 100vw, 69px\" \/><\/a>La Premi\u00e8re Guerre mondiale am\u00e8ne la Maison Gravereaux \u00e0 se lancer dans la fabrication de masques \u00e0 gaz o\u00f9 elle r\u00e9ussit, gr\u00e2ce aux brevets qu\u2019elle a achet\u00e9s, \u00e0 se faire un nom dans le domaine et \u00e0 accumuler d\u2019importants b\u00e9n\u00e9fices.<\/p>\n<p><a href=\"https:\/\/i0.wp.com\/lesgravereaux.marret.co\/wp-content\/uploads\/2016\/05\/R-Gravereaux-Lettre-re%C3%A7u-a_wp.jpg?ssl=1\"><img data-recalc-dims=\"1\" loading=\"lazy\" decoding=\"async\" data-attachment-id=\"2681\" data-permalink=\"https:\/\/lesgravereaux.marret.co\/index.php\/les-etablissements-gravereaux\/les-produits-des-etablissements-gravereaux\/les-cols-triplefil\/r-gravereaux-lettre-recu-a_wp\/\" data-orig-file=\"https:\/\/i0.wp.com\/lesgravereaux.marret.co\/wp-content\/uploads\/2016\/05\/R-Gravereaux-Lettre-re%C3%A7u-a_wp.jpg?fit=218%2C295&amp;ssl=1\" data-orig-size=\"218,295\" data-comments-opened=\"1\" data-image-meta=\"{&quot;aperture&quot;:&quot;0&quot;,&quot;credit&quot;:&quot;&quot;,&quot;camera&quot;:&quot;&quot;,&quot;caption&quot;:&quot;&quot;,&quot;created_timestamp&quot;:&quot;0&quot;,&quot;copyright&quot;:&quot;&quot;,&quot;focal_length&quot;:&quot;0&quot;,&quot;iso&quot;:&quot;0&quot;,&quot;shutter_speed&quot;:&quot;0&quot;,&quot;title&quot;:&quot;&quot;,&quot;orientation&quot;:&quot;1&quot;}\" data-image-title=\"R Gravereaux &amp;#8211; Lettre-re\u00e7u a_wp\" data-image-description=\"\" data-image-caption=\"\" data-medium-file=\"https:\/\/i0.wp.com\/lesgravereaux.marret.co\/wp-content\/uploads\/2016\/05\/R-Gravereaux-Lettre-re%C3%A7u-a_wp.jpg?fit=218%2C295&amp;ssl=1\" data-large-file=\"https:\/\/i0.wp.com\/lesgravereaux.marret.co\/wp-content\/uploads\/2016\/05\/R-Gravereaux-Lettre-re%C3%A7u-a_wp.jpg?fit=218%2C295&amp;ssl=1\" class=\"wp-image-2681 alignright\" src=\"https:\/\/i0.wp.com\/lesgravereaux.marret.co\/wp-content\/uploads\/2016\/05\/R-Gravereaux-Lettre-re%C3%A7u-a_wp.jpg?resize=84%2C113&#038;ssl=1\" alt=\"R Gravereaux - Lettre-re\u00e7u a_wp\" width=\"84\" height=\"113\" data-wp-pid=\"2681\" \/><\/a>Dans les ann\u00e9es 1920, les \u00c9tablissements Gravereaux accroissent leur r\u00e9putation gr\u00e2ce aux cols Triplefil, de haute qualit\u00e9, mais aussi en fabriquant et en vendant les cols Van Heusen, dont ils sont les distributeurs exclusifs pour la France.<\/p>\n<p><a href=\"https:\/\/i0.wp.com\/lesgravereaux.marret.co\/wp-content\/uploads\/2016\/05\/1936-05-05-Gravereaux-Ren%C3%A9-2_wp.jpg?ssl=1\"><img data-recalc-dims=\"1\" loading=\"lazy\" decoding=\"async\" data-attachment-id=\"3120\" data-permalink=\"https:\/\/lesgravereaux.marret.co\/index.php\/les-etablissements-gravereaux\/les-produits-des-etablissements-gravereaux\/1936-05-05-gravereaux-rene-2_wp\/\" data-orig-file=\"https:\/\/i0.wp.com\/lesgravereaux.marret.co\/wp-content\/uploads\/2016\/05\/1936-05-05-Gravereaux-Ren%C3%A9-2_wp.jpg?fit=300%2C591&amp;ssl=1\" data-orig-size=\"300,591\" data-comments-opened=\"1\" data-image-meta=\"{&quot;aperture&quot;:&quot;0&quot;,&quot;credit&quot;:&quot;&quot;,&quot;camera&quot;:&quot;&quot;,&quot;caption&quot;:&quot;&quot;,&quot;created_timestamp&quot;:&quot;0&quot;,&quot;copyright&quot;:&quot;&quot;,&quot;focal_length&quot;:&quot;0&quot;,&quot;iso&quot;:&quot;0&quot;,&quot;shutter_speed&quot;:&quot;0&quot;,&quot;title&quot;:&quot;&quot;,&quot;orientation&quot;:&quot;1&quot;}\" data-image-title=\"1936-05-05 Gravereaux, Ren\u00e9 2_wp\" data-image-description=\"\" data-image-caption=\"\" data-medium-file=\"https:\/\/i0.wp.com\/lesgravereaux.marret.co\/wp-content\/uploads\/2016\/05\/1936-05-05-Gravereaux-Ren%C3%A9-2_wp.jpg?fit=152%2C300&amp;ssl=1\" data-large-file=\"https:\/\/i0.wp.com\/lesgravereaux.marret.co\/wp-content\/uploads\/2016\/05\/1936-05-05-Gravereaux-Ren%C3%A9-2_wp.jpg?fit=300%2C591&amp;ssl=1\" class=\"wp-image-3120 alignleft\" src=\"https:\/\/i0.wp.com\/lesgravereaux.marret.co\/wp-content\/uploads\/2016\/05\/1936-05-05-Gravereaux-Ren%C3%A9-2_wp.jpg?resize=86%2C169&#038;ssl=1\" alt=\"1936-05-05 Gravereaux, Ren\u00e9 2_wp\" width=\"86\" height=\"169\" data-wp-pid=\"3120\" srcset=\"https:\/\/i0.wp.com\/lesgravereaux.marret.co\/wp-content\/uploads\/2016\/05\/1936-05-05-Gravereaux-Ren%C3%A9-2_wp.jpg?w=300&amp;ssl=1 300w, https:\/\/i0.wp.com\/lesgravereaux.marret.co\/wp-content\/uploads\/2016\/05\/1936-05-05-Gravereaux-Ren%C3%A9-2_wp.jpg?resize=152%2C300&amp;ssl=1 152w\" sizes=\"auto, (max-width: 86px) 100vw, 86px\" \/><\/a>Au d\u00e9but des ann\u00e9es 1930, la crise s\u00e9vit en m\u00eame temps que le march\u00e9 du faux col diminue rapidement; la chemiserie et ses accessoires prennent de plus en plus d\u2019importance pour la Maison Gravereaux. Parall\u00e8lement, comme l\u2019on parle du r\u00e9armement de l\u2019Allemagne, les \u00c9tablissements Gravereaux d\u00e9cident de se relancer dans la fabrication de masques \u00e0 gaz, mais aussi de parachutes et d\u2019abris de protection. L\u2019aventure dure quelques ann\u00e9es, jusqu\u2019\u00e0 ce qu\u2019une gestion d\u00e9ficiente, des probl\u00e8mes de fabrication et de mauvais placements am\u00e8nent Ren\u00e9 Gravereaux \u00e0 une liquidation judiciaire en 1936.<\/p>\n<p><a href=\"https:\/\/i0.wp.com\/lesgravereaux.marret.co\/wp-content\/uploads\/2016\/05\/1934-05-15-Adam-Chemisier-17-pP10a_wp.jpg?ssl=1\"><img data-recalc-dims=\"1\" loading=\"lazy\" decoding=\"async\" data-attachment-id=\"3122\" data-permalink=\"https:\/\/lesgravereaux.marret.co\/index.php\/les-etablissements-gravereaux\/les-produits-des-etablissements-gravereaux\/1934-05-15-adam-chemisier-17-pp10a_wp\/\" data-orig-file=\"https:\/\/i0.wp.com\/lesgravereaux.marret.co\/wp-content\/uploads\/2016\/05\/1934-05-15-Adam-Chemisier-17-pP10a_wp.jpg?fit=192%2C591&amp;ssl=1\" data-orig-size=\"192,591\" data-comments-opened=\"1\" data-image-meta=\"{&quot;aperture&quot;:&quot;0&quot;,&quot;credit&quot;:&quot;&quot;,&quot;camera&quot;:&quot;&quot;,&quot;caption&quot;:&quot;&quot;,&quot;created_timestamp&quot;:&quot;0&quot;,&quot;copyright&quot;:&quot;&quot;,&quot;focal_length&quot;:&quot;0&quot;,&quot;iso&quot;:&quot;0&quot;,&quot;shutter_speed&quot;:&quot;0&quot;,&quot;title&quot;:&quot;&quot;,&quot;orientation&quot;:&quot;1&quot;}\" data-image-title=\"1934-05-15 Adam Chemisier 17 pP10a_wp\" data-image-description=\"\" data-image-caption=\"\" data-medium-file=\"https:\/\/i0.wp.com\/lesgravereaux.marret.co\/wp-content\/uploads\/2016\/05\/1934-05-15-Adam-Chemisier-17-pP10a_wp.jpg?fit=97%2C300&amp;ssl=1\" data-large-file=\"https:\/\/i0.wp.com\/lesgravereaux.marret.co\/wp-content\/uploads\/2016\/05\/1934-05-15-Adam-Chemisier-17-pP10a_wp.jpg?fit=192%2C591&amp;ssl=1\" class=\"wp-image-3122 alignright\" src=\"https:\/\/i0.wp.com\/lesgravereaux.marret.co\/wp-content\/uploads\/2016\/05\/1934-05-15-Adam-Chemisier-17-pP10a_wp.jpg?resize=84%2C258&#038;ssl=1\" alt=\"1934-05-15 Adam Chemisier 17 pP10a_wp\" width=\"84\" height=\"258\" data-wp-pid=\"3122\" \/><\/a>Dans le cadre d\u2019un concordat obtenu alors avec les cr\u00e9anciers, la Maison doit abandonner tout ce qui concerne le mat\u00e9riel de protection ou de d\u00e9fense, mais elle conserve le Fonds de commerce de cols et de chemises. C\u2019est l\u2019occasion de diversifier encore plus la production et l\u2019on voit se d\u00e9velopper la fabrication et la vente de pyjamas, de robes de chambre, et de cale\u00e7ons, \u00e0 c\u00f4t\u00e9 des chemises habill\u00e9es ou de sport.<\/p>\n<p>La Deuxi\u00e8me Guerre mondiale va une fois de plus bouleverser la gamme des produits commercialis\u00e9s par les \u00c9tablissements Gravereaux. Dans l\u2019impossibilit\u00e9 de s\u2019approvisionner en tissu pour les chemises \u2013 fabriqu\u00e9s dans des usines de l\u2019Est de la France \u2013 Ren\u00e9 Gravereaux d\u00e9cide que l\u2019usine de Boulogne-sur-Seine produira en fonction de la mati\u00e8re premi\u00e8re que l\u2019on pourra trouver; les ateliers fonctionnent en fabriquant des chemisiers pour femmes, des combinaisons, des culottes, des soutiens-gorge\u2026 voire des oreillers pour la Croix-Rouge!<\/p>\n<p><a href=\"https:\/\/i0.wp.com\/lesgravereaux.marret.co\/wp-content\/uploads\/2016\/05\/1955-S%C3%A9lection-p139_wp.jpg?ssl=1\"><img data-recalc-dims=\"1\" loading=\"lazy\" decoding=\"async\" data-attachment-id=\"3125\" data-permalink=\"https:\/\/lesgravereaux.marret.co\/index.php\/les-etablissements-gravereaux\/les-produits-des-etablissements-gravereaux\/1955-selection-p139_wp\/\" data-orig-file=\"https:\/\/i0.wp.com\/lesgravereaux.marret.co\/wp-content\/uploads\/2016\/05\/1955-S%C3%A9lection-p139_wp.jpg?fit=560%2C591&amp;ssl=1\" data-orig-size=\"560,591\" data-comments-opened=\"1\" data-image-meta=\"{&quot;aperture&quot;:&quot;0&quot;,&quot;credit&quot;:&quot;&quot;,&quot;camera&quot;:&quot;&quot;,&quot;caption&quot;:&quot;&quot;,&quot;created_timestamp&quot;:&quot;0&quot;,&quot;copyright&quot;:&quot;&quot;,&quot;focal_length&quot;:&quot;0&quot;,&quot;iso&quot;:&quot;0&quot;,&quot;shutter_speed&quot;:&quot;0&quot;,&quot;title&quot;:&quot;&quot;,&quot;orientation&quot;:&quot;1&quot;}\" data-image-title=\"1955 S\u00e9lection p139_wp\" data-image-description=\"\" data-image-caption=\"\" data-medium-file=\"https:\/\/i0.wp.com\/lesgravereaux.marret.co\/wp-content\/uploads\/2016\/05\/1955-S%C3%A9lection-p139_wp.jpg?fit=284%2C300&amp;ssl=1\" data-large-file=\"https:\/\/i0.wp.com\/lesgravereaux.marret.co\/wp-content\/uploads\/2016\/05\/1955-S%C3%A9lection-p139_wp.jpg?fit=560%2C591&amp;ssl=1\" class=\"wp-image-3125 alignleft\" src=\"https:\/\/i0.wp.com\/lesgravereaux.marret.co\/wp-content\/uploads\/2016\/05\/1955-S%C3%A9lection-p139_wp.jpg?resize=102%2C108&#038;ssl=1\" alt=\"1955 S\u00e9lection p139_wp\" width=\"102\" height=\"108\" data-wp-pid=\"3125\" srcset=\"https:\/\/i0.wp.com\/lesgravereaux.marret.co\/wp-content\/uploads\/2016\/05\/1955-S%C3%A9lection-p139_wp.jpg?w=560&amp;ssl=1 560w, https:\/\/i0.wp.com\/lesgravereaux.marret.co\/wp-content\/uploads\/2016\/05\/1955-S%C3%A9lection-p139_wp.jpg?resize=284%2C300&amp;ssl=1 284w\" sizes=\"auto, (max-width: 102px) 100vw, 102px\" \/><\/a>Le rayon de lingerie f\u00e9minine avait vu le jour en 1938; celui de v\u00eatements pour enfants appara\u00eet en 1943; les marques Bellafil et Babyfil en furent les vedettes apr\u00e8s la guerre.<\/p>\n","protected":false},"excerpt":{"rendered":"<p>Lorsqu\u2019en 1910 Ren\u00e9 Gravereaux s\u2019associe avec Gaston Chastel, c\u2019est pour cr\u00e9er une Manufacture de cols et manchettes, avec, pour objet la fabrication, le commerce et le blanchissage \u00e0 neuf de ces articles La Premi\u00e8re Guerre mondiale am\u00e8ne la Maison Gravereaux &hellip; <a href=\"https:\/\/lesgravereaux.marret.co\/index.php\/les-etablissements-gravereaux\/les-produits-des-etablissements-gravereaux\/\">Continuer la lecture <span class=\"meta-nav\">&rarr;<\/span><\/a><\/p>\n","protected":false},"author":1,"featured_media":0,"parent":615,"menu_order":0,"comment_status":"closed","ping_status":"closed","template":"","meta":{"ngg_post_thumbnail":0,"jetpack_post_was_ever_published":false,"footnotes":""},"class_list":["post-3116","page","type-page","status-publish","hentry"],"jetpack_sharing_enabled":true,"jetpack_shortlink":"https:\/\/wp.me\/P7ERyi-Og","jetpack-related-posts":[{"id":3110,"url":"https:\/\/lesgravereaux.marret.co\/index.php\/les-etablissements-gravereaux\/petite-chronologie\/","url_meta":{"origin":3116,"position":0},"title":"Petite chronologie","author":"marretgravereaux","date":"24 mai 2016","format":false,"excerpt":"1910 (21 juin) Gaston Chastel et Ren\u00e9 Gravereaux cr\u00e9ent une soci\u00e9t\u00e9 en nom collectif. Ren\u00e9 Gravereaux apporte 150\u00a0000\u00a0francs et Gaston Chastel 370\u00a0000\u00a0francs. Cette entreprise - dont le si\u00e8ge social est situ\u00e9 rue du faubourg Poissonni\u00e8re - est sp\u00e9cialis\u00e9e dans la fabrication de faux-cols, manchettes, et autres articles de lingerie, ainsi\u2026","rel":"","context":"Article similaire","block_context":{"text":"Article similaire","link":""},"img":{"alt_text":"R Gravereaux - Lettre-re\u00e7u (en-t\u00eate)_wp","src":"https:\/\/i0.wp.com\/lesgravereaux.marret.co\/wp-content\/uploads\/2016\/05\/R-Gravereaux-Lettre-re%C3%A7u-en-t%C3%AAte_wp.jpg?resize=350%2C200","width":350,"height":200},"classes":[]},{"id":4497,"url":"https:\/\/lesgravereaux.marret.co\/index.php\/les-etablissements-gravereaux\/les-etablissements-gravereaux-dans-la-presse\/","url_meta":{"origin":3116,"position":1},"title":"Les \u00c9tablissements Gravereaux&#8230; dans la presse","author":"marretgravereaux","date":"12 juillet 2016","format":false,"excerpt":"Au cours de son demi-si\u00e8cle d'existence, la Maison Gravereaux a fait l'objet de plusieurs reportages dans la presse \u00e9crite ou audiovisuelle. Les plus importants sont indiqu\u00e9s ci-apr\u00e8s; la liste\u00a0est certainement incompl\u00e8te et le lecteur est invit\u00e9 \u00e0 communiquer avec l'\u00e9dimestre responsable de ce site pour lui en sugg\u00e9rer d'autres. 1938,\u2026","rel":"","context":"Article similaire","block_context":{"text":"Article similaire","link":""},"img":{"alt_text":"","src":"","width":0,"height":0},"classes":[]},{"id":615,"url":"https:\/\/lesgravereaux.marret.co\/index.php\/les-etablissements-gravereaux\/","url_meta":{"origin":3116,"position":2},"title":"Les \u00c9tablissements Gravereaux","author":"marretgravereaux","date":"7 mars 2016","format":false,"excerpt":"\u00a0 La \u00ab\u00a0Maison Gravereaux\u00a0\u00bb na\u00eet en 1910 alors que Ren\u00e9 Gravereaux s\u2019associe \u00e0 un fabricant de faux cols; la nouvelle soci\u00e9t\u00e9 a pour objet \u00ab\u00a0la fabrication et le commerce de faux cols, manchettes et autres articles similaires et le blanchissage sp\u00e9cial \u00e0 neuf\u00a0\u00bb. Au cours de la Premi\u00e8re Guerre mondiale,\u2026","rel":"","context":"Article similaire","block_context":{"text":"Article similaire","link":""},"img":{"alt_text":"1910 EtsGr - Cat c1a_wp","src":"https:\/\/i0.wp.com\/marret.co\/wp-content\/uploads\/2016\/03\/1910-EtsGr-Cat-c1a_wp-1-1024x729.jpg?resize=350%2C200","width":350,"height":200},"classes":[]},{"id":2884,"url":"https:\/\/lesgravereaux.marret.co\/index.php\/les-etablissements-gravereaux\/brassac-les-mines\/","url_meta":{"origin":3116,"position":3},"title":"Brassac-les-Mines","author":"marretgravereaux","date":"20 mai 2016","format":false,"excerpt":"Pendant la Premi\u00e8re Guerre mondiale, les \u00c9tablissements Gravereaux fabriquent des masques \u00e0 gaz pour l\u2019Arm\u00e9e fran\u00e7aise. Cependant, en 1918, le Gouvernement fran\u00e7ais s\u2019inqui\u00e8te des avanc\u00e9es allemandes; l\u2019Administration de la Guerre exige donc de Ren\u00e9 Gravereaux qu\u2019il prenne les dispositions pertinentes pour pouvoir, si n\u00e9cessaire, d\u00e9m\u00e9nager son usine dans le Centre\u2026","rel":"","context":"Article similaire","block_context":{"text":"Article similaire","link":""},"img":{"alt_text":"brassac-1 - OG1726_wp","src":"https:\/\/i0.wp.com\/lesgravereaux.marret.co\/wp-content\/uploads\/2016\/05\/brassac-1-OG1726_wp.jpg?resize=350%2C200","width":350,"height":200},"classes":[]},{"id":6107,"url":"https:\/\/lesgravereaux.marret.co\/index.php\/les-etablissements-gravereaux\/argenton-la-sogec\/argenton-la-nouvelle-usine-des-baignettes\/","url_meta":{"origin":3116,"position":4},"title":"Argenton &#8211; La nouvelle usine des Baignettes","author":"marretgravereaux","date":"4 mars 2019","format":false,"excerpt":"Une construction esth\u00e9tique et fonctionnelle L'usine des \u00c9tablissements GRAVEREAUX \u00e0 Argenton-sur-Creuse (Indre) \u00a0\u00a0 Architecte\u00a0: Michel BODIN Extrait d'article de revue La construction \u00e0 Argenton-sur-Creuse de la nouvelle usine des \u00c9tablissements GRAVEREAUX repr\u00e9sente une nouvelle \u00e9tape de l'expansion d'une firme ancienne qui, sp\u00e9cialis\u00e9e \u00e0 l'origine dans la fabrication des faux-cols, a\u2026","rel":"","context":"Article similaire","block_context":{"text":"Article similaire","link":""},"img":{"alt_text":"","src":"https:\/\/i0.wp.com\/lesgravereaux.marret.co\/wp-content\/uploads\/2019\/03\/Usine-des-Baignettes-Dessin-2a_wp.jpg?resize=350%2C200","width":350,"height":200},"classes":[]},{"id":1972,"url":"https:\/\/lesgravereaux.marret.co\/index.php\/jules-gravereaux\/jules-gravereaux-ses-ecrits\/1906-les-roses-a-parfum\/","url_meta":{"origin":3116,"position":5},"title":"1906 &#8211; Les roses \u00e0 parfum et l&rsquo;essence de rose","author":"marretgravereaux","date":"25 avril 2016","format":false,"excerpt":"Les Roses \u00e0 parfum et la fabrication de l'essence \u00e0 la roseraie de L'Hay de 1901 \u00e0 1905 Extrait du Bulletin de l'Office de renseignements agricoles, 1906, n\u00b0 3.- Paris\u00a0: Impr. nationale, 1906. 7 p., reli\u00e9; 24\u00a0cm. ~~~~~~~ \u00c0 la suite du rapport sur la culture des roses dans la\u2026","rel":"","context":"Article similaire","block_context":{"text":"Article similaire","link":""},"img":{"alt_text":"1906 Les roses \u00e0 parfum (2011-04_008a)_wp","src":"https:\/\/i0.wp.com\/lesgravereaux.marret.co\/wp-content\/uploads\/2016\/04\/1906-Les-roses-%C3%A0-parfum-2011-04_008a_wp-702x1024.jpg?resize=350%2C200","width":350,"height":200},"classes":[]}],"_links":{"self":[{"href":"https:\/\/lesgravereaux.marret.co\/index.php\/wp-json\/wp\/v2\/pages\/3116","targetHints":{"allow":["GET"]}}],"collection":[{"href":"https:\/\/lesgravereaux.marret.co\/index.php\/wp-json\/wp\/v2\/pages"}],"about":[{"href":"https:\/\/lesgravereaux.marret.co\/index.php\/wp-json\/wp\/v2\/types\/page"}],"author":[{"embeddable":true,"href":"https:\/\/lesgravereaux.marret.co\/index.php\/wp-json\/wp\/v2\/users\/1"}],"replies":[{"embeddable":true,"href":"https:\/\/lesgravereaux.marret.co\/index.php\/wp-json\/wp\/v2\/comments?post=3116"}],"version-history":[{"count":0,"href":"https:\/\/lesgravereaux.marret.co\/index.php\/wp-json\/wp\/v2\/pages\/3116\/revisions"}],"up":[{"embeddable":true,"href":"https:\/\/lesgravereaux.marret.co\/index.php\/wp-json\/wp\/v2\/pages\/615"}],"wp:attachment":[{"href":"https:\/\/lesgravereaux.marret.co\/index.php\/wp-json\/wp\/v2\/media?parent=3116"}],"curies":[{"name":"wp","href":"https:\/\/api.w.org\/{rel}","templated":true}]}}