{"id":3018,"date":"2016-05-23T02:21:58","date_gmt":"2016-05-23T01:21:58","guid":{"rendered":"http:\/\/lesgravereaux.marret.co\/?page_id=3018"},"modified":"2016-06-12T16:46:13","modified_gmt":"2016-06-12T15:46:13","slug":"dans-la-presse","status":"publish","type":"page","link":"https:\/\/lesgravereaux.marret.co\/index.php\/les-etablissements-gravereaux\/argenton-la-sogec\/28-septembre-1964-inauguration-de-lusine-aux-baignettes\/dans-la-presse\/","title":{"rendered":"1964 &#8211; Dans la presse"},"content":{"rendered":"<p><span style=\"font-size: 14pt;\"><strong><a href=\"https:\/\/i0.wp.com\/lesgravereaux.marret.co\/wp-content\/uploads\/2016\/05\/1964-12-Sud-Ouest-Information-no-28_wp.jpg?ssl=1\"><img data-recalc-dims=\"1\" loading=\"lazy\" decoding=\"async\" data-attachment-id=\"3017\" data-permalink=\"https:\/\/lesgravereaux.marret.co\/index.php\/les-etablissements-gravereaux\/argenton-la-sogec\/28-septembre-1964-inauguration-de-lusine-aux-baignettes\/dans-la-presse\/1964-12-sud-ouest-information-no-28_wp\/\" data-orig-file=\"https:\/\/i0.wp.com\/lesgravereaux.marret.co\/wp-content\/uploads\/2016\/05\/1964-12-Sud-Ouest-Information-no-28_wp.jpg?fit=1181%2C886&amp;ssl=1\" data-orig-size=\"1181,886\" data-comments-opened=\"1\" data-image-meta=\"{&quot;aperture&quot;:&quot;0&quot;,&quot;credit&quot;:&quot;&quot;,&quot;camera&quot;:&quot;&quot;,&quot;caption&quot;:&quot;&quot;,&quot;created_timestamp&quot;:&quot;0&quot;,&quot;copyright&quot;:&quot;&quot;,&quot;focal_length&quot;:&quot;0&quot;,&quot;iso&quot;:&quot;0&quot;,&quot;shutter_speed&quot;:&quot;0&quot;,&quot;title&quot;:&quot;&quot;,&quot;orientation&quot;:&quot;1&quot;}\" data-image-title=\"1964-12 Sud-Ouest Information no 28_wp\" data-image-description=\"\" data-image-caption=\"\" data-medium-file=\"https:\/\/i0.wp.com\/lesgravereaux.marret.co\/wp-content\/uploads\/2016\/05\/1964-12-Sud-Ouest-Information-no-28_wp.jpg?fit=300%2C225&amp;ssl=1\" data-large-file=\"https:\/\/i0.wp.com\/lesgravereaux.marret.co\/wp-content\/uploads\/2016\/05\/1964-12-Sud-Ouest-Information-no-28_wp.jpg?fit=640%2C480&amp;ssl=1\" class=\"alignnone size-large wp-image-3017\" src=\"https:\/\/i0.wp.com\/lesgravereaux.marret.co\/wp-content\/uploads\/2016\/05\/1964-12-Sud-Ouest-Information-no-28_wp.jpg?resize=640%2C480&#038;ssl=1\" alt=\"1964-12 Sud-Ouest Information no 28_wp\" width=\"640\" height=\"480\" data-wp-pid=\"3017\" srcset=\"https:\/\/i0.wp.com\/lesgravereaux.marret.co\/wp-content\/uploads\/2016\/05\/1964-12-Sud-Ouest-Information-no-28_wp.jpg?resize=1024%2C768&amp;ssl=1 1024w, https:\/\/i0.wp.com\/lesgravereaux.marret.co\/wp-content\/uploads\/2016\/05\/1964-12-Sud-Ouest-Information-no-28_wp.jpg?resize=300%2C225&amp;ssl=1 300w, https:\/\/i0.wp.com\/lesgravereaux.marret.co\/wp-content\/uploads\/2016\/05\/1964-12-Sud-Ouest-Information-no-28_wp.jpg?resize=768%2C576&amp;ssl=1 768w, https:\/\/i0.wp.com\/lesgravereaux.marret.co\/wp-content\/uploads\/2016\/05\/1964-12-Sud-Ouest-Information-no-28_wp.jpg?resize=800%2C600&amp;ssl=1 800w, https:\/\/i0.wp.com\/lesgravereaux.marret.co\/wp-content\/uploads\/2016\/05\/1964-12-Sud-Ouest-Information-no-28_wp.jpg?resize=600%2C450&amp;ssl=1 600w, https:\/\/i0.wp.com\/lesgravereaux.marret.co\/wp-content\/uploads\/2016\/05\/1964-12-Sud-Ouest-Information-no-28_wp.jpg?w=1181&amp;ssl=1 1181w\" sizes=\"auto, (max-width: 640px) 100vw, 640px\" \/><\/a><\/strong><\/span><\/p>\n<p style=\"text-align: right;\"><em><span style=\"font-size: 10pt;\">Sud-Ouest Information, d\u00e9cembre 1964<\/span><\/em><\/p>\n<hr \/>\n<p><span style=\"font-size: 14pt;\"><strong><a href=\"https:\/\/i0.wp.com\/lesgravereaux.marret.co\/wp-content\/uploads\/2016\/05\/1964-09-29-La-nouvelle-R%C3%A9publique-2-1_wp.jpg?ssl=1\"><img data-recalc-dims=\"1\" loading=\"lazy\" decoding=\"async\" data-attachment-id=\"2986\" data-permalink=\"https:\/\/lesgravereaux.marret.co\/index.php\/les-etablissements-gravereaux\/argenton-la-sogec\/28-septembre-1964-inauguration-de-lusine-aux-baignettes\/1964-09-29-la-nouvelle-republique-2-1_wp\/\" data-orig-file=\"https:\/\/i0.wp.com\/lesgravereaux.marret.co\/wp-content\/uploads\/2016\/05\/1964-09-29-La-nouvelle-R%C3%A9publique-2-1_wp.jpg?fit=591%2C318&amp;ssl=1\" data-orig-size=\"591,318\" data-comments-opened=\"1\" data-image-meta=\"{&quot;aperture&quot;:&quot;0&quot;,&quot;credit&quot;:&quot;&quot;,&quot;camera&quot;:&quot;&quot;,&quot;caption&quot;:&quot;&quot;,&quot;created_timestamp&quot;:&quot;0&quot;,&quot;copyright&quot;:&quot;&quot;,&quot;focal_length&quot;:&quot;0&quot;,&quot;iso&quot;:&quot;0&quot;,&quot;shutter_speed&quot;:&quot;0&quot;,&quot;title&quot;:&quot;&quot;,&quot;orientation&quot;:&quot;1&quot;}\" data-image-title=\"1964-09-29 La nouvelle R\u00e9publique 2-1_wp\" data-image-description=\"\" data-image-caption=\"\" data-medium-file=\"https:\/\/i0.wp.com\/lesgravereaux.marret.co\/wp-content\/uploads\/2016\/05\/1964-09-29-La-nouvelle-R%C3%A9publique-2-1_wp.jpg?fit=300%2C161&amp;ssl=1\" data-large-file=\"https:\/\/i0.wp.com\/lesgravereaux.marret.co\/wp-content\/uploads\/2016\/05\/1964-09-29-La-nouvelle-R%C3%A9publique-2-1_wp.jpg?fit=591%2C318&amp;ssl=1\" class=\"alignnone size-full wp-image-2986\" src=\"https:\/\/i0.wp.com\/lesgravereaux.marret.co\/wp-content\/uploads\/2016\/05\/1964-09-29-La-nouvelle-R%C3%A9publique-2-1_wp.jpg?resize=591%2C318&#038;ssl=1\" alt=\"1964-09-29 La nouvelle R\u00e9publique 2-1_wp\" width=\"591\" height=\"318\" data-wp-pid=\"2986\" srcset=\"https:\/\/i0.wp.com\/lesgravereaux.marret.co\/wp-content\/uploads\/2016\/05\/1964-09-29-La-nouvelle-R%C3%A9publique-2-1_wp.jpg?w=591&amp;ssl=1 591w, https:\/\/i0.wp.com\/lesgravereaux.marret.co\/wp-content\/uploads\/2016\/05\/1964-09-29-La-nouvelle-R%C3%A9publique-2-1_wp.jpg?resize=300%2C161&amp;ssl=1 300w\" sizes=\"auto, (max-width: 591px) 100vw, 591px\" \/><\/a><\/strong><\/span><\/p>\n<p>Les \u00c9tablissements Gravereaux viennent de construire \u00e0 Argenton-sur-Creuse une nouvelle usine aux \u00ab\u00a0Baignettes\u00a0\u00bb en bordure de la route d\u2019\u00c9guzon \u00e0 la sortie de la ville.<\/p>\n<p>Construite sur un terrain de 35.000\u00a0m<sup>2<\/sup> c&rsquo;est une magnifique r\u00e9alisation dot\u00e9e des perfectionnements techniques les plus modernes. L&rsquo;usine des \u00ab\u00a0Baignettes\u00a0\u00bb se pr\u00e9sente au milieu de parterres soigneusement entretenus.<\/p>\n<p>D&rsquo;un seul tenant, elle est recouverte d&rsquo;une toiture \u00e0 grande port\u00e9e de 82 m\u00e8tres de long sur 44 m\u00e8tres de large. Ce d\u00e9cor unique abrite 500 personnes qui travaillent dans une atmosph\u00e8re tr\u00e8s agr\u00e9able due \u00e0 une insonorisation totale par plaques m\u00e9talliques perfor\u00e9es, \u00e0 une luminosit\u00e9 parfaite \u00e0 toute heure et \u00e0 un chauffage \u2013 ultra-moderne par air puls\u00e9.<\/p>\n<p>Dans les deux \u00e9tages de l&rsquo;usine Gravereaux la circulation des produits a \u00e9t\u00e9 rationalis\u00e9e au maximum. 300 machines dont les presses les plus modernes pour le repassage permettent un travail impeccable par groupe de sp\u00e9cialisation. C&rsquo;est ce magnifique ensemble qui \u00e9tait inaugur\u00e9 hier matin par M.\u00a0Pierre Lefranc, pr\u00e9fet de l&rsquo;Indre en pr\u00e9sence de nombreuses personnalit\u00e9s.<\/p>\n<p>Il \u00e9tait 11\u00a0h\u00a045 lorsque M.\u00a0Pierre Lefranc, pr\u00e9fet de l&rsquo;Indre, accompagn\u00e9 de MM. Arrigui de Casanova, directeur de l&rsquo;expansion au minist\u00e8re de l&rsquo;Industrie, repr\u00e9sentant le ministre de l&rsquo;Industrie; Sauvage, sous-pr\u00e9fet, charg\u00e9 des questions \u00e9conomiques \u00e0 la pr\u00e9fecture, arrivait \u00e0 Argenton.<\/p>\n<p><a href=\"https:\/\/i0.wp.com\/lesgravereaux.marret.co\/wp-content\/uploads\/2016\/05\/1964-09-29-La-nouvelle-R%C3%A9publique-2aa_wp.jpg?ssl=1\"><img data-recalc-dims=\"1\" loading=\"lazy\" decoding=\"async\" data-attachment-id=\"2980\" data-permalink=\"https:\/\/lesgravereaux.marret.co\/index.php\/les-etablissements-gravereaux\/argenton-la-sogec\/28-septembre-1964-inauguration-de-lusine-aux-baignettes\/dans-la-presse\/1964-09-29-la-nouvelle-republique-2aa_wp\/\" data-orig-file=\"https:\/\/i0.wp.com\/lesgravereaux.marret.co\/wp-content\/uploads\/2016\/05\/1964-09-29-La-nouvelle-R%C3%A9publique-2aa_wp.jpg?fit=734%2C426&amp;ssl=1\" data-orig-size=\"734,426\" data-comments-opened=\"1\" data-image-meta=\"{&quot;aperture&quot;:&quot;0&quot;,&quot;credit&quot;:&quot;&quot;,&quot;camera&quot;:&quot;&quot;,&quot;caption&quot;:&quot;&quot;,&quot;created_timestamp&quot;:&quot;0&quot;,&quot;copyright&quot;:&quot;&quot;,&quot;focal_length&quot;:&quot;0&quot;,&quot;iso&quot;:&quot;0&quot;,&quot;shutter_speed&quot;:&quot;0&quot;,&quot;title&quot;:&quot;&quot;,&quot;orientation&quot;:&quot;1&quot;}\" data-image-title=\"1964-09-29 La nouvelle R\u00e9publique 2aa_wp\" data-image-description=\"\" data-image-caption=\"\" data-medium-file=\"https:\/\/i0.wp.com\/lesgravereaux.marret.co\/wp-content\/uploads\/2016\/05\/1964-09-29-La-nouvelle-R%C3%A9publique-2aa_wp.jpg?fit=300%2C174&amp;ssl=1\" data-large-file=\"https:\/\/i0.wp.com\/lesgravereaux.marret.co\/wp-content\/uploads\/2016\/05\/1964-09-29-La-nouvelle-R%C3%A9publique-2aa_wp.jpg?fit=640%2C371&amp;ssl=1\" class=\"wp-image-2980 alignright\" src=\"https:\/\/i0.wp.com\/lesgravereaux.marret.co\/wp-content\/uploads\/2016\/05\/1964-09-29-La-nouvelle-R%C3%A9publique-2aa_wp.jpg?resize=400%2C232&#038;ssl=1\" alt=\"1964-09-29 La nouvelle R\u00e9publique 2aa_wp\" width=\"400\" height=\"232\" data-wp-pid=\"2980\" srcset=\"https:\/\/i0.wp.com\/lesgravereaux.marret.co\/wp-content\/uploads\/2016\/05\/1964-09-29-La-nouvelle-R%C3%A9publique-2aa_wp.jpg?w=734&amp;ssl=1 734w, https:\/\/i0.wp.com\/lesgravereaux.marret.co\/wp-content\/uploads\/2016\/05\/1964-09-29-La-nouvelle-R%C3%A9publique-2aa_wp.jpg?resize=300%2C174&amp;ssl=1 300w, https:\/\/i0.wp.com\/lesgravereaux.marret.co\/wp-content\/uploads\/2016\/05\/1964-09-29-La-nouvelle-R%C3%A9publique-2aa_wp.jpg?resize=600%2C348&amp;ssl=1 600w\" sizes=\"auto, (max-width: 400px) 100vw, 400px\" \/><\/a>\u00c0 leur descente de voiture, MM.\u00a0Pierre Lefranc et Arrigui de Casanova \u00e9taient accueillis par MM.\u00a0Philippe Gravereaux et Jean-Ren\u00e9. Gravereaux. Les personnalit\u00e9s parcouraient la vaste esplanade o\u00f9 \u00e9taient group\u00e9s les membres du personnel, puis elles prenaient contact avec M.M.\u00a0Vincent Rotinat, s\u00e9nateur, pr\u00e9sident du conseil g\u00e9n\u00e9ral; Deschizeaux, d\u00e9put\u00e9, maire de Ch\u00e2teauroux; Vieugu\u00e9, inspecteur g\u00e9n\u00e9ral de l&rsquo;\u00c9conomie nationale; Frappat, maire et conseiller g\u00e9n\u00e9ral d&rsquo;Argenton-sur-Creuse; Lavenant, sous-directeur des Textiles et des Cuirs; Belleteste, pr\u00e9sident de la F\u00e9d\u00e9ration nationale des Industries de lingerie; Laury, pr\u00e9sident de la section f\u00e9d\u00e9rale des Industries de chemiserie; Lecointre, pr\u00e9sident de la Chambre syndicale des Chemisiers de France; Fosset, s\u00e9nateur de la Seine; Picard, pr\u00e9sident de la Chambre de Commerce et d&rsquo;Industrie de l&rsquo;Indre; Lamarre, directeur des services de la Construction \u00e0, la pr\u00e9fecture de l&rsquo;Indre; Raymond Gravereaux, architecte-conseil, architecte en chef des B\u00e2timents civils et des B\u00e2timents nationaux; Michel Bodin, architecte de l&rsquo;usine; G\u00e9rard Gravereaux, directeur de l&rsquo;Exportation; Bernard Gravereaux, g\u00e9rant de la soci\u00e9t\u00e9 Harryland; Mme\u00a0Fanet-Gravereaux; Mme\u00a0Lesur-Gravereaux, directrice du d\u00e9partement \u00ab\u00a0Babyfil\u00a0\u00bb; MM.\u00a0Audouin, pr\u00e9sident du syndicat des confectionneurs de l&rsquo;Indre; Franconnet, pr\u00e9sident du Centre de liaison interprofessionnel; Louvet, directeur; Pigneux, Bouchardon, vice-pr\u00e9sident de la Chambre de Commerce de l&rsquo;Indre; Lacour, secr\u00e9taire; Gu\u00e9ny, tr\u00e9sorier; Biet, secr\u00e9taire g\u00e9n\u00e9ral; Mlle\u00a0Touzet, secr\u00e9taire adjointe; MM.\u00a0Hugary, Falconetti, secr\u00e9taire g\u00e9n\u00e9ral du Comit\u00e9 d&rsquo;expansion \u00e9conomique de l&rsquo;Indre; Brunet, Guignerat, Auclert, adjoints au maire d&rsquo;Argenton; les membres du conseil municipal, MM.\u00a0Robinet, secr\u00e9taire g\u00e9n\u00e9ral de la mairie; Michel, pr\u00e9sident de l\u2019U.C.I.A.; Girard, vice-pr\u00e9sident; Delert, directeur de la Caisse d&rsquo;Allocations familiales; Jeanrot, inspecteur des Contributions directes; Vervialle, inspecteur des Contributions indirectes; Canard, percepteur; Fabre, receveur des P. T. T.; L\u00e9pine, chef de gare; Bouchard, Bodin et de nombreux confectionneurs; M.\u00a0Leroux, directeur de la Cie G\u00e9n\u00e9rale des Eaux; les directeurs de banque, les entrepreneurs oui ont r\u00e9alis\u00e9 cette usine; M.\u00a0Pilet, chef des \u00e9ditions \u00ab\u00a0N. R.\u00a0\u00bb du Berry, etc.<\/p>\n<h1><span style=\"font-size: 12pt;\"><strong>Le pr\u00e9fet coupe le ruban tricolore<\/strong><\/span><\/h1>\n<p>En une courte allocution, M.\u00a0Gravereaux allait pr\u00e9senter la nouvelle usine, puis il invitait le pr\u00e9fet \u00e0 couper le ruban tricolore tenu par Mlles\u00a0Colette Pommepuv et Jeanine Lair devant l&rsquo;entr\u00e9e du hall.<\/p>\n<p>Mlle\u00a0Liliane Neugues pr\u00e9sentait les ciseaux \u00e0 M.\u00a0Lefranc qui coupait le ruban tricolore. Le cort\u00e8ge officiel p\u00e9n\u00e9trait alors dans l&rsquo;usine.<\/p>\n<p><a href=\"https:\/\/i0.wp.com\/lesgravereaux.marret.co\/wp-content\/uploads\/2016\/05\/1964-09-29-La-nouvelle-R%C3%A9publique-2d_wp.jpg?ssl=1\"><img data-recalc-dims=\"1\" loading=\"lazy\" decoding=\"async\" data-attachment-id=\"2983\" data-permalink=\"https:\/\/lesgravereaux.marret.co\/index.php\/les-etablissements-gravereaux\/argenton-la-sogec\/28-septembre-1964-inauguration-de-lusine-aux-baignettes\/dans-la-presse\/1964-09-29-la-nouvelle-republique-2d_wp\/\" data-orig-file=\"https:\/\/i0.wp.com\/lesgravereaux.marret.co\/wp-content\/uploads\/2016\/05\/1964-09-29-La-nouvelle-R%C3%A9publique-2d_wp.jpg?fit=591%2C395&amp;ssl=1\" data-orig-size=\"591,395\" data-comments-opened=\"1\" data-image-meta=\"{&quot;aperture&quot;:&quot;0&quot;,&quot;credit&quot;:&quot;&quot;,&quot;camera&quot;:&quot;&quot;,&quot;caption&quot;:&quot;&quot;,&quot;created_timestamp&quot;:&quot;0&quot;,&quot;copyright&quot;:&quot;&quot;,&quot;focal_length&quot;:&quot;0&quot;,&quot;iso&quot;:&quot;0&quot;,&quot;shutter_speed&quot;:&quot;0&quot;,&quot;title&quot;:&quot;&quot;,&quot;orientation&quot;:&quot;1&quot;}\" data-image-title=\"1964-09-29 La nouvelle R\u00e9publique 2d_wp\" data-image-description=\"\" data-image-caption=\"\" data-medium-file=\"https:\/\/i0.wp.com\/lesgravereaux.marret.co\/wp-content\/uploads\/2016\/05\/1964-09-29-La-nouvelle-R%C3%A9publique-2d_wp.jpg?fit=300%2C201&amp;ssl=1\" data-large-file=\"https:\/\/i0.wp.com\/lesgravereaux.marret.co\/wp-content\/uploads\/2016\/05\/1964-09-29-La-nouvelle-R%C3%A9publique-2d_wp.jpg?fit=591%2C395&amp;ssl=1\" class=\"wp-image-2983 alignleft\" src=\"https:\/\/i0.wp.com\/lesgravereaux.marret.co\/wp-content\/uploads\/2016\/05\/1964-09-29-La-nouvelle-R%C3%A9publique-2d_wp.jpg?resize=400%2C232&#038;ssl=1\" alt=\"1964-09-29 La nouvelle R\u00e9publique 2d_wp\" width=\"400\" height=\"232\" data-wp-pid=\"2983\" \/><\/a>Celle-ci allait \u00eatre visit\u00e9e en d\u00e9tail sous la conduite de MM.\u00a0Gravereaux et des chefs de service de cette entreprise. Apr\u00e8s le magasin de tissus, c&rsquo;\u00e9taient les ateliers de coupe, empaquetage, positionnement, confection parure, confection chemises et chemisettes, le triage, les presses-chemises, le pliage, le repassage, le conditionnement client, puis au rez-de-chauss\u00e9e les services d&rsquo;entretien \u00e9lectrique, machines \u00e0 coudre\u00a0: m\u00e9canique g\u00e9n\u00e9rale, la chaufferie, le service m\u00e9dical, la salle de r\u00e9union, les bureaux de direction, comptabilit\u00e9, planning, le service social, le secr\u00e9tariat, le stock chemises, les services d&rsquo;exp\u00e9dition.<\/p>\n<p>Les personnalit\u00e9s se plaisaient \u00e0 souligner la fa\u00e7on rationnelle dont avait \u00e9t\u00e9 con\u00e7ue cette usine.<\/p>\n<h1><span style=\"font-size: 12pt;\"><strong>M.\u00a0Gravereaux\u00a0: \u00ab\u00a0Argenton a toujours \u00e9t\u00e9 r\u00e9put\u00e9 pour la qualit\u00e9 du travail\u00a0\u00bb<\/strong><\/span><\/h1>\n<p>\u00c0 l&rsquo;issue de la visite, tout le monde se retrouvait pour un cocktail servi dans le hall d&rsquo;entr\u00e9e.<\/p>\n<p>M, Gravereaux, g\u00e9rant des \u00e9tablissements allait prononcer une allocution dans laquelle il d\u00e9clarait notamment\u00a0:<\/p>\n<p>\u00ab\u00a0L&rsquo;usine que vous venez de visiter est destin\u00e9e \u00e0 \u00eatre le centre de toutes les fabrications de notre groupe. Depuis plusieurs ann\u00e9es d\u00e9j\u00e0 nous y r\u00e9duisons notre activit\u00e9 industrielle et ce n&rsquo;est que progressivement que nous terminerons cette op\u00e9ration pour permettre \u00e0 tout notre personnel parisien de se reclasser.<\/p>\n<p>\u00ab\u00a0Cette usine recevra alors toutes les mati\u00e8res premi\u00e8res et en ex\u00e9cutera la coupe. Tous les produits confectionn\u00e9s v seront rassembl\u00e9s pour y \u00eatre repass\u00e9s, press\u00e9s, conditionn\u00e9s, stock\u00e9s et exp\u00e9di\u00e9s.<\/p>\n<p>\u00ab\u00a0Vous avez vu nos ouvri\u00e8res au travail. Vous avez pu vous rendre compte que des ouvri\u00e8res chevronn\u00e9es se trouvaient c\u00f4te \u00e0 c\u00f4te avec de tr\u00e8s jeunes filles.<\/p>\n<p>\u00ab\u00a0Argenton est depuis plus d&rsquo;un si\u00e8cle un grand centre de confection de chemiserie. C&rsquo;est en 1860 que fut install\u00e9e dans notre ancienne usine la premi\u00e8re machine \u00e0 coudre industrielle. Cet \u00e9v\u00e9nement est rappel\u00e9 par une plaque comm\u00e9morative scell\u00e9e au-dessus du portail de notre ancienne usine. L&rsquo;installation de cette premi\u00e8re machine \u00e0 coudre industrielle marque en fait le d\u00e9but de l&rsquo;histoire de notre profession.<\/p>\n<p>\u00ab\u00a0Argenton a toujours \u00e9t\u00e9 r\u00e9put\u00e9 par la qualit\u00e9 du travail ex\u00e9cut\u00e9 par un personnel hautement qualifi\u00e9, et une tradition voulait que les jeunes filles d&rsquo;Argenton naquissent \u00e0 c\u00f4t\u00e9 d&rsquo;une machine \u00e0 coudre, ce qui s&rsquo;explique par le fait que le travail de confection \u00e9tait en majorit\u00e9 fait \u00e0 domicile.<\/p>\n<p>\u00ab\u00a0Les jeunes grandissaient \u00e0 c\u00f4t\u00e9 de cette machine \u00e0 coudre que leur m\u00e8re utilisait sans cesse. Les jeunes filles aidaient leur m\u00e8re par des travaux de tra\u00e7age et ces petits travaux aiguisaient leur dext\u00e9rit\u00e9 et leur donnaient une premi\u00e8re formation professionnelle.<\/p>\n<p>\u00ab\u00a0Avant leur rentr\u00e9e \u00e0 l\u2019atelier, ces jeunes filles avaient aussi appris l&rsquo;encha\u00eenement des op\u00e9rations de confection\u00a0: elles comprenaient le travail.<\/p>\n<p>\u00ab\u00a0Le travail \u00e0 domicile s&rsquo;\u00e9tant peu \u00e0 peu \u00e9teint, pour devenir pratiquement inexistant \u00e0 Argenton, il a fallu trouver de nouveaux moyens de formation professionnelle.\u00a0\u00bb<\/p>\n<p>M. Gravereaux concluait\u00a0:<\/p>\n<p>\u00ab\u00a0Nos projets s&rsquo;ins\u00e8rent dans l&rsquo;expansion sans laquelle une entreprise ne petit vivre. Nous nous f\u00e9licitons de la faire dans cette ville d&rsquo;Argenton, pour laquelle je sens monter dans le personnel dirigeant de Paris un attachement qui permettra par des contacts plus fr\u00e9quents une \u00e9volution rapide de notre usine, maintenant la principale de notre activit\u00e9.\u00a0\u00bb<\/p>\n<h1><span style=\"font-size: 12pt;\"><strong>Une journ\u00e9e \u00e0 marquer d&rsquo;une pierre blanche<\/strong><\/span><\/h1>\n<p><a href=\"https:\/\/i0.wp.com\/lesgravereaux.marret.co\/wp-content\/uploads\/2016\/05\/1964-09-29-La-nouvelle-R%C3%A9publique-2b_wp.jpg?ssl=1\"><img data-recalc-dims=\"1\" loading=\"lazy\" decoding=\"async\" data-attachment-id=\"2981\" data-permalink=\"https:\/\/lesgravereaux.marret.co\/index.php\/les-etablissements-gravereaux\/argenton-la-sogec\/28-septembre-1964-inauguration-de-lusine-aux-baignettes\/dans-la-presse\/1964-09-29-la-nouvelle-republique-2b_wp\/\" data-orig-file=\"https:\/\/i0.wp.com\/lesgravereaux.marret.co\/wp-content\/uploads\/2016\/05\/1964-09-29-La-nouvelle-R%C3%A9publique-2b_wp.jpg?fit=709%2C372&amp;ssl=1\" data-orig-size=\"709,372\" data-comments-opened=\"1\" data-image-meta=\"{&quot;aperture&quot;:&quot;0&quot;,&quot;credit&quot;:&quot;&quot;,&quot;camera&quot;:&quot;&quot;,&quot;caption&quot;:&quot;&quot;,&quot;created_timestamp&quot;:&quot;0&quot;,&quot;copyright&quot;:&quot;&quot;,&quot;focal_length&quot;:&quot;0&quot;,&quot;iso&quot;:&quot;0&quot;,&quot;shutter_speed&quot;:&quot;0&quot;,&quot;title&quot;:&quot;&quot;,&quot;orientation&quot;:&quot;1&quot;}\" data-image-title=\"1964-09-29 La nouvelle R\u00e9publique 2b_wp\" data-image-description=\"\" data-image-caption=\"\" data-medium-file=\"https:\/\/i0.wp.com\/lesgravereaux.marret.co\/wp-content\/uploads\/2016\/05\/1964-09-29-La-nouvelle-R%C3%A9publique-2b_wp.jpg?fit=300%2C157&amp;ssl=1\" data-large-file=\"https:\/\/i0.wp.com\/lesgravereaux.marret.co\/wp-content\/uploads\/2016\/05\/1964-09-29-La-nouvelle-R%C3%A9publique-2b_wp.jpg?fit=640%2C336&amp;ssl=1\" class=\"wp-image-2981 alignright\" src=\"https:\/\/i0.wp.com\/lesgravereaux.marret.co\/wp-content\/uploads\/2016\/05\/1964-09-29-La-nouvelle-R%C3%A9publique-2b_wp.jpg?resize=400%2C210&#038;ssl=1\" alt=\"1964-09-29 La nouvelle R\u00e9publique 2b_wp\" width=\"400\" height=\"210\" data-wp-pid=\"2981\" srcset=\"https:\/\/i0.wp.com\/lesgravereaux.marret.co\/wp-content\/uploads\/2016\/05\/1964-09-29-La-nouvelle-R%C3%A9publique-2b_wp.jpg?w=709&amp;ssl=1 709w, https:\/\/i0.wp.com\/lesgravereaux.marret.co\/wp-content\/uploads\/2016\/05\/1964-09-29-La-nouvelle-R%C3%A9publique-2b_wp.jpg?resize=300%2C157&amp;ssl=1 300w, https:\/\/i0.wp.com\/lesgravereaux.marret.co\/wp-content\/uploads\/2016\/05\/1964-09-29-La-nouvelle-R%C3%A9publique-2b_wp.jpg?resize=600%2C315&amp;ssl=1 600w\" sizes=\"auto, (max-width: 400px) 100vw, 400px\" \/><\/a>M. Pierre Lefranc prenait ensuite la parole.<\/p>\n<p>\u00ab\u00a0Je crois, d\u00e9clarait-il tout d&rsquo;abord, que cette journ\u00e9e doit \u00eatre marqu\u00e9e d&rsquo;une pierre blanche pour la ville d&rsquo;Argenton et pour le d\u00e9partement de l&rsquo;Indre. Nous venons de visiter avec un grand int\u00e9r\u00eat cette magnifique r\u00e9alisation que constitue le rajeunissement d&rsquo;une usine argentonnaise. Je voudrais attirer votre attention sur la collaboration fructueuse dont cet ensemble est le r\u00e9sultat, collaboration d&rsquo;une entreprise priv\u00e9e, d&rsquo;une collectivit\u00e9 locale et de l&rsquo;\u00c9tat. En effet un effort a \u00e9t\u00e9 consenti par la ville d&rsquo;Argenton et une aide a \u00e9t\u00e9 apport\u00e9e par le pouvoir central sous forme de d\u00e9gr\u00e8vement. Nous conna\u00eetrons d&rsquo;autres exemples comme celui-ci dans l&rsquo;Indre, car cette r\u00e9alisation marque la transformation de notre d\u00e9partement o\u00f9 l&rsquo;industrie prend une place de plus en plus grande.\u00a0\u00bb<\/p>\n<p>Le pr\u00e9fet de l&rsquo;Indre rendait ensuite hommage \u00e0 l&rsquo;administration de l&rsquo;\u00c9conomie Nationale, au Comit\u00e9 d\u00e9partemental d&rsquo;expansion \u00e9conomique qui ont jou\u00e9 un r\u00f4le d\u00e9terminant dans la transformation de notre d\u00e9partement.<\/p>\n<p>\u00ab\u00a0Cette usine, concluait-il, est un des plus remarquables r\u00e9sultats obtenus dans cette voie, aussi en terminant, je forme des v\u0153ux de prosp\u00e9rit\u00e9 \u00e0 l&rsquo;usine Gravereaux.\u00a0\u00bb<\/p>\n<p>Un repas, puis un d\u00e9fil\u00e9 de mannequins cl\u00f4turait cette journ\u00e9e.<\/p>\n<p style=\"text-align: right;\"><span style=\"font-size: 10pt;\"><em>La Nouvelle R\u00e9publique, 29 septembre 1964<\/em><\/span><\/p>\n<hr \/>\n<p><strong><a href=\"https:\/\/i0.wp.com\/lesgravereaux.marret.co\/wp-content\/uploads\/2016\/05\/1964-09-30-XX-1_wp.jpg?ssl=1\"><img data-recalc-dims=\"1\" loading=\"lazy\" decoding=\"async\" data-attachment-id=\"2987\" data-permalink=\"https:\/\/lesgravereaux.marret.co\/index.php\/les-etablissements-gravereaux\/argenton-la-sogec\/28-septembre-1964-inauguration-de-lusine-aux-baignettes\/1964-09-30-xx-1_wp\/\" data-orig-file=\"https:\/\/i0.wp.com\/lesgravereaux.marret.co\/wp-content\/uploads\/2016\/05\/1964-09-30-XX-1_wp.jpg?fit=591%2C171&amp;ssl=1\" data-orig-size=\"591,171\" data-comments-opened=\"1\" data-image-meta=\"{&quot;aperture&quot;:&quot;0&quot;,&quot;credit&quot;:&quot;&quot;,&quot;camera&quot;:&quot;&quot;,&quot;caption&quot;:&quot;&quot;,&quot;created_timestamp&quot;:&quot;0&quot;,&quot;copyright&quot;:&quot;&quot;,&quot;focal_length&quot;:&quot;0&quot;,&quot;iso&quot;:&quot;0&quot;,&quot;shutter_speed&quot;:&quot;0&quot;,&quot;title&quot;:&quot;&quot;,&quot;orientation&quot;:&quot;1&quot;}\" data-image-title=\"1964-09-30 XX-1_wp\" data-image-description=\"\" data-image-caption=\"\" data-medium-file=\"https:\/\/i0.wp.com\/lesgravereaux.marret.co\/wp-content\/uploads\/2016\/05\/1964-09-30-XX-1_wp.jpg?fit=300%2C87&amp;ssl=1\" data-large-file=\"https:\/\/i0.wp.com\/lesgravereaux.marret.co\/wp-content\/uploads\/2016\/05\/1964-09-30-XX-1_wp.jpg?fit=591%2C171&amp;ssl=1\" class=\"alignnone size-full wp-image-2987\" src=\"https:\/\/i0.wp.com\/lesgravereaux.marret.co\/wp-content\/uploads\/2016\/05\/1964-09-30-XX-1_wp.jpg?resize=591%2C171&#038;ssl=1\" alt=\"1964-09-30 XX-1_wp\" width=\"591\" height=\"171\" data-wp-pid=\"2987\" srcset=\"https:\/\/i0.wp.com\/lesgravereaux.marret.co\/wp-content\/uploads\/2016\/05\/1964-09-30-XX-1_wp.jpg?w=591&amp;ssl=1 591w, https:\/\/i0.wp.com\/lesgravereaux.marret.co\/wp-content\/uploads\/2016\/05\/1964-09-30-XX-1_wp.jpg?resize=300%2C87&amp;ssl=1 300w\" sizes=\"auto, (max-width: 591px) 100vw, 591px\" \/><\/a><\/strong><\/p>\n<p>La journ\u00e9e du 28 septembre doit \u00eatre marqu\u00e9e d&rsquo;une pierre blanche par Argenton-sur-Creuse, <em>devait d\u00e9clarer M. Pierre Letranc, pr\u00e9fet de l&rsquo;Indre, en inaugurant la nouvelle usine Gravereaux.<\/em><\/p>\n<p><em>En effet, celle coquette cit\u00e9 des rives de la Creuse peut maintenant s\u2019enorgueillir de poss\u00e9der l&rsquo;un des plus beaux ensembles de confection du centre de la France.<\/em><\/p>\n<p><em>Un b\u00e2timent moderne, dont la r\u00e9ussite est indiscutable, situ\u00e9e dans un cadre de verdure en bordure de la Creuse, telles sont les caract\u00e9ristiques de l\u2019usine Gravereaux, \u00e9difi\u00e9e au lieu-dit les Baignettes.<\/em><\/p>\n<p><em>En fin de matin\u00e9e arrivaient donc \u00e0 Argenton un grand nombre de personnalit\u00e9s parisiennes, extra locales et locales, afin de proc\u00e9der \u00e0 l&rsquo;inauguration de cette fort belle usine.<\/em><\/p>\n<p><strong>La r\u00e9ception et la visite<\/strong><\/p>\n<p><a href=\"https:\/\/i0.wp.com\/lesgravereaux.marret.co\/wp-content\/uploads\/2016\/05\/1964-09-30-XX-2_wp.jpg?ssl=1\"><img data-recalc-dims=\"1\" loading=\"lazy\" decoding=\"async\" data-attachment-id=\"2988\" data-permalink=\"https:\/\/lesgravereaux.marret.co\/index.php\/les-etablissements-gravereaux\/argenton-la-sogec\/28-septembre-1964-inauguration-de-lusine-aux-baignettes\/dans-la-presse\/1964-09-30-xx-2_wp\/\" data-orig-file=\"https:\/\/i0.wp.com\/lesgravereaux.marret.co\/wp-content\/uploads\/2016\/05\/1964-09-30-XX-2_wp.jpg?fit=591%2C405&amp;ssl=1\" data-orig-size=\"591,405\" data-comments-opened=\"1\" data-image-meta=\"{&quot;aperture&quot;:&quot;0&quot;,&quot;credit&quot;:&quot;&quot;,&quot;camera&quot;:&quot;&quot;,&quot;caption&quot;:&quot;&quot;,&quot;created_timestamp&quot;:&quot;0&quot;,&quot;copyright&quot;:&quot;&quot;,&quot;focal_length&quot;:&quot;0&quot;,&quot;iso&quot;:&quot;0&quot;,&quot;shutter_speed&quot;:&quot;0&quot;,&quot;title&quot;:&quot;&quot;,&quot;orientation&quot;:&quot;1&quot;}\" data-image-title=\"1964-09-30 XX-2_wp\" data-image-description=\"\" data-image-caption=\"\" data-medium-file=\"https:\/\/i0.wp.com\/lesgravereaux.marret.co\/wp-content\/uploads\/2016\/05\/1964-09-30-XX-2_wp.jpg?fit=300%2C206&amp;ssl=1\" data-large-file=\"https:\/\/i0.wp.com\/lesgravereaux.marret.co\/wp-content\/uploads\/2016\/05\/1964-09-30-XX-2_wp.jpg?fit=591%2C405&amp;ssl=1\" class=\"wp-image-2988 alignright\" src=\"https:\/\/i0.wp.com\/lesgravereaux.marret.co\/wp-content\/uploads\/2016\/05\/1964-09-30-XX-2_wp.jpg?resize=404%2C277&#038;ssl=1\" alt=\"1964-09-30 XX-2_wp\" width=\"404\" height=\"277\" data-wp-pid=\"2988\" srcset=\"https:\/\/i0.wp.com\/lesgravereaux.marret.co\/wp-content\/uploads\/2016\/05\/1964-09-30-XX-2_wp.jpg?w=591&amp;ssl=1 591w, https:\/\/i0.wp.com\/lesgravereaux.marret.co\/wp-content\/uploads\/2016\/05\/1964-09-30-XX-2_wp.jpg?resize=300%2C206&amp;ssl=1 300w\" sizes=\"auto, (max-width: 404px) 100vw, 404px\" \/><\/a>C&rsquo;est M.\u00a0Jean-Ren\u00e9 Gravereaux, directeur de la SOGEC \u00e0 Argenton qui avait la double tache d&rsquo;accueillir les personnalit\u00e9s et de pr\u00e9senter tr\u00e8s bri\u00e8vement ce que comporterait cette visite inaugurale, rappelant au passage qu&rsquo;elle fut l&rsquo;\u00e9volution de cette r\u00e9alisation.<\/p>\n<p>Quelques instants plus tard, le ruban tricolore barrant l&rsquo;entr\u00e9e du hall de r\u00e9ception \u00e9tait coup\u00e9 par M. le Pr\u00e9fet de l&rsquo;Indre. Ce ruban \u00e9tait tenu par Mlles\u00a0Colette Pommepuy et Jeanine Lair, tandis que Mlle\u00a0Liliane Neugues tendait les ciseaux au repr\u00e9sentant du Gouvernement.<\/p>\n<p>Aussit\u00f4t, commen\u00e7ait la visite de cette nouvelle usine dont la superficie totale repr\u00e9sente 35.000\u00a0m<sup>2<\/sup>, dont 3.500\u00a0m<sup>2<\/sup> pour les b\u00e2timents. Elle comporte un hall de fabrication de 82\u00a0m\u00a0x 44\u00a0m. L&rsquo;usine de Baignettes emploie 600\u00a0personnes venues d&rsquo;Argenton et des environs imm\u00e9diats.<\/p>\n<p>Tout au long de cette visite, M.\u00a0Arrighi de Casanova, directeur de l&rsquo;Expansion Industrielle au minist\u00e8re de l&rsquo;Industrie se faisait expliquer Ies diff\u00e9rentes phases de la fabrication prenant un tr\u00e8s vif int\u00e9r\u00eat au d\u00e9veloppement de cette usine de confection\u00a0: hommes, femmes et enfants.<\/p>\n<p><strong>Les personnalit\u00e9s<\/strong><\/p>\n<p>M. Le Pr\u00e9fet de l&rsquo;Indre, M.\u00a0Arrighi de Casanova, directeur de l&rsquo;Expansion Industrielle au minist\u00e8re de l&rsquo;Industrie, M.\u00a0Rotinat, s\u00e9nateur, pr\u00e9sident du Conseil g\u00e9n\u00e9ral de l&rsquo;Indre, M.\u00a0Vieugne, Inspecteur g\u00e9n\u00e9ral de l\u2019\u00c9conomie Nationale au Minist\u00e8re de l\u2019\u00c9conome Nationale, M.\u00a0Frappat, maire d&rsquo;Argenton-sur-Creuse et conseiller g\u00e9n\u00e9ral, M.\u00a0Sauvage, sous-pr\u00e9fet aux Affaires Economiques, M.\u00a0Deschizeaux, d\u00e9put\u00e9-maire de Ch\u00e2teauroux, M.\u00a0Lavenant, sous-directeur des Textiles et cuirs au Minist\u00e8re de l&rsquo;Industrie, M.\u00a0Pierre Belleteste, pr\u00e9sident de la F\u00e9d\u00e9ration Nationale des Industries de Lingerie, M.\u00a0Laury, pr\u00e9sident de la Section F\u00e9d\u00e9rale des Industries de la Chemiserie. M.\u00a0Lecointre, pr\u00e9sident de la Chambre Syndicale des Chemisiers de France, M.\u00a0Picard, pr\u00e9sident de la Chambre de Commerce et d&rsquo;Industrie de l&rsquo;Indre, M.\u00a0Philippe Gravereaux, g\u00e9rant-directeur g\u00e9n\u00e9ral des \u00c9ts R.\u00a0Gravereaux, M.\u00a0Jean-Ren\u00e9 Gravereaux, g\u00e9rant-directeur de la fabrication des \u00c9ts R.\u00a0Gravereaux et SOGEC. M.\u00a0Raymond Gravereaux, architecte-conseil, architecte en chef des b\u00e2timents civils et des b\u00e2timents nationaux, M.\u00a0Michel Bodin, architecte de l&rsquo;usine, M.\u00a0Lamarre, directeur des Services de la Construction \u00e0 la Pr\u00e9fecture de l&rsquo;Indre, M G\u00e9rard Gravereaux, directeur du d\u00e9partement Cardin, M.\u00a0Bernard Gravereaux, g\u00e9rant de la Soci\u00e9t\u00e9 Harryland, Mme\u00a0Fanet-Gravercaux, associ\u00e9e, Mme\u00a0Lesur-Gravereaux, directrice du d\u00e9partement Babyfil. M.\u00a0Fosset. S\u00e9nateur. M.\u00a0Audoin, pr\u00e9sident du Syndicat de la Confection, M.\u00a0Delert, directeur de la Caisse d&rsquo;Allocations Familiales, M.\u00a0Rolland, directeur de la Soci\u00e9t\u00e9 G\u00e9n\u00e9rale \u00e0 Ch\u00e2teauroux, les membres de la Chambre de Commerce, MM.\u00a0Pigneux et Bouchardon, vice-pr\u00e9sidents, Gu\u00e9ny, tr\u00e9sorier, Biet, secr\u00e9taire g\u00e9n\u00e9ral, Mlle\u00a0Touzet, secr\u00e9taire. M.\u00a0Falconnetti, directeur du Comit\u00e9 d&rsquo;Expansion Economique, Louvet, directeur du CLI, Franconnet, pr\u00e9sident d&rsquo;honneur de la Chambre de Commerce, Bodin et Bonnaire, du Syndicat d&rsquo;Initative, Brunet, Guignerat, Auclert, adjoints au Maire d&rsquo;Argenton, Robinet, secr\u00e9taire g\u00e9n\u00e9ral de la mairie, M.\u00a0Bodin, architecte, Michel, pr\u00e9sident de l&rsquo;Union Commerciale, Girard. vice-pr\u00e9sident, Canard. Percepteur, L\u00e9pine, chef de gare. Pygrenier, inspecteur central des PTT, Vervins, Inspecteur des Contributions indirectes, Mme\u00a0Delaneau, secr\u00e9taire du Comit\u00e9 d&rsquo;entreprise, M.\u00a0Lhersonneau, tr\u00e9sorier, etc.<\/p>\n<p><strong>Le discours inaugural<\/strong><\/p>\n<p>\u00c0 l&rsquo;issue de la visite de l&rsquo;usine, M.\u00a0Jean-Ren\u00e9 Gravereaux, directeur de la SOGEC, s&rsquo;adressait \u00e0 l&rsquo;assistance\u00a0:<\/p>\n<p style=\"padding-left: 30px;\"><em>M. le Pr\u00e9fet,<\/em><br \/>\n<em>M. le Directeur de l\u2019Expansion au Minist\u00e8re de l\u2019Industrie,<\/em><br \/>\n<em>Mesdames,<\/em><br \/>\n<em>Messieurs,<\/em><\/p>\n<p style=\"padding-left: 30px;\"><em>L&rsquo;usine que vous venez de visiter est destin\u00e9e \u00e0 \u00eatre le centre de toutes les fabrications de notre groupe Gravereaux, car elle ne le sera que lorsque nous aurons termin\u00e9 la d\u00e9centralisation de notre usine de Boulogne-sur-Seine.<\/em><\/p>\n<p style=\"padding-left: 30px;\"><em>Depuis plusieurs ann\u00e9es d\u00e9j\u00e0, nous y r\u00e9duisons notre activit\u00e9 industrielle, et ce n&rsquo;est que progressivement que nous terminerons cette op\u00e9ration pour permettre \u00e0 tout notre personnel parisien de se reclasser.<\/em><\/p>\n<p style=\"padding-left: 30px;\"><em>Cette usine recevra alors toutes les mati\u00e8res premi\u00e8res et en ex\u00e9cutera la coupe. Tous les produits confectionn\u00e9s y seront rassembl\u00e9s pour y \u00eatre repass\u00e9s, press\u00e9s, conditionn\u00e9s, stock\u00e9s et exp\u00e9di\u00e9s.<\/em><\/p>\n<p style=\"padding-left: 30px;\"><em>Mais une partie seulement de l\u2019usine est r\u00e9serv\u00e9e au piquage de chemises, alors que gravitent autour de ce centre six ateliers de piquage annexe.<\/em><\/p>\n<p style=\"padding-left: 30px;\"><em>Vous avez vu nos ouvri\u00e8res au travail, vous avez pu vous rendre compte que des ouvri\u00e8res chevronn\u00e9es se trouvaient c\u00f4te \u00e0 c\u00f4te avec de tr\u00e8s jeunes filles.<\/em><\/p>\n<p style=\"padding-left: 30px;\"><em>Argenton est depuis plus d\u2019un si\u00e8cle un grand centre de confection de chemiserie.<\/em><\/p>\n<p style=\"padding-left: 30px;\"><em>C&rsquo;est en 1860 que fut install\u00e9e dans notre ancienne usine la premi\u00e8re machine \u00e0 coudre industrielle. Cet \u00e9v\u00e8nement est rappel\u00e9 par une plaque comm\u00e9morative scell\u00e9e au-dessus du portail de notre ancienne usine. L\u2019installation de cette premi\u00e8re machine \u00e0 coudre industrielle marque en fait le d\u00e9but de l&rsquo;histoire de notre profession.<\/em><\/p>\n<p style=\"padding-left: 30px;\"><em>Argenton a toujours \u00e9t\u00e9 r\u00e9put\u00e9 pour la qualit\u00e9 du travail ex\u00e9cut\u00e9 par un personnel hautement qualifi\u00e9, et une tradition voulait que les jeunes filles \u00e0 Argenton naquissent \u00e0 c\u00f4t\u00e9 d&rsquo;une machine \u00e0 coudre ce qui explique par le fait que le travail de confection \u00e9tait en majorit\u00e9 fait \u00e0 domicile.<\/em><\/p>\n<p style=\"padding-left: 30px;\"><em>Le travail \u00e0 domicile s&rsquo;\u00e9tant peu \u00e0 peu \u00e9teint pour devenir pratiquement inexistant \u00e0 Argenton, il a fallu trouver de nouveaux moyens de formation professionnelle.<\/em><\/p>\n<p style=\"padding-left: 30px;\"><em>L\u2019enseignement technique a cr\u00e9\u00e9 ici l\u2019un des premiers centres d&rsquo;apprentissage de confection, chemiserie-lingerie, devenu depuis lors Coll\u00e8ge d\u2019enseignement technique.<\/em><\/p>\n<p style=\"padding-left: 30px;\"><em>Mais ces sections d&rsquo;apprentissage, actuellement au nombre de 3, se sont av\u00e9r\u00e9es rapidement insuffisantes pour les besoins locaux et nous avons cr\u00e9\u00e9 en plein accord avec l&rsquo;enseignement technique, n\u00f4tre propre centre d&rsquo;apprentissage qui fonctionne depuis 4 ans. Nous y formons en un an 25 \u00e0 30 jeunes filles \u00e0 des op\u00e9rations vari\u00e9es.<\/em><\/p>\n<p style=\"padding-left: 30px;\"><em>Nous avons rejet\u00e9 la formation de l&rsquo;op\u00e9ration trop sp\u00e9cialis\u00e9e pour des raisons humaines d&rsquo;abord, et puis \u00e0 cause de productions si vari\u00e9es que nos besoins en ouvri\u00e8res hautement qualifi\u00e9es ne cessent de cro\u00eetre.<\/em><\/p>\n<p style=\"padding-left: 30px;\"><em>Notre souci principal est la qualit\u00e9 que nous recherchons \u00e0 tous les stades, depuis 1a r\u00e9ception des tissus jusqu&rsquo;\u00e0 la qualit\u00e9 de nos emballages. Qualit\u00e9 dans un prix de revient comp\u00e9titif, d&rsquo;o\u00f9 cet imp\u00e9ratif permanent d&rsquo;organisation sans cesse \u00e0 revoir. Notre organisation cherche \u00e0 \u00eatre humaine et le cadre que nous avons cr\u00e9\u00e9 vise ce premier but.<\/em><\/p>\n<p style=\"padding-left: 30px;\"><em>Nos projets s\u2019ins\u00e8rent dans l&rsquo;expansion, sans laquelle une entreprise ne peut vivre.<\/em><\/p>\n<p style=\"padding-left: 30px;\"><em>Nous nous f\u00e9licitons de la faire dans cette ville d\u2019Argenton pour laquelle je sens monter dans le personnel dirigeant de Paris un attachement qui permettra par des contacts plus fr\u00e9quents, une \u00e9volution rapide de notre usine, maintenant, la principale de notre groupe.<\/em><\/p>\n<p><strong>M. le Pr\u00e9fet prend la parole<\/strong><\/p>\n<p>Succ\u00e9dant \u00e0 M.\u00a0Gravereaux, M.\u00a0Pierre Lefranc, pr\u00e9fet de l&rsquo;Indre prenait la parole pour dire tout d&rsquo;abord que cette journ\u00e9e \u00e9tait marqu\u00e9e d&rsquo;une pierre blanche pour la ville d&rsquo;Argenton et pour le d\u00e9partement.<\/p>\n<p style=\"padding-left: 30px;\"><em>\u00ab\u00a0Ce rajeunissement d&rsquo;une entreprise d\u00e9j\u00e0 ancienne, poursuivait-il, est tr\u00e8s agr\u00e9able.<\/em><\/p>\n<p style=\"padding-left: 30px;\"><em>Ce r\u00e9sultat est la suite de deux catastrophes\u00a0: la guerre d&rsquo;une part et les inondations de la Creuse d\u2019autre part.<\/em><\/p>\n<p style=\"padding-left: 30px;\"><em>Or de ces deux catastrophes est sortie cette belle r\u00e9ussite.<\/em><\/p>\n<p style=\"padding-left: 30px;\"><em>Je ne puis qu\u2019adresser mes compliments aux animateurs. Mais cependant je dois attirer votre attention sur le r\u00e9sultat de l\u2019effort consenti \u00e0 la fois par une entreprise priv\u00e9e, la collectivit\u00e9 locale, et l\u2019\u00c9tat.<\/em><\/p>\n<p style=\"padding-left: 30px;\"><em>C\u2019est un fait, une r\u00e9volution dans l\u2019\u00e9volution, et il convient de rendre hommage \u00e0 l\u2019effort de l\u2019\u00c9conomie nationale.<\/em><\/p>\n<p style=\"padding-left: 30px;\"><em>Nous esp\u00e9rons conna\u00eetre dans ce d\u00e9partement d\u2019autres r\u00e9alisations. L\u2019Indre est un d\u00e9partement o\u00f9 l\u2019industrie a pris une large place et ceux qui traversent ce d\u00e9partement peuvent s\u2019en rendre compte. Le Comit\u00e9 d\u2019Expansion \u00c9conomique a jou\u00e9 un grand r\u00f4le et le Pr\u00e9fet salue ceux qui se sont attach\u00e9s \u00e0 cette t\u00e2che en particulier, son pr\u00e9sident M. Rotinat\u00a0\u00bb<\/em><\/p>\n<p>Le repr\u00e9sentant du Gouvernement conclut en adressant \u00e0 la direction des \u00c9ts Gravereaux des v\u0153ux de prosp\u00e9rit\u00e9.<\/p>\n<p><strong>Le banquet<\/strong><\/p>\n<p>\u00c0 14\u00a0h, un banquet qui r\u00e9unissait un grand nombre de personnalit\u00e9s \u00e9tait servi dans l\u2019ancienne usine, en bordure de la Creuse.<\/p>\n<p>Un d\u00e9licieux menu avait \u00e9t\u00e9 pr\u00e9par\u00e9 et servi par l\u2019excellent traiteur castelroussin, M.\u00a0Maurice Buisson, de Ch\u00e2teauroux.<\/p>\n<p>Le saumon de la Creuse, la pintade en barbouille, et les Biquetins du Berry, figuraient au menu.<\/p>\n<p>En interm\u00e8de, les collections des \u00c9ts Gravereaux \u00e9taient pr\u00e9sent\u00e9es \u00e0 l\u2019assistance.<\/p>\n<p>Au dessert, plusieurs personnalit\u00e9s devaient prendre la parole.<\/p>\n<p>Tout d\u2019abord M.\u00a0Ph.\u00a0Gravereaux, directeur g\u00e9n\u00e9ral, prenait la parole pour remercier tous ceux qui avaient honor\u00e9 cette inauguration de leur pr\u00e9sence.<\/p>\n<p style=\"padding-left: 30px;\"><em>\u00ab\u00a0C\u2019est un esprit familial, disait-il en substance, qui anime notre affaire, affaire qui se trouve en pleine expansion.\u00a0\u00bb<\/em><\/p>\n<p>Il en rappela l\u2019\u00e9volution et souhaita que l\u2019ambiance soit agr\u00e9able dans le nouveau cadre.<\/p>\n<p>Et il concluait\u00a0: <em>\u00ab\u00a0Je suis confiant dans l\u2019avenir de notre maison, gr\u00e2ce \u00e0 l\u2019activit\u00e9 de r\u00e9seaux commerciaux tr\u00e8s dynamiques.\u00a0\u00bb<\/em><\/p>\n<p>M. Belleteste, pr\u00e9sident de la F\u00e9d\u00e9ration des industries de lingerie faisait le point de la confection sur le plan national.<\/p>\n<p>Prenant la parole, M.\u00a0Arrighi de Casanova devait tout d\u2019abord faire un rapide historique de l\u2019usine Gravereaux qui s\u2019installa \u00e0 Argenton en 1941, et commen\u00e7a \u00e0 prendre une certaine expansion en 1944.<\/p>\n<p>L\u2019orateur commentait ensuite la visite qu\u2019il venait de faire et f\u00e9licitait la direction des \u00c9ts Gravereaux pour les heureux am\u00e9nagements r\u00e9alis\u00e9s.<\/p>\n<p><em>\u00ab\u00a0Sans l\u2019aide de l\u2019\u00c9tat, avec le concours d\u2019une Municipalit\u00e9 tr\u00e8s compr\u00e9hensive\u00a0\u00bb<\/em>, souligna l\u2019orateur qui poursuivit en \u00e9voquant l\u2019avenir industriel de la r\u00e9gion d\u2019Argenton qui peut beaucoup esp\u00e9rer, car elle poss\u00e8de des avantages r\u00e9els\u00a0: Beaut\u00e9 de site, proximit\u00e9 de Paris, gaz de Lacq, et autant d\u2019atouts qui permettent \u00e0 Argenton de rester une ville tr\u00e8s active qui vit avec son \u00e9poque.<\/p>\n<p>M.Lecointre remerciait ensuite la direction de l\u2019usine pour l\u2019excellent accueil qui avait \u00e9t\u00e9 r\u00e9serv\u00e9 aux visiteurs.<\/p>\n<p>&nbsp;<\/p>\n<p>&nbsp;<\/p>\n","protected":false},"excerpt":{"rendered":"<p>Sud-Ouest Information, d\u00e9cembre 1964 Les \u00c9tablissements Gravereaux viennent de construire \u00e0 Argenton-sur-Creuse une nouvelle usine aux \u00ab\u00a0Baignettes\u00a0\u00bb en bordure de la route d\u2019\u00c9guzon \u00e0 la sortie de la ville. Construite sur un terrain de 35.000\u00a0m2 c&rsquo;est une magnifique r\u00e9alisation dot\u00e9e &hellip; <a href=\"https:\/\/lesgravereaux.marret.co\/index.php\/les-etablissements-gravereaux\/argenton-la-sogec\/28-septembre-1964-inauguration-de-lusine-aux-baignettes\/dans-la-presse\/\">Continuer la lecture <span class=\"meta-nav\">&rarr;<\/span><\/a><\/p>\n","protected":false},"author":1,"featured_media":0,"parent":2990,"menu_order":0,"comment_status":"closed","ping_status":"closed","template":"","meta":{"ngg_post_thumbnail":0,"jetpack_post_was_ever_published":false,"footnotes":""},"class_list":["post-3018","page","type-page","status-publish","hentry"],"jetpack_sharing_enabled":true,"jetpack_shortlink":"https:\/\/wp.me\/P7ERyi-MG","jetpack-related-posts":[{"id":2990,"url":"https:\/\/lesgravereaux.marret.co\/index.php\/les-etablissements-gravereaux\/argenton-la-sogec\/28-septembre-1964-inauguration-de-lusine-aux-baignettes\/","url_meta":{"origin":3018,"position":0},"title":"28 septembre 1964 &#8211; Inauguration de l&rsquo;usine aux Baignettes","author":"marretgravereaux","date":"22 mai 2016","format":false,"excerpt":"En 1957, les \u00c9tablissements Gravereaux d\u00e9cident de regrouper leurs divers ateliers et projettent la construction d\u2019une nouvelle usine \u00e0 Argenton-sur-Creuse, dans le quartier des Baignettes. Mais ce n\u2019est qu\u2019en 1963-1964 que celle-ci sera b\u00e2tie. L\u2019inauguration, en grande pompe, est pr\u00e9vue pour le 28 septembre 1964. Plusieurs invit\u00e9s sp\u00e9ciaux doivent venir\u2026","rel":"","context":"Article similaire","block_context":{"text":"Article similaire","link":""},"img":{"alt_text":"1964-09-21 Ets Gr - Invitation_wp","src":"https:\/\/i0.wp.com\/lesgravereaux.marret.co\/wp-content\/uploads\/2016\/05\/1964-09-21-Ets-Gr-Invitation_wp-782x1024.jpg?resize=350%2C200","width":350,"height":200},"classes":[]},{"id":2240,"url":"https:\/\/lesgravereaux.marret.co\/index.php\/jean-claude-pascal\/jean-claude-pascal-au-cinema\/","url_meta":{"origin":3018,"position":1},"title":"Jean-Claude Pascal au cin\u00e9ma","author":"marretgravereaux","date":"6 mai 2016","format":false,"excerpt":"Au cours de sa carri\u00e8re d\u2019acteur, Jean-Claude Pascal a jou\u00e9 dans une quarantaine de films. Comme il \u2019appara\u00eet pas au g\u00e9n\u00e9rique de certains d\u2019entre eux et que l\u2019un est rest\u00e9 inachev\u00e9, la liste officielle n\u2019en comporterait que trente-cinq. Il a \u00e9galement tourn\u00e9 pour la t\u00e9l\u00e9vision dans treize films, mini-s\u00e9ries ou\u2026","rel":"","context":"Article similaire","block_context":{"text":"Article similaire","link":""},"img":{"alt_text":"Le rendez-vous 26_wp","src":"https:\/\/i0.wp.com\/lesgravereaux.marret.co\/wp-content\/uploads\/2016\/05\/Le-rendez-vous-26_wp-673x1024.jpg?resize=350%2C200","width":350,"height":200},"classes":[]},{"id":3038,"url":"https:\/\/lesgravereaux.marret.co\/index.php\/les-etablissements-gravereaux\/documents-promotionnels\/","url_meta":{"origin":3018,"position":2},"title":"Documents promotionnels","author":"marretgravereaux","date":"23 mai 2016","format":false,"excerpt":"L\u2019inauguration d\u2019une nouvelle usine \u00e2 Argenton, dans le quartier des Baignettes, marque une nouvelle \u00e9tape pour la Maison Gravereaux. \u00c0 cette occasion, ils\u00a0publient et diffusent deux nouveaux documents promotionnels\u00a0: Une brochure g\u00e9n\u00e9rale sur Les \u00c9tablissements R. Gravereaux, montrant son histoire, son \u00e9volution depuis 1910 et son adaptation au contexte moderne.\u2026","rel":"","context":"Article similaire","block_context":{"text":"Article similaire","link":""},"img":{"alt_text":"1964 EtsGr - Broch c1 - OG1222v2_wp","src":"https:\/\/i0.wp.com\/lesgravereaux.marret.co\/wp-content\/uploads\/2016\/03\/1964-EtsGr-Broch-c1-OG1222v2_wp-844x1024.jpg?resize=350%2C200","width":350,"height":200},"classes":[]},{"id":3003,"url":"https:\/\/lesgravereaux.marret.co\/index.php\/les-etablissements-gravereaux\/argenton-la-sogec\/28-septembre-1964-inauguration-de-lusine-aux-baignettes\/28-septembre-1964-discours-de-philippe-gravereaux\/","url_meta":{"origin":3018,"position":3},"title":"28 septembre 1964 &#8211; Discours de Philippe Gravereaux","author":"marretgravereaux","date":"22 mai 2016","format":false,"excerpt":"Le 28 septembre 1964 ALLOCUTION DE MONSIEUR PHILIPPE GRAVEREAUX G\u00c9RANT \u2013 DIRECTEUR G\u00c9N\u00c9RAL Mesdames, Messieurs, Je tiens tout d\u2019abord \u00e0 vous remercier tous et tr\u00e8s sinc\u00e8rement, de nous avoir fait l'honneur et bien souvent l\u2019amiti\u00e9 de venir ici pour \u00eatre aujourd'hui parmi nous. Permettez-moi de saluer tout sp\u00e9cialement la pr\u00e9sence\u2026","rel":"","context":"Article similaire","block_context":{"text":"Article similaire","link":""},"img":{"alt_text":"Gravereaux, Philippe (OG092a)_wp","src":"https:\/\/i0.wp.com\/lesgravereaux.marret.co\/wp-content\/uploads\/2016\/05\/Gravereaux-Philippe-OG092a_wp.jpg?resize=350%2C200","width":350,"height":200},"classes":[]},{"id":2832,"url":"https:\/\/lesgravereaux.marret.co\/index.php\/les-etablissements-gravereaux\/argenton-la-sogec\/","url_meta":{"origin":3018,"position":4},"title":"Argenton &#8211; La SOGEC","author":"marretgravereaux","date":"20 mai 2016","format":false,"excerpt":"ou les \u00c9tablissements Gravereaux dans la Creuse Les \u00c9tablissements Gravereaux faisaient affaire, d\u00e8s 1930, avec un fa\u00e7onnier, propri\u00e9taire de deux ateliers, \u00e0 Argenton et \u00e0 Levroux. En 1940, pr\u00e9voyant l\u2019arriv\u00e9e des Allemands en r\u00e9gion parisienne, Ren\u00e9 Gravereaux d\u00e9cide de transf\u00e9rer les produits finis et les tissus de l\u2019usine de Boulogne-sur-Seine\u2026","rel":"","context":"Article similaire","block_context":{"text":"Article similaire","link":""},"img":{"alt_text":"","src":"https:\/\/i0.wp.com\/lesgravereaux.marret.co\/wp-content\/uploads\/2017\/06\/Argenton-et-la-Creuse-01.jpg?resize=350%2C200","width":350,"height":200},"classes":[]},{"id":615,"url":"https:\/\/lesgravereaux.marret.co\/index.php\/les-etablissements-gravereaux\/","url_meta":{"origin":3018,"position":5},"title":"Les \u00c9tablissements Gravereaux","author":"marretgravereaux","date":"7 mars 2016","format":false,"excerpt":"\u00a0 La \u00ab\u00a0Maison Gravereaux\u00a0\u00bb na\u00eet en 1910 alors que Ren\u00e9 Gravereaux s\u2019associe \u00e0 un fabricant de faux cols; la nouvelle soci\u00e9t\u00e9 a pour objet \u00ab\u00a0la fabrication et le commerce de faux cols, manchettes et autres articles similaires et le blanchissage sp\u00e9cial \u00e0 neuf\u00a0\u00bb. Au cours de la Premi\u00e8re Guerre mondiale,\u2026","rel":"","context":"Article similaire","block_context":{"text":"Article similaire","link":""},"img":{"alt_text":"1910 EtsGr - Cat c1a_wp","src":"https:\/\/i0.wp.com\/marret.co\/wp-content\/uploads\/2016\/03\/1910-EtsGr-Cat-c1a_wp-1-1024x729.jpg?resize=350%2C200","width":350,"height":200},"classes":[]}],"_links":{"self":[{"href":"https:\/\/lesgravereaux.marret.co\/index.php\/wp-json\/wp\/v2\/pages\/3018","targetHints":{"allow":["GET"]}}],"collection":[{"href":"https:\/\/lesgravereaux.marret.co\/index.php\/wp-json\/wp\/v2\/pages"}],"about":[{"href":"https:\/\/lesgravereaux.marret.co\/index.php\/wp-json\/wp\/v2\/types\/page"}],"author":[{"embeddable":true,"href":"https:\/\/lesgravereaux.marret.co\/index.php\/wp-json\/wp\/v2\/users\/1"}],"replies":[{"embeddable":true,"href":"https:\/\/lesgravereaux.marret.co\/index.php\/wp-json\/wp\/v2\/comments?post=3018"}],"version-history":[{"count":0,"href":"https:\/\/lesgravereaux.marret.co\/index.php\/wp-json\/wp\/v2\/pages\/3018\/revisions"}],"up":[{"embeddable":true,"href":"https:\/\/lesgravereaux.marret.co\/index.php\/wp-json\/wp\/v2\/pages\/2990"}],"wp:attachment":[{"href":"https:\/\/lesgravereaux.marret.co\/index.php\/wp-json\/wp\/v2\/media?parent=3018"}],"curies":[{"name":"wp","href":"https:\/\/api.w.org\/{rel}","templated":true}]}}