{"id":2901,"date":"2016-05-21T00:59:08","date_gmt":"2016-05-20T23:59:08","guid":{"rendered":"http:\/\/lesgravereaux.marret.co\/?page_id=2901"},"modified":"2016-09-27T17:07:48","modified_gmt":"2016-09-27T16:07:48","slug":"babyfil-des-buvards-sur-lhistoire-de-lautomobile","status":"publish","type":"page","link":"https:\/\/lesgravereaux.marret.co\/index.php\/les-etablissements-gravereaux\/les-produits-des-etablissements-gravereaux\/babyfil\/babyfil-des-buvards-sur-lhistoire-de-lautomobile\/","title":{"rendered":"Babyfil &#8211; des buvards sur l&rsquo;histoire de l&rsquo;automobile"},"content":{"rendered":"<p>En faisant imprimer et en distribuant des buvards sur le th\u00e8me de <strong>La belle histoire de l&rsquo;automobile<\/strong>, les \u00c9tablissements Gravereaux visent bien s\u00fbr \u00e0 faire conna\u00eetre la marque Babyfil aupr\u00e8s des gar\u00e7onnets, plus port\u00e9s vers la voiture que les fillettes (\u00e0 qui sont destin\u00e9s des <a href=\"https:\/\/lesgravereaux.marret.co\/index.php\/les-etablissements-gravereaux\/les-produits-des-etablissements-gravereaux\/babyfil\/babyfil-des-buvards-sur-lhistoire-du-costume\/\">buvards sur l&rsquo;histoire du costume<\/a>);\u00a0en \u00e9mettant une s\u00e9rie de dix buvards, ils veulent \u00ab\u00a0fid\u00e9liser\u00a0\u00bb cette client\u00e8le et l&rsquo;inciter \u00e0 retourner, avec ses parents chez les marchands vendant les produits de cette marque&#8230;<\/p>\n<p><a href=\"https:\/\/i0.wp.com\/lesgravereaux.marret.co\/wp-content\/uploads\/2016\/05\/Babyfil-Buvard-S-Automobile-01-S-1769_wp.jpg?ssl=1\"><img data-recalc-dims=\"1\" loading=\"lazy\" decoding=\"async\" data-attachment-id=\"2779\" data-permalink=\"https:\/\/lesgravereaux.marret.co\/index.php\/les-etablissements-gravereaux\/les-produits-des-etablissements-gravereaux\/babyfil\/babyfil-des-buvards-sur-lhistoire-de-lautomobile\/babyfil-buvard-s-automobile-01-s-1769_wp\/\" data-orig-file=\"https:\/\/i0.wp.com\/lesgravereaux.marret.co\/wp-content\/uploads\/2016\/05\/Babyfil-Buvard-S-Automobile-01-S-1769_wp.jpg?fit=886%2C795&amp;ssl=1\" data-orig-size=\"886,795\" data-comments-opened=\"1\" data-image-meta=\"{&quot;aperture&quot;:&quot;0&quot;,&quot;credit&quot;:&quot;&quot;,&quot;camera&quot;:&quot;&quot;,&quot;caption&quot;:&quot;&quot;,&quot;created_timestamp&quot;:&quot;0&quot;,&quot;copyright&quot;:&quot;&quot;,&quot;focal_length&quot;:&quot;0&quot;,&quot;iso&quot;:&quot;0&quot;,&quot;shutter_speed&quot;:&quot;0&quot;,&quot;title&quot;:&quot;&quot;,&quot;orientation&quot;:&quot;1&quot;}\" data-image-title=\"Babyfil, Buvard &amp;#8211; S Automobile 01-S (1769)_wp\" data-image-description=\"\" data-image-caption=\"\" data-medium-file=\"https:\/\/i0.wp.com\/lesgravereaux.marret.co\/wp-content\/uploads\/2016\/05\/Babyfil-Buvard-S-Automobile-01-S-1769_wp.jpg?fit=300%2C269&amp;ssl=1\" data-large-file=\"https:\/\/i0.wp.com\/lesgravereaux.marret.co\/wp-content\/uploads\/2016\/05\/Babyfil-Buvard-S-Automobile-01-S-1769_wp.jpg?fit=640%2C574&amp;ssl=1\" class=\"alignnone wp-image-2779\" src=\"https:\/\/i0.wp.com\/lesgravereaux.marret.co\/wp-content\/uploads\/2016\/05\/Babyfil-Buvard-S-Automobile-01-S-1769_wp.jpg?resize=300%2C267&#038;ssl=1\" alt=\"Babyfil, Buvard - S Automobile 01-S (1769)_wp\" width=\"300\" height=\"267\" data-wp-pid=\"2779\" \/>\u00a0<\/a><a href=\"https:\/\/i0.wp.com\/lesgravereaux.marret.co\/wp-content\/uploads\/2016\/05\/Babyfil-Buvard-S-Automobile-02-S-1875_wp.jpg?ssl=1\"><img data-recalc-dims=\"1\" loading=\"lazy\" decoding=\"async\" data-attachment-id=\"2780\" data-permalink=\"https:\/\/lesgravereaux.marret.co\/index.php\/les-etablissements-gravereaux\/les-produits-des-etablissements-gravereaux\/babyfil\/babyfil-des-buvards-sur-lhistoire-de-lautomobile\/babyfil-buvard-s-automobile-02-s-1875_wp\/\" data-orig-file=\"https:\/\/i0.wp.com\/lesgravereaux.marret.co\/wp-content\/uploads\/2016\/05\/Babyfil-Buvard-S-Automobile-02-S-1875_wp.jpg?fit=886%2C785&amp;ssl=1\" data-orig-size=\"886,785\" data-comments-opened=\"1\" data-image-meta=\"{&quot;aperture&quot;:&quot;0&quot;,&quot;credit&quot;:&quot;&quot;,&quot;camera&quot;:&quot;&quot;,&quot;caption&quot;:&quot;&quot;,&quot;created_timestamp&quot;:&quot;0&quot;,&quot;copyright&quot;:&quot;&quot;,&quot;focal_length&quot;:&quot;0&quot;,&quot;iso&quot;:&quot;0&quot;,&quot;shutter_speed&quot;:&quot;0&quot;,&quot;title&quot;:&quot;&quot;,&quot;orientation&quot;:&quot;1&quot;}\" data-image-title=\"Babyfil, Buvard &amp;#8211; S Automobile 02-S (1875)_wp\" data-image-description=\"\" data-image-caption=\"\" data-medium-file=\"https:\/\/i0.wp.com\/lesgravereaux.marret.co\/wp-content\/uploads\/2016\/05\/Babyfil-Buvard-S-Automobile-02-S-1875_wp.jpg?fit=300%2C266&amp;ssl=1\" data-large-file=\"https:\/\/i0.wp.com\/lesgravereaux.marret.co\/wp-content\/uploads\/2016\/05\/Babyfil-Buvard-S-Automobile-02-S-1875_wp.jpg?fit=640%2C567&amp;ssl=1\" class=\"alignnone wp-image-2780\" src=\"https:\/\/i0.wp.com\/lesgravereaux.marret.co\/wp-content\/uploads\/2016\/05\/Babyfil-Buvard-S-Automobile-02-S-1875_wp.jpg?resize=304%2C269&#038;ssl=1\" alt=\"Babyfil, Buvard - S Automobile 02-S (1875)_wp\" width=\"304\" height=\"269\" data-wp-pid=\"2780\" srcset=\"https:\/\/i0.wp.com\/lesgravereaux.marret.co\/wp-content\/uploads\/2016\/05\/Babyfil-Buvard-S-Automobile-02-S-1875_wp.jpg?w=886&amp;ssl=1 886w, https:\/\/i0.wp.com\/lesgravereaux.marret.co\/wp-content\/uploads\/2016\/05\/Babyfil-Buvard-S-Automobile-02-S-1875_wp.jpg?resize=300%2C266&amp;ssl=1 300w, https:\/\/i0.wp.com\/lesgravereaux.marret.co\/wp-content\/uploads\/2016\/05\/Babyfil-Buvard-S-Automobile-02-S-1875_wp.jpg?resize=768%2C680&amp;ssl=1 768w, https:\/\/i0.wp.com\/lesgravereaux.marret.co\/wp-content\/uploads\/2016\/05\/Babyfil-Buvard-S-Automobile-02-S-1875_wp.jpg?resize=800%2C709&amp;ssl=1 800w, https:\/\/i0.wp.com\/lesgravereaux.marret.co\/wp-content\/uploads\/2016\/05\/Babyfil-Buvard-S-Automobile-02-S-1875_wp.jpg?resize=600%2C532&amp;ssl=1 600w\" sizes=\"auto, (max-width: 304px) 100vw, 304px\" \/><\/a><\/p>\n<p><a href=\"https:\/\/i0.wp.com\/lesgravereaux.marret.co\/wp-content\/uploads\/2016\/05\/Babyfil-Buvard-S-Automobile-03-S-1885_wp.jpg?ssl=1\"><img data-recalc-dims=\"1\" loading=\"lazy\" decoding=\"async\" data-attachment-id=\"2781\" data-permalink=\"https:\/\/lesgravereaux.marret.co\/index.php\/les-etablissements-gravereaux\/les-produits-des-etablissements-gravereaux\/babyfil\/babyfil-des-buvards-sur-lhistoire-de-lautomobile\/babyfil-buvard-s-automobile-03-s-1885_wp\/\" data-orig-file=\"https:\/\/i0.wp.com\/lesgravereaux.marret.co\/wp-content\/uploads\/2016\/05\/Babyfil-Buvard-S-Automobile-03-S-1885_wp.jpg?fit=886%2C790&amp;ssl=1\" data-orig-size=\"886,790\" data-comments-opened=\"1\" data-image-meta=\"{&quot;aperture&quot;:&quot;0&quot;,&quot;credit&quot;:&quot;&quot;,&quot;camera&quot;:&quot;&quot;,&quot;caption&quot;:&quot;&quot;,&quot;created_timestamp&quot;:&quot;0&quot;,&quot;copyright&quot;:&quot;&quot;,&quot;focal_length&quot;:&quot;0&quot;,&quot;iso&quot;:&quot;0&quot;,&quot;shutter_speed&quot;:&quot;0&quot;,&quot;title&quot;:&quot;&quot;,&quot;orientation&quot;:&quot;1&quot;}\" data-image-title=\"Babyfil, Buvard &amp;#8211; S Automobile 03-S (1885)_wp\" data-image-description=\"\" data-image-caption=\"\" data-medium-file=\"https:\/\/i0.wp.com\/lesgravereaux.marret.co\/wp-content\/uploads\/2016\/05\/Babyfil-Buvard-S-Automobile-03-S-1885_wp.jpg?fit=300%2C267&amp;ssl=1\" data-large-file=\"https:\/\/i0.wp.com\/lesgravereaux.marret.co\/wp-content\/uploads\/2016\/05\/Babyfil-Buvard-S-Automobile-03-S-1885_wp.jpg?fit=640%2C571&amp;ssl=1\" class=\"alignnone wp-image-2781\" src=\"https:\/\/i0.wp.com\/lesgravereaux.marret.co\/wp-content\/uploads\/2016\/05\/Babyfil-Buvard-S-Automobile-03-S-1885_wp.jpg?resize=300%2C267&#038;ssl=1\" alt=\"Babyfil, Buvard - S Automobile 03-S (1885)_wp\" width=\"300\" height=\"267\" data-wp-pid=\"2781\" srcset=\"https:\/\/i0.wp.com\/lesgravereaux.marret.co\/wp-content\/uploads\/2016\/05\/Babyfil-Buvard-S-Automobile-03-S-1885_wp.jpg?w=886&amp;ssl=1 886w, https:\/\/i0.wp.com\/lesgravereaux.marret.co\/wp-content\/uploads\/2016\/05\/Babyfil-Buvard-S-Automobile-03-S-1885_wp.jpg?resize=300%2C267&amp;ssl=1 300w, https:\/\/i0.wp.com\/lesgravereaux.marret.co\/wp-content\/uploads\/2016\/05\/Babyfil-Buvard-S-Automobile-03-S-1885_wp.jpg?resize=768%2C685&amp;ssl=1 768w, https:\/\/i0.wp.com\/lesgravereaux.marret.co\/wp-content\/uploads\/2016\/05\/Babyfil-Buvard-S-Automobile-03-S-1885_wp.jpg?resize=800%2C713&amp;ssl=1 800w, https:\/\/i0.wp.com\/lesgravereaux.marret.co\/wp-content\/uploads\/2016\/05\/Babyfil-Buvard-S-Automobile-03-S-1885_wp.jpg?resize=600%2C535&amp;ssl=1 600w\" sizes=\"auto, (max-width: 300px) 100vw, 300px\" \/>\u00a0<\/a><a href=\"https:\/\/i0.wp.com\/lesgravereaux.marret.co\/wp-content\/uploads\/2016\/05\/Babyfil-Buvard-S-Automobile-04-S-1894_wp.jpg?ssl=1\"><img data-recalc-dims=\"1\" loading=\"lazy\" decoding=\"async\" data-attachment-id=\"2782\" data-permalink=\"https:\/\/lesgravereaux.marret.co\/index.php\/les-etablissements-gravereaux\/les-produits-des-etablissements-gravereaux\/babyfil\/babyfil-des-buvards-sur-lhistoire-de-lautomobile\/babyfil-buvard-s-automobile-04-s-1894_wp\/\" data-orig-file=\"https:\/\/i0.wp.com\/lesgravereaux.marret.co\/wp-content\/uploads\/2016\/05\/Babyfil-Buvard-S-Automobile-04-S-1894_wp.jpg?fit=886%2C786&amp;ssl=1\" data-orig-size=\"886,786\" data-comments-opened=\"1\" data-image-meta=\"{&quot;aperture&quot;:&quot;0&quot;,&quot;credit&quot;:&quot;&quot;,&quot;camera&quot;:&quot;&quot;,&quot;caption&quot;:&quot;&quot;,&quot;created_timestamp&quot;:&quot;0&quot;,&quot;copyright&quot;:&quot;&quot;,&quot;focal_length&quot;:&quot;0&quot;,&quot;iso&quot;:&quot;0&quot;,&quot;shutter_speed&quot;:&quot;0&quot;,&quot;title&quot;:&quot;&quot;,&quot;orientation&quot;:&quot;1&quot;}\" data-image-title=\"Babyfil, Buvard &amp;#8211; S Automobile 04-S (1894)_wp\" data-image-description=\"\" data-image-caption=\"\" data-medium-file=\"https:\/\/i0.wp.com\/lesgravereaux.marret.co\/wp-content\/uploads\/2016\/05\/Babyfil-Buvard-S-Automobile-04-S-1894_wp.jpg?fit=300%2C266&amp;ssl=1\" data-large-file=\"https:\/\/i0.wp.com\/lesgravereaux.marret.co\/wp-content\/uploads\/2016\/05\/Babyfil-Buvard-S-Automobile-04-S-1894_wp.jpg?fit=640%2C568&amp;ssl=1\" class=\"alignnone wp-image-2782\" src=\"https:\/\/i0.wp.com\/lesgravereaux.marret.co\/wp-content\/uploads\/2016\/05\/Babyfil-Buvard-S-Automobile-04-S-1894_wp.jpg?resize=300%2C267&#038;ssl=1\" alt=\"Babyfil, Buvard - S Automobile 04-S (1894)_wp\" width=\"300\" height=\"267\" data-wp-pid=\"2782\" srcset=\"https:\/\/i0.wp.com\/lesgravereaux.marret.co\/wp-content\/uploads\/2016\/05\/Babyfil-Buvard-S-Automobile-04-S-1894_wp.jpg?w=886&amp;ssl=1 886w, https:\/\/i0.wp.com\/lesgravereaux.marret.co\/wp-content\/uploads\/2016\/05\/Babyfil-Buvard-S-Automobile-04-S-1894_wp.jpg?resize=300%2C266&amp;ssl=1 300w, https:\/\/i0.wp.com\/lesgravereaux.marret.co\/wp-content\/uploads\/2016\/05\/Babyfil-Buvard-S-Automobile-04-S-1894_wp.jpg?resize=768%2C681&amp;ssl=1 768w, https:\/\/i0.wp.com\/lesgravereaux.marret.co\/wp-content\/uploads\/2016\/05\/Babyfil-Buvard-S-Automobile-04-S-1894_wp.jpg?resize=800%2C710&amp;ssl=1 800w, https:\/\/i0.wp.com\/lesgravereaux.marret.co\/wp-content\/uploads\/2016\/05\/Babyfil-Buvard-S-Automobile-04-S-1894_wp.jpg?resize=600%2C532&amp;ssl=1 600w\" sizes=\"auto, (max-width: 300px) 100vw, 300px\" \/><\/a><\/p>\n<p><a href=\"https:\/\/i0.wp.com\/lesgravereaux.marret.co\/wp-content\/uploads\/2016\/05\/Babyfil-Buvard-S-Automobile-05-S-1899_wp.jpg?ssl=1\"><img data-recalc-dims=\"1\" loading=\"lazy\" decoding=\"async\" data-attachment-id=\"2783\" data-permalink=\"https:\/\/lesgravereaux.marret.co\/index.php\/les-etablissements-gravereaux\/les-produits-des-etablissements-gravereaux\/babyfil\/babyfil-des-buvards-sur-lhistoire-de-lautomobile\/babyfil-buvard-s-automobile-05-s-1899_wp\/\" data-orig-file=\"https:\/\/i0.wp.com\/lesgravereaux.marret.co\/wp-content\/uploads\/2016\/05\/Babyfil-Buvard-S-Automobile-05-S-1899_wp.jpg?fit=886%2C790&amp;ssl=1\" data-orig-size=\"886,790\" data-comments-opened=\"1\" data-image-meta=\"{&quot;aperture&quot;:&quot;0&quot;,&quot;credit&quot;:&quot;&quot;,&quot;camera&quot;:&quot;&quot;,&quot;caption&quot;:&quot;&quot;,&quot;created_timestamp&quot;:&quot;0&quot;,&quot;copyright&quot;:&quot;&quot;,&quot;focal_length&quot;:&quot;0&quot;,&quot;iso&quot;:&quot;0&quot;,&quot;shutter_speed&quot;:&quot;0&quot;,&quot;title&quot;:&quot;&quot;,&quot;orientation&quot;:&quot;1&quot;}\" data-image-title=\"Babyfil, Buvard &amp;#8211; S Automobile 05-S (1899)_wp\" data-image-description=\"\" data-image-caption=\"\" data-medium-file=\"https:\/\/i0.wp.com\/lesgravereaux.marret.co\/wp-content\/uploads\/2016\/05\/Babyfil-Buvard-S-Automobile-05-S-1899_wp.jpg?fit=300%2C267&amp;ssl=1\" data-large-file=\"https:\/\/i0.wp.com\/lesgravereaux.marret.co\/wp-content\/uploads\/2016\/05\/Babyfil-Buvard-S-Automobile-05-S-1899_wp.jpg?fit=640%2C571&amp;ssl=1\" class=\"alignnone wp-image-2783\" src=\"https:\/\/i0.wp.com\/lesgravereaux.marret.co\/wp-content\/uploads\/2016\/05\/Babyfil-Buvard-S-Automobile-05-S-1899_wp.jpg?resize=307%2C273&#038;ssl=1\" alt=\"Babyfil, Buvard - S Automobile 05-S (1899)_wp\" width=\"307\" height=\"273\" data-wp-pid=\"2783\" srcset=\"https:\/\/i0.wp.com\/lesgravereaux.marret.co\/wp-content\/uploads\/2016\/05\/Babyfil-Buvard-S-Automobile-05-S-1899_wp.jpg?w=886&amp;ssl=1 886w, https:\/\/i0.wp.com\/lesgravereaux.marret.co\/wp-content\/uploads\/2016\/05\/Babyfil-Buvard-S-Automobile-05-S-1899_wp.jpg?resize=300%2C267&amp;ssl=1 300w, https:\/\/i0.wp.com\/lesgravereaux.marret.co\/wp-content\/uploads\/2016\/05\/Babyfil-Buvard-S-Automobile-05-S-1899_wp.jpg?resize=768%2C685&amp;ssl=1 768w, https:\/\/i0.wp.com\/lesgravereaux.marret.co\/wp-content\/uploads\/2016\/05\/Babyfil-Buvard-S-Automobile-05-S-1899_wp.jpg?resize=800%2C713&amp;ssl=1 800w, https:\/\/i0.wp.com\/lesgravereaux.marret.co\/wp-content\/uploads\/2016\/05\/Babyfil-Buvard-S-Automobile-05-S-1899_wp.jpg?resize=600%2C535&amp;ssl=1 600w\" sizes=\"auto, (max-width: 307px) 100vw, 307px\" \/><\/a>\u00a0<a href=\"https:\/\/i0.wp.com\/lesgravereaux.marret.co\/wp-content\/uploads\/2016\/05\/Babyfil-Buvard-S-Automobile-06-S-1901_wp.jpg?ssl=1\"><img data-recalc-dims=\"1\" loading=\"lazy\" decoding=\"async\" data-attachment-id=\"2784\" data-permalink=\"https:\/\/lesgravereaux.marret.co\/index.php\/les-etablissements-gravereaux\/les-produits-des-etablissements-gravereaux\/babyfil\/babyfil-des-buvards-sur-lhistoire-de-lautomobile\/babyfil-buvard-s-automobile-06-s-1901_wp\/\" data-orig-file=\"https:\/\/i0.wp.com\/lesgravereaux.marret.co\/wp-content\/uploads\/2016\/05\/Babyfil-Buvard-S-Automobile-06-S-1901_wp.jpg?fit=886%2C814&amp;ssl=1\" data-orig-size=\"886,814\" data-comments-opened=\"1\" data-image-meta=\"{&quot;aperture&quot;:&quot;0&quot;,&quot;credit&quot;:&quot;&quot;,&quot;camera&quot;:&quot;&quot;,&quot;caption&quot;:&quot;&quot;,&quot;created_timestamp&quot;:&quot;0&quot;,&quot;copyright&quot;:&quot;&quot;,&quot;focal_length&quot;:&quot;0&quot;,&quot;iso&quot;:&quot;0&quot;,&quot;shutter_speed&quot;:&quot;0&quot;,&quot;title&quot;:&quot;&quot;,&quot;orientation&quot;:&quot;1&quot;}\" data-image-title=\"Babyfil, Buvard &amp;#8211; S Automobile 06-S (1901)_wp\" data-image-description=\"\" data-image-caption=\"\" data-medium-file=\"https:\/\/i0.wp.com\/lesgravereaux.marret.co\/wp-content\/uploads\/2016\/05\/Babyfil-Buvard-S-Automobile-06-S-1901_wp.jpg?fit=300%2C276&amp;ssl=1\" data-large-file=\"https:\/\/i0.wp.com\/lesgravereaux.marret.co\/wp-content\/uploads\/2016\/05\/Babyfil-Buvard-S-Automobile-06-S-1901_wp.jpg?fit=640%2C588&amp;ssl=1\" class=\"alignnone wp-image-2784\" src=\"https:\/\/i0.wp.com\/lesgravereaux.marret.co\/wp-content\/uploads\/2016\/05\/Babyfil-Buvard-S-Automobile-06-S-1901_wp.jpg?resize=300%2C267&#038;ssl=1\" alt=\"Babyfil, Buvard - S Automobile 06-S (1901)_wp\" width=\"300\" height=\"267\" data-wp-pid=\"2784\" \/><\/a><\/p>\n<p><a href=\"https:\/\/i0.wp.com\/lesgravereaux.marret.co\/wp-content\/uploads\/2016\/05\/Babyfil-Buvard-S-Automobile-07-S-1903_wp.jpg?ssl=1\"><img data-recalc-dims=\"1\" loading=\"lazy\" decoding=\"async\" data-attachment-id=\"2785\" data-permalink=\"https:\/\/lesgravereaux.marret.co\/index.php\/les-etablissements-gravereaux\/les-produits-des-etablissements-gravereaux\/babyfil\/babyfil-des-buvards-sur-lhistoire-de-lautomobile\/babyfil-buvard-s-automobile-07-s-1903_wp\/\" data-orig-file=\"https:\/\/i0.wp.com\/lesgravereaux.marret.co\/wp-content\/uploads\/2016\/05\/Babyfil-Buvard-S-Automobile-07-S-1903_wp.jpg?fit=886%2C776&amp;ssl=1\" data-orig-size=\"886,776\" data-comments-opened=\"1\" data-image-meta=\"{&quot;aperture&quot;:&quot;0&quot;,&quot;credit&quot;:&quot;&quot;,&quot;camera&quot;:&quot;&quot;,&quot;caption&quot;:&quot;&quot;,&quot;created_timestamp&quot;:&quot;0&quot;,&quot;copyright&quot;:&quot;&quot;,&quot;focal_length&quot;:&quot;0&quot;,&quot;iso&quot;:&quot;0&quot;,&quot;shutter_speed&quot;:&quot;0&quot;,&quot;title&quot;:&quot;&quot;,&quot;orientation&quot;:&quot;1&quot;}\" data-image-title=\"Babyfil, Buvard &amp;#8211; S Automobile 07-S (1903)_wp\" data-image-description=\"\" data-image-caption=\"\" data-medium-file=\"https:\/\/i0.wp.com\/lesgravereaux.marret.co\/wp-content\/uploads\/2016\/05\/Babyfil-Buvard-S-Automobile-07-S-1903_wp.jpg?fit=300%2C263&amp;ssl=1\" data-large-file=\"https:\/\/i0.wp.com\/lesgravereaux.marret.co\/wp-content\/uploads\/2016\/05\/Babyfil-Buvard-S-Automobile-07-S-1903_wp.jpg?fit=640%2C561&amp;ssl=1\" class=\"alignnone wp-image-2785\" src=\"https:\/\/i0.wp.com\/lesgravereaux.marret.co\/wp-content\/uploads\/2016\/05\/Babyfil-Buvard-S-Automobile-07-S-1903_wp.jpg?resize=309%2C271&#038;ssl=1\" alt=\"Babyfil, Buvard - S Automobile 07-S (1903)_wp\" width=\"309\" height=\"271\" data-wp-pid=\"2785\" srcset=\"https:\/\/i0.wp.com\/lesgravereaux.marret.co\/wp-content\/uploads\/2016\/05\/Babyfil-Buvard-S-Automobile-07-S-1903_wp.jpg?w=886&amp;ssl=1 886w, https:\/\/i0.wp.com\/lesgravereaux.marret.co\/wp-content\/uploads\/2016\/05\/Babyfil-Buvard-S-Automobile-07-S-1903_wp.jpg?resize=300%2C263&amp;ssl=1 300w, https:\/\/i0.wp.com\/lesgravereaux.marret.co\/wp-content\/uploads\/2016\/05\/Babyfil-Buvard-S-Automobile-07-S-1903_wp.jpg?resize=768%2C673&amp;ssl=1 768w, https:\/\/i0.wp.com\/lesgravereaux.marret.co\/wp-content\/uploads\/2016\/05\/Babyfil-Buvard-S-Automobile-07-S-1903_wp.jpg?resize=800%2C701&amp;ssl=1 800w, https:\/\/i0.wp.com\/lesgravereaux.marret.co\/wp-content\/uploads\/2016\/05\/Babyfil-Buvard-S-Automobile-07-S-1903_wp.jpg?resize=600%2C526&amp;ssl=1 600w\" sizes=\"auto, (max-width: 309px) 100vw, 309px\" \/><\/a>\u00a0<a href=\"https:\/\/i0.wp.com\/lesgravereaux.marret.co\/wp-content\/uploads\/2016\/05\/Babyfil-Buvard-S-Automobile-08-S-1906_wp.jpg?ssl=1\"><img data-recalc-dims=\"1\" loading=\"lazy\" decoding=\"async\" data-attachment-id=\"2786\" data-permalink=\"https:\/\/lesgravereaux.marret.co\/index.php\/les-etablissements-gravereaux\/les-produits-des-etablissements-gravereaux\/babyfil\/babyfil-des-buvards-sur-lhistoire-de-lautomobile\/babyfil-buvard-s-automobile-08-s-1906_wp\/\" data-orig-file=\"https:\/\/i0.wp.com\/lesgravereaux.marret.co\/wp-content\/uploads\/2016\/05\/Babyfil-Buvard-S-Automobile-08-S-1906_wp.jpg?fit=886%2C805&amp;ssl=1\" data-orig-size=\"886,805\" data-comments-opened=\"1\" data-image-meta=\"{&quot;aperture&quot;:&quot;0&quot;,&quot;credit&quot;:&quot;&quot;,&quot;camera&quot;:&quot;&quot;,&quot;caption&quot;:&quot;&quot;,&quot;created_timestamp&quot;:&quot;0&quot;,&quot;copyright&quot;:&quot;&quot;,&quot;focal_length&quot;:&quot;0&quot;,&quot;iso&quot;:&quot;0&quot;,&quot;shutter_speed&quot;:&quot;0&quot;,&quot;title&quot;:&quot;&quot;,&quot;orientation&quot;:&quot;1&quot;}\" data-image-title=\"Babyfil, Buvard &amp;#8211; S Automobile 08-S (1906)_wp\" data-image-description=\"\" data-image-caption=\"\" data-medium-file=\"https:\/\/i0.wp.com\/lesgravereaux.marret.co\/wp-content\/uploads\/2016\/05\/Babyfil-Buvard-S-Automobile-08-S-1906_wp.jpg?fit=300%2C273&amp;ssl=1\" data-large-file=\"https:\/\/i0.wp.com\/lesgravereaux.marret.co\/wp-content\/uploads\/2016\/05\/Babyfil-Buvard-S-Automobile-08-S-1906_wp.jpg?fit=640%2C581&amp;ssl=1\" class=\"alignnone wp-image-2786\" src=\"https:\/\/i0.wp.com\/lesgravereaux.marret.co\/wp-content\/uploads\/2016\/05\/Babyfil-Buvard-S-Automobile-08-S-1906_wp.jpg?resize=300%2C267&#038;ssl=1\" alt=\"Babyfil, Buvard - S Automobile 08-S (1906)_wp\" width=\"300\" height=\"267\" data-wp-pid=\"2786\" \/><\/a><\/p>\n<p><a href=\"https:\/\/i0.wp.com\/lesgravereaux.marret.co\/wp-content\/uploads\/2016\/05\/Babyfil-Buvard-S-Automobile-09-S-1914_wp.jpg?ssl=1\"><img data-recalc-dims=\"1\" loading=\"lazy\" decoding=\"async\" data-attachment-id=\"2787\" data-permalink=\"https:\/\/lesgravereaux.marret.co\/index.php\/les-etablissements-gravereaux\/les-produits-des-etablissements-gravereaux\/babyfil\/babyfil-des-buvards-sur-lhistoire-de-lautomobile\/babyfil-buvard-s-automobile-09-s-1914_wp\/\" data-orig-file=\"https:\/\/i0.wp.com\/lesgravereaux.marret.co\/wp-content\/uploads\/2016\/05\/Babyfil-Buvard-S-Automobile-09-S-1914_wp.jpg?fit=886%2C794&amp;ssl=1\" data-orig-size=\"886,794\" data-comments-opened=\"1\" data-image-meta=\"{&quot;aperture&quot;:&quot;0&quot;,&quot;credit&quot;:&quot;&quot;,&quot;camera&quot;:&quot;&quot;,&quot;caption&quot;:&quot;&quot;,&quot;created_timestamp&quot;:&quot;0&quot;,&quot;copyright&quot;:&quot;&quot;,&quot;focal_length&quot;:&quot;0&quot;,&quot;iso&quot;:&quot;0&quot;,&quot;shutter_speed&quot;:&quot;0&quot;,&quot;title&quot;:&quot;&quot;,&quot;orientation&quot;:&quot;1&quot;}\" data-image-title=\"Babyfil, Buvard &amp;#8211; S Automobile 09-S (1914)_wp\" data-image-description=\"\" data-image-caption=\"\" data-medium-file=\"https:\/\/i0.wp.com\/lesgravereaux.marret.co\/wp-content\/uploads\/2016\/05\/Babyfil-Buvard-S-Automobile-09-S-1914_wp.jpg?fit=300%2C269&amp;ssl=1\" data-large-file=\"https:\/\/i0.wp.com\/lesgravereaux.marret.co\/wp-content\/uploads\/2016\/05\/Babyfil-Buvard-S-Automobile-09-S-1914_wp.jpg?fit=640%2C574&amp;ssl=1\" class=\"alignnone wp-image-2787\" src=\"https:\/\/i0.wp.com\/lesgravereaux.marret.co\/wp-content\/uploads\/2016\/05\/Babyfil-Buvard-S-Automobile-09-S-1914_wp.jpg?resize=300%2C267&#038;ssl=1\" alt=\"Babyfil, Buvard - S Automobile 09-S (1914)_wp\" width=\"300\" height=\"267\" data-wp-pid=\"2787\" \/><\/a>\u00a0<a href=\"https:\/\/i0.wp.com\/lesgravereaux.marret.co\/wp-content\/uploads\/2016\/05\/Babyfil-Buvard-S-Automobile-10-S-1957_wp.jpg?ssl=1\"><img data-recalc-dims=\"1\" loading=\"lazy\" decoding=\"async\" data-attachment-id=\"2788\" data-permalink=\"https:\/\/lesgravereaux.marret.co\/index.php\/les-etablissements-gravereaux\/les-produits-des-etablissements-gravereaux\/babyfil\/babyfil-des-buvards-sur-lhistoire-de-lautomobile\/babyfil-buvard-s-automobile-10-s-1957_wp\/\" data-orig-file=\"https:\/\/i0.wp.com\/lesgravereaux.marret.co\/wp-content\/uploads\/2016\/05\/Babyfil-Buvard-S-Automobile-10-S-1957_wp.jpg?fit=886%2C788&amp;ssl=1\" data-orig-size=\"886,788\" data-comments-opened=\"1\" data-image-meta=\"{&quot;aperture&quot;:&quot;0&quot;,&quot;credit&quot;:&quot;&quot;,&quot;camera&quot;:&quot;&quot;,&quot;caption&quot;:&quot;&quot;,&quot;created_timestamp&quot;:&quot;0&quot;,&quot;copyright&quot;:&quot;&quot;,&quot;focal_length&quot;:&quot;0&quot;,&quot;iso&quot;:&quot;0&quot;,&quot;shutter_speed&quot;:&quot;0&quot;,&quot;title&quot;:&quot;&quot;,&quot;orientation&quot;:&quot;1&quot;}\" data-image-title=\"Babyfil, Buvard &amp;#8211; S Automobile 10-S (1957)_wp\" data-image-description=\"\" data-image-caption=\"\" data-medium-file=\"https:\/\/i0.wp.com\/lesgravereaux.marret.co\/wp-content\/uploads\/2016\/05\/Babyfil-Buvard-S-Automobile-10-S-1957_wp.jpg?fit=300%2C267&amp;ssl=1\" data-large-file=\"https:\/\/i0.wp.com\/lesgravereaux.marret.co\/wp-content\/uploads\/2016\/05\/Babyfil-Buvard-S-Automobile-10-S-1957_wp.jpg?fit=640%2C569&amp;ssl=1\" class=\"alignnone wp-image-2788\" src=\"https:\/\/i0.wp.com\/lesgravereaux.marret.co\/wp-content\/uploads\/2016\/05\/Babyfil-Buvard-S-Automobile-10-S-1957_wp.jpg?resize=304%2C271&#038;ssl=1\" alt=\"Babyfil, Buvard - S Automobile 10-S (1957)_wp\" width=\"304\" height=\"271\" data-wp-pid=\"2788\" srcset=\"https:\/\/i0.wp.com\/lesgravereaux.marret.co\/wp-content\/uploads\/2016\/05\/Babyfil-Buvard-S-Automobile-10-S-1957_wp.jpg?w=886&amp;ssl=1 886w, https:\/\/i0.wp.com\/lesgravereaux.marret.co\/wp-content\/uploads\/2016\/05\/Babyfil-Buvard-S-Automobile-10-S-1957_wp.jpg?resize=300%2C267&amp;ssl=1 300w, https:\/\/i0.wp.com\/lesgravereaux.marret.co\/wp-content\/uploads\/2016\/05\/Babyfil-Buvard-S-Automobile-10-S-1957_wp.jpg?resize=768%2C683&amp;ssl=1 768w, https:\/\/i0.wp.com\/lesgravereaux.marret.co\/wp-content\/uploads\/2016\/05\/Babyfil-Buvard-S-Automobile-10-S-1957_wp.jpg?resize=800%2C712&amp;ssl=1 800w, https:\/\/i0.wp.com\/lesgravereaux.marret.co\/wp-content\/uploads\/2016\/05\/Babyfil-Buvard-S-Automobile-10-S-1957_wp.jpg?resize=600%2C534&amp;ssl=1 600w\" sizes=\"auto, (max-width: 304px) 100vw, 304px\" \/><\/a><\/p>\n<p>&nbsp;<\/p>\n<p>&nbsp;<\/p>\n","protected":false},"excerpt":{"rendered":"<p>En faisant imprimer et en distribuant des buvards sur le th\u00e8me de La belle histoire de l&rsquo;automobile, les \u00c9tablissements Gravereaux visent bien s\u00fbr \u00e0 faire conna\u00eetre la marque Babyfil aupr\u00e8s des gar\u00e7onnets, plus port\u00e9s vers la voiture que les fillettes &hellip; <a href=\"https:\/\/lesgravereaux.marret.co\/index.php\/les-etablissements-gravereaux\/les-produits-des-etablissements-gravereaux\/babyfil\/babyfil-des-buvards-sur-lhistoire-de-lautomobile\/\">Continuer la lecture <span class=\"meta-nav\">&rarr;<\/span><\/a><\/p>\n","protected":false},"author":1,"featured_media":0,"parent":2766,"menu_order":0,"comment_status":"closed","ping_status":"closed","template":"","meta":{"ngg_post_thumbnail":0,"jetpack_post_was_ever_published":false,"footnotes":""},"class_list":["post-2901","page","type-page","status-publish","hentry"],"jetpack_sharing_enabled":true,"jetpack_shortlink":"https:\/\/wp.me\/P7ERyi-KN","jetpack-related-posts":[{"id":2903,"url":"https:\/\/lesgravereaux.marret.co\/index.php\/les-etablissements-gravereaux\/les-produits-des-etablissements-gravereaux\/babyfil\/babyfil-des-buvards-sur-lhistoire-du-costume\/","url_meta":{"origin":2901,"position":0},"title":"Babyfil &#8211; des buvards sur l&rsquo;histoire du costume","author":"marretgravereaux","date":"21 mai 2016","format":false,"excerpt":"Tout comme\u00a0les buvards sur l'automobile, produits \u00e0 l'intention des gar\u00e7onnets, ceux portant sur La belle histoire du costume visent \u00e0 int\u00e9resser et fid\u00e9liser les fillettes. Mais une certaine rigueur historique et l'int\u00e9r\u00eat du sujet\u00a0am\u00e8nent les cr\u00e9ateurs\u00a0\u00e0 constituer une s\u00e9rie de douze buvards - plut\u00f4t que dix pour les gar\u00e7ons... \u00a0\u2026","rel":"","context":"Article similaire","block_context":{"text":"Article similaire","link":""},"img":{"alt_text":"Babyfil, Buvard - S Histoire du costume 01 (1450)_wp","src":"https:\/\/i0.wp.com\/lesgravereaux.marret.co\/wp-content\/uploads\/2016\/05\/Babyfil-Buvard-S-Histoire-du-costume-01-1450_wp.jpg?resize=350%2C200","width":350,"height":200},"classes":[]},{"id":2898,"url":"https:\/\/lesgravereaux.marret.co\/index.php\/les-etablissements-gravereaux\/les-produits-des-etablissements-gravereaux\/babyfil\/babyfil-des-buvards\/","url_meta":{"origin":2901,"position":1},"title":"Babyfil &#8211; des buvards","author":"marretgravereaux","date":"21 mai 2016","format":false,"excerpt":"Les \u00c9tablissements Gravereaux ont \u00e9mis environ une trentaine de buvards pour faire la promotion des produits Babyfil. Les premiers (sur cette page) ont \u00e9t\u00e9 produits individuellement. Plus tard, ils\u00a0choisissent d'en \u00e9mettre deux s\u00e9ries \u00e0 th\u00e8mes : l'une, pour les gar\u00e7ons porte sur\u00a0La belle Histoire de l'automobile, alors que l'autre, destin\u00e9e\u2026","rel":"","context":"Article similaire","block_context":{"text":"Article similaire","link":""},"img":{"alt_text":"","src":"","width":0,"height":0},"classes":[]},{"id":2895,"url":"https:\/\/lesgravereaux.marret.co\/index.php\/les-etablissements-gravereaux\/les-produits-des-etablissements-gravereaux\/babyfil\/babyfil-des-decoupages\/","url_meta":{"origin":2901,"position":2},"title":"Babyfil &#8211; des d\u00e9coupages","author":"marretgravereaux","date":"21 mai 2016","format":false,"excerpt":"Pour promouvoir les produits Babyfil, les \u00c9tablissements Gravereaux ont fait imprimer et distribuer pr\u00e8s d\u2019une trentaine de buvards diff\u00e9rents, dont deux s\u00e9ries, l'une\u00a0visant particuli\u00e8rement les gar\u00e7onnets, sur l\u2019histoire de l'automobile, et, l'autre, pour les fillettes sur la mode \u00e0 travers les temps. Mais ils font \u00e9galement\u00a0produire et diffuser un jeu\u2026","rel":"","context":"Article similaire","block_context":{"text":"Article similaire","link":""},"img":{"alt_text":"Babyfil - Jeu \u00e0 d\u00e9couper c1 (1954)_wp","src":"https:\/\/i0.wp.com\/lesgravereaux.marret.co\/wp-content\/uploads\/2016\/05\/Babyfil-Jeu-%C3%A0-d%C3%A9couper-c1-1954_wp-709x1024.jpg?resize=350%2C200","width":350,"height":200},"classes":[]},{"id":4413,"url":"https:\/\/lesgravereaux.marret.co\/index.php\/les-etablissements-gravereaux\/les-produits-des-etablissements-gravereaux\/babyfil\/babyfil-la-publicite\/","url_meta":{"origin":2901,"position":3},"title":"Babyfil, la publicit\u00e9","author":"marretgravereaux","date":"8 juillet 2016","format":false,"excerpt":"Les \u00c9tablissements Gravereaux se sont lanc\u00e9s dans la fabrication et la commercialisation des v\u00eatements pour enfants pendant la Seconde Guerre mondiale; mais ce n\u2019est qu\u2019\u00e0 partir des ann\u00e9es 1950 que la mode enfantine y a pris autant d\u2019importance, occupant, \u00e0 certains moments, plus de deux cents employ\u00e9s \u00e0 la fabrication\u2026","rel":"","context":"Article similaire","block_context":{"text":"Article similaire","link":""},"img":{"alt_text":"Chemise 2-3 (2011-22 _011)_wp","src":"https:\/\/i0.wp.com\/lesgravereaux.marret.co\/wp-content\/uploads\/2016\/03\/Chemise-2-3-2011-22-_011_wp-997x1024.jpg?resize=350%2C200","width":350,"height":200},"classes":[]},{"id":3149,"url":"https:\/\/lesgravereaux.marret.co\/index.php\/les-etablissements-gravereaux\/les-objets-promotionnels\/","url_meta":{"origin":2901,"position":4},"title":"Les objets promotionnels","author":"marretgravereaux","date":"12 juin 2016","format":false,"excerpt":"Au fil des ans, les \u00c9tablissements Gravereaux font fabriquer et distribuer divers objets promotionnels. Une grande partie d'entre\u00a0 eux sont\u00a0distribu\u00e9s aux\u00a0clients eux-m\u00eames et\u00a0choisis alors selon la client\u00e8le vis\u00e9e... Les produits des \u00c9tablissements Gravereaux concernent\u00a0d'abord les hommes et l'on ne s'\u00e9tonnera pas que, dans les ann\u00e9es 1950-1960,\u00a0plusieurs objets s'adressent aux fumeurs\u2026","rel":"","context":"Article similaire","block_context":{"text":"Article similaire","link":""},"img":{"alt_text":"Triplefil, Marque-pages 1_wp","src":"https:\/\/i0.wp.com\/lesgravereaux.marret.co\/wp-content\/uploads\/2016\/05\/Triplefil-Marque-pages-1_wp.jpg?resize=350%2C200","width":350,"height":200},"classes":[]},{"id":2922,"url":"https:\/\/lesgravereaux.marret.co\/index.php\/les-etablissements-gravereaux\/les-produits-des-etablissements-gravereaux\/babyfil\/babyfil-a-cholet\/","url_meta":{"origin":2901,"position":5},"title":"Babyfil&#8230; \u00e0 Cholet","author":"marretgravereaux","date":"21 mai 2016","format":false,"excerpt":"Le Mus\u00e9e du Textile de Cholet tenait, du 3\u00a0d\u00e9cembre 2011 au 18 mars 2012, une exposition sur la mode enfantine sous le th\u00e8me \u00ab\u00a0\u00c0 fleur de peau\u00a0\u00bb. \u00c0 cette occasion et en collaboration avec le Mus\u00e9e de la Chemiserie et de l'\u00c9l\u00e9gance masculine d\u2019Argenton-sur-Creuse, il pr\u00e9sentait quelques produits et documents\u2026","rel":"","context":"Article similaire","block_context":{"text":"Article similaire","link":""},"img":{"alt_text":"\u00c0 fleur de peau - carte exposition_wp","src":"https:\/\/i0.wp.com\/lesgravereaux.marret.co\/wp-content\/uploads\/2016\/05\/%C3%80-fleur-de-peau-carte-exposition_wp.jpg?resize=350%2C200","width":350,"height":200},"classes":[]}],"_links":{"self":[{"href":"https:\/\/lesgravereaux.marret.co\/index.php\/wp-json\/wp\/v2\/pages\/2901","targetHints":{"allow":["GET"]}}],"collection":[{"href":"https:\/\/lesgravereaux.marret.co\/index.php\/wp-json\/wp\/v2\/pages"}],"about":[{"href":"https:\/\/lesgravereaux.marret.co\/index.php\/wp-json\/wp\/v2\/types\/page"}],"author":[{"embeddable":true,"href":"https:\/\/lesgravereaux.marret.co\/index.php\/wp-json\/wp\/v2\/users\/1"}],"replies":[{"embeddable":true,"href":"https:\/\/lesgravereaux.marret.co\/index.php\/wp-json\/wp\/v2\/comments?post=2901"}],"version-history":[{"count":0,"href":"https:\/\/lesgravereaux.marret.co\/index.php\/wp-json\/wp\/v2\/pages\/2901\/revisions"}],"up":[{"embeddable":true,"href":"https:\/\/lesgravereaux.marret.co\/index.php\/wp-json\/wp\/v2\/pages\/2766"}],"wp:attachment":[{"href":"https:\/\/lesgravereaux.marret.co\/index.php\/wp-json\/wp\/v2\/media?parent=2901"}],"curies":[{"name":"wp","href":"https:\/\/api.w.org\/{rel}","templated":true}]}}