{"id":2636,"date":"2016-05-15T01:14:01","date_gmt":"2016-05-15T00:14:01","guid":{"rendered":"http:\/\/lesgravereaux.marret.co\/?page_id=2636"},"modified":"2017-04-02T08:56:15","modified_gmt":"2017-04-02T07:56:15","slug":"le-materiel-de-protection-gravereaux","status":"publish","type":"page","link":"https:\/\/lesgravereaux.marret.co\/index.php\/les-etablissements-gravereaux\/les-produits-des-etablissements-gravereaux\/le-materiel-de-protection-gravereaux\/","title":{"rendered":"Le mat\u00e9riel de protection Gravereaux"},"content":{"rendered":"<p style=\"text-align: left;\">L\u2019implication de la Maison Gravereaux dans la fabrication de mat\u00e9riel de protection date de la Premi\u00e8re Guerre mondiale. Jean-Ren\u00e9 Gravereaux raconte&nbsp;:<\/p>\n<p style=\"padding-left: 30px;\"><em>\u00ab&nbsp;La guerre d\u00e9clar\u00e9e, mon p\u00e8re \u00e9tait mobilis\u00e9 \u00e0 fin ao\u00fbt 1914. [\u2026] Il devait participer au combat de Charleroi et \u00eatre d\u00e9mobilis\u00e9, tr\u00e8s rapidement, comme p\u00e8re de famille nombreuse [\u2026].<\/em><\/p>\n<p style=\"padding-left: 30px;\"><em>\u00ab&nbsp;\u00catre \u00e0 nouveau en mesure de reprendre en mains ses affaires \u00e9tait une occasion exceptionnelle dans le malheur de l&rsquo;\u00e9poque. Apr\u00e8s avoir remis en route la fabrication de ses faux cols, encore port\u00e9s par les \u00ab&nbsp;hommes de l&rsquo;arri\u00e8re&nbsp;\u00bb, sans concurrence, ou presque, il a la voie libre pour d\u00e9velopper ses affaires avant de se lancer dans les \u00ab&nbsp;fournitures aux arm\u00e9es&nbsp;\u00bb. Le Nord et ses industriels textiles et de confection \u00e9tant occup\u00e9, il fallait fabriquer le plus loin possible du front. <a href=\"https:\/\/i0.wp.com\/lesgravereaux.marret.co\/wp-content\/uploads\/2016\/05\/brassac-1-OG1726_wp.jpg?ssl=1\"><img data-recalc-dims=\"1\" loading=\"lazy\" decoding=\"async\" data-attachment-id=\"2615\" data-permalink=\"https:\/\/lesgravereaux.marret.co\/index.php\/les-etablissements-gravereaux\/les-produits-des-etablissements-gravereaux\/le-materiel-de-protection-gravereaux\/brassac-1-og1726_wp\/\" data-orig-file=\"https:\/\/i0.wp.com\/lesgravereaux.marret.co\/wp-content\/uploads\/2016\/05\/brassac-1-OG1726_wp.jpg?fit=886%2C555&amp;ssl=1\" data-orig-size=\"886,555\" data-comments-opened=\"1\" data-image-meta=\"{&quot;aperture&quot;:&quot;0&quot;,&quot;credit&quot;:&quot;&quot;,&quot;camera&quot;:&quot;&quot;,&quot;caption&quot;:&quot;1919&quot;,&quot;created_timestamp&quot;:&quot;0&quot;,&quot;copyright&quot;:&quot;&quot;,&quot;focal_length&quot;:&quot;0&quot;,&quot;iso&quot;:&quot;0&quot;,&quot;shutter_speed&quot;:&quot;0&quot;,&quot;title&quot;:&quot;1919&quot;,&quot;orientation&quot;:&quot;1&quot;}\" data-image-title=\"brassac-1 &amp;#8211; OG1726_wp\" data-image-description=\"\" data-image-caption=\"\" data-medium-file=\"https:\/\/i0.wp.com\/lesgravereaux.marret.co\/wp-content\/uploads\/2016\/05\/brassac-1-OG1726_wp.jpg?fit=300%2C188&amp;ssl=1\" data-large-file=\"https:\/\/i0.wp.com\/lesgravereaux.marret.co\/wp-content\/uploads\/2016\/05\/brassac-1-OG1726_wp.jpg?fit=640%2C401&amp;ssl=1\" width=\"351\" height=\"220\" class=\"wp-image-2615 alignright\" alt=\"brassac-1 - OG1726_wp\" src=\"https:\/\/i0.wp.com\/lesgravereaux.marret.co\/wp-content\/uploads\/2016\/05\/brassac-1-OG1726_wp.jpg?resize=351%2C220&#038;ssl=1\" data-wp-pid=\"2615\" srcset=\"https:\/\/i0.wp.com\/lesgravereaux.marret.co\/wp-content\/uploads\/2016\/05\/brassac-1-OG1726_wp.jpg?w=886&amp;ssl=1 886w, https:\/\/i0.wp.com\/lesgravereaux.marret.co\/wp-content\/uploads\/2016\/05\/brassac-1-OG1726_wp.jpg?resize=300%2C188&amp;ssl=1 300w, https:\/\/i0.wp.com\/lesgravereaux.marret.co\/wp-content\/uploads\/2016\/05\/brassac-1-OG1726_wp.jpg?resize=768%2C481&amp;ssl=1 768w, https:\/\/i0.wp.com\/lesgravereaux.marret.co\/wp-content\/uploads\/2016\/05\/brassac-1-OG1726_wp.jpg?resize=800%2C501&amp;ssl=1 800w, https:\/\/i0.wp.com\/lesgravereaux.marret.co\/wp-content\/uploads\/2016\/05\/brassac-1-OG1726_wp.jpg?resize=600%2C376&amp;ssl=1 600w\" sizes=\"auto, (max-width: 351px) 100vw, 351px\" \/><\/a>C&rsquo;est donc incit\u00e9 par les Pouvoirs publics qu&rsquo;il a achet\u00e9 une usine \u00e0 Brassac-les-Mines, \u00e0 soixante kilom\u00e8tres au sud de Clermont-Ferrand; c&rsquo;est l\u00e0 qu&rsquo;il devait faire fabriquer une partie des immenses march\u00e9s du Minist\u00e8re de l&rsquo;Armement. La \u00ab&nbsp;guerre des gaz&nbsp;\u00bb, commenc\u00e9e fin&nbsp;1915, n\u00e9cessitait de cr\u00e9er un mat\u00e9riel de protection. Ce furent d&rsquo;abord de simples \u00ab&nbsp;tampons&nbsp;\u00bb, constitu\u00e9s de couches de gaze en coton, qu&rsquo;on appelait des \u00ab&nbsp;bonnettes&nbsp;\u00bb, simplement pos\u00e9es sur le visage. Il devait en \u00eatre fabriqu\u00e9es d&rsquo;\u00e9normes quantit\u00e9s avant l&rsquo;adoption d&rsquo;un masque protecteur. C&rsquo;est \u00e0 cette mise au point que participa mon p\u00e8re, notamment en emp\u00eachant la bu\u00e9e de se d\u00e9poser sur les \u0153ill\u00e8res par le collage d&rsquo;une fine couche de cellophane, sur les verres de celles-ci. C&rsquo;est ainsi qu&rsquo;il eut \u00e0 fabriquer des millions de masques \u00e0 gaz et sacs porte-masque. C&rsquo;est \u00e0 cette \u00e9poque qu&rsquo;a \u00e9t\u00e9 construit le grand b\u00e2timent enti\u00e8rement en bois de la rue Lazare-Hoche; c&rsquo;est l\u00e0 que se produisit, en 1917, un grave accident qui co\u00fbta la vie \u00e0 un ouvrier, ce dont mon p\u00e8re fut vivement affect\u00e9.<\/em>&nbsp;\u00bb <em>[1]<\/em><\/p>\n<p><a href=\"https:\/\/i0.wp.com\/lesgravereaux.marret.co\/wp-content\/uploads\/2016\/03\/M2-IMG_0045_wp.jpg?ssl=1\"><img data-recalc-dims=\"1\" loading=\"lazy\" decoding=\"async\" data-attachment-id=\"493\" data-permalink=\"https:\/\/lesgravereaux.marret.co\/index.php\/les-etablissements-gravereaux\/les-produits-des-etablissements-gravereaux\/le-materiel-de-protection-gravereaux\/m2-img_0045_wp\/\" data-orig-file=\"https:\/\/i0.wp.com\/lesgravereaux.marret.co\/wp-content\/uploads\/2016\/03\/M2-IMG_0045_wp.jpg?fit=827%2C622&amp;ssl=1\" data-orig-size=\"827,622\" data-comments-opened=\"1\" data-image-meta=\"{&quot;aperture&quot;:&quot;2.8&quot;,&quot;credit&quot;:&quot;&quot;,&quot;camera&quot;:&quot;Canon PowerShot A460&quot;,&quot;caption&quot;:&quot;&quot;,&quot;created_timestamp&quot;:&quot;1305986974&quot;,&quot;copyright&quot;:&quot;&quot;,&quot;focal_length&quot;:&quot;5.4&quot;,&quot;iso&quot;:&quot;200&quot;,&quot;shutter_speed&quot;:&quot;0.02&quot;,&quot;title&quot;:&quot;&quot;,&quot;orientation&quot;:&quot;1&quot;}\" data-image-title=\"M2 (IMG_0045)_wp\" data-image-description=\"\" data-image-caption=\"\" data-medium-file=\"https:\/\/i0.wp.com\/lesgravereaux.marret.co\/wp-content\/uploads\/2016\/03\/M2-IMG_0045_wp.jpg?fit=300%2C226&amp;ssl=1\" data-large-file=\"https:\/\/i0.wp.com\/lesgravereaux.marret.co\/wp-content\/uploads\/2016\/03\/M2-IMG_0045_wp.jpg?fit=640%2C481&amp;ssl=1\" width=\"205\" height=\"154\" class=\"wp-image-493 alignleft\" alt=\"M2 (IMG_0045)_wp\" src=\"https:\/\/i0.wp.com\/lesgravereaux.marret.co\/wp-content\/uploads\/2016\/03\/M2-IMG_0045_wp.jpg?resize=205%2C154&#038;ssl=1\" data-wp-pid=\"493\" srcset=\"https:\/\/i0.wp.com\/lesgravereaux.marret.co\/wp-content\/uploads\/2016\/03\/M2-IMG_0045_wp.jpg?w=827&amp;ssl=1 827w, https:\/\/i0.wp.com\/lesgravereaux.marret.co\/wp-content\/uploads\/2016\/03\/M2-IMG_0045_wp.jpg?resize=300%2C226&amp;ssl=1 300w, https:\/\/i0.wp.com\/lesgravereaux.marret.co\/wp-content\/uploads\/2016\/03\/M2-IMG_0045_wp.jpg?resize=768%2C578&amp;ssl=1 768w, https:\/\/i0.wp.com\/lesgravereaux.marret.co\/wp-content\/uploads\/2016\/03\/M2-IMG_0045_wp.jpg?resize=800%2C602&amp;ssl=1 800w, https:\/\/i0.wp.com\/lesgravereaux.marret.co\/wp-content\/uploads\/2016\/03\/M2-IMG_0045_wp.jpg?resize=600%2C451&amp;ssl=1 600w\" sizes=\"auto, (max-width: 205px) 100vw, 205px\" \/><\/a>Consid\u00e9r\u00e9 comme la meilleure solution possible du moment, le <strong>Masque Gravereaux<\/strong> est adopt\u00e9 par une commission du minist\u00e8re des Arm\u00e9es le 16&nbsp;novembre&nbsp;1915. Il s\u2019en suit contrats, revenus et profits qui permettent \u00e0 l\u2019entreprise de prendre de l\u2019expansion dans les ann\u00e9es suivantes.<\/p>\n<p>Forts de leur succ\u00e8s, les \u00c9tablissements Gravereaux&nbsp;veulent r\u00e9p\u00e9ter et \u00e9tendre cette production \u00e0 l\u2019approche de la Deuxi\u00e8me Guerre mondiale.<\/p>\n<p style=\"padding-left: 30px;\"><em><a href=\"https:\/\/i0.wp.com\/lesgravereaux.marret.co\/wp-content\/uploads\/2016\/03\/1934-Ets-Gravereaux-Masque-a-gaz-1-4_wp.jpg?ssl=1\"><img data-recalc-dims=\"1\" loading=\"lazy\" decoding=\"async\" data-attachment-id=\"498\" data-permalink=\"https:\/\/lesgravereaux.marret.co\/index.php\/les-etablissements-gravereaux\/les-produits-des-etablissements-gravereaux\/le-materiel-de-protection-gravereaux\/1934-ets-gravereaux-masque-a-gaz-1-4_wp\/\" data-orig-file=\"https:\/\/i0.wp.com\/lesgravereaux.marret.co\/wp-content\/uploads\/2016\/03\/1934-Ets-Gravereaux-Masque-a-gaz-1-4_wp.jpg?fit=1102%2C735&amp;ssl=1\" data-orig-size=\"1102,735\" data-comments-opened=\"1\" data-image-meta=\"{&quot;aperture&quot;:&quot;8&quot;,&quot;credit&quot;:&quot;&quot;,&quot;camera&quot;:&quot;FinePix S602 ZOOM&quot;,&quot;caption&quot;:&quot;&quot;,&quot;created_timestamp&quot;:&quot;1134649792&quot;,&quot;copyright&quot;:&quot;&quot;,&quot;focal_length&quot;:&quot;18.2&quot;,&quot;iso&quot;:&quot;200&quot;,&quot;shutter_speed&quot;:&quot;0.016666666666667&quot;,&quot;title&quot;:&quot;&quot;,&quot;orientation&quot;:&quot;1&quot;}\" data-image-title=\"1934 Ets Gravereaux &amp;#8211; Masque a gaz 1-4_wp\" data-image-description=\"\" data-image-caption=\"\" data-medium-file=\"https:\/\/i0.wp.com\/lesgravereaux.marret.co\/wp-content\/uploads\/2016\/03\/1934-Ets-Gravereaux-Masque-a-gaz-1-4_wp.jpg?fit=300%2C200&amp;ssl=1\" data-large-file=\"https:\/\/i0.wp.com\/lesgravereaux.marret.co\/wp-content\/uploads\/2016\/03\/1934-Ets-Gravereaux-Masque-a-gaz-1-4_wp.jpg?fit=640%2C427&amp;ssl=1\" width=\"205\" height=\"154\" class=\"wp-image-498 alignright\" alt=\"1934 Ets Gravereaux - Masque a gaz 1-4_wp\" src=\"https:\/\/i0.wp.com\/lesgravereaux.marret.co\/wp-content\/uploads\/2016\/03\/1934-Ets-Gravereaux-Masque-a-gaz-1-4_wp.jpg?resize=205%2C154&#038;ssl=1\" data-wp-pid=\"498\"><\/a>\u00ab&nbsp;Au d\u00e9but des ann\u00e9es 30, la crise commence \u00e0 s\u00e9vir en m\u00eame temps que le march\u00e9 du faux col diminue rapidement; il avait d\u00e9j\u00e0 perdu pr\u00e8s de la moiti\u00e9 de son importance depuis 1925; on parlait du r\u00e9armement allemand, avec la mont\u00e9e du National-Socialisme, de la guerre a\u00e9rienne, et d&rsquo;une probable utilisation des gaz sur les populations civiles. Il est alors apparu \u00e0 G\u00e9rard qu&rsquo;il fallait absolument se lancer \u00e0 nouveau dans la fabrication de masques \u00e0 gaz, o\u00f9 le nom de Gravereaux \u00e9tait attach\u00e9 au mod\u00e8le RG 17, et au moment o\u00f9 de nouveaux appels d&rsquo;offres de l&rsquo;Arm\u00e9e \u00e9taient lanc\u00e9s. De tr\u00e8s importants march\u00e9s ont \u00e9t\u00e9 attribu\u00e9s \u00e0 mon p\u00e8re d\u00e8s 1932, tant pour des masques que pour des sacs porte-masque; Brassac fut choisi comme lieu de production de ce mat\u00e9riel; la chemiserie \u00e9tait reprise \u00e0 Boulogne<\/em>.&nbsp;\u00bb <em>[1]<\/em><\/p>\n<p>Il faut structurer l\u2019ensemble de ces activit\u00e9s et une division sp\u00e9cifique de l\u2019entreprise (la deuxi\u00e8me) est \u00e9tablie \u00e0 cette fin, comprenant&nbsp;sept branches&nbsp;:<\/p>\n<ol>\n<li>Masques \u00e0 gaz pour l\u2019Arm\u00e9e et les Administrations<\/li>\n<li><a href=\"https:\/\/lesgravereaux.marret.co\/index.php\/les-etablissements-gravereaux\/les-produits-des-etablissements-gravereaux\/le-materiel-de-protection-gravereaux\/les-parachutes\/\">Parachutes<\/a><\/li>\n<li>Masques civils<\/li>\n<li>Appareils \u00e0 circuit ferm\u00e9<\/li>\n<li>Mat\u00e9riel pour abris<\/li>\n<li><a href=\"https:\/\/lesgravereaux.marret.co\/index.php\/les-etablissements-gravereaux\/les-produits-des-etablissements-gravereaux\/le-materiel-de-protection-gravereaux\/des-abris-souterrains\/\">Abris collectifs<\/a><\/li>\n<li>Scierie et fabrique de caisses \u00e0 munitions.<\/li>\n<\/ol>\n<p style=\"padding-left: 30px;\"><em><a href=\"https:\/\/i0.wp.com\/lesgravereaux.marret.co\/wp-content\/uploads\/2016\/05\/1935-11-Union-des-femmes-de-France-NP_wp.jpg?ssl=1\"><img data-recalc-dims=\"1\" loading=\"lazy\" decoding=\"async\" data-attachment-id=\"2628\" data-permalink=\"https:\/\/lesgravereaux.marret.co\/index.php\/les-etablissements-gravereaux\/les-produits-des-etablissements-gravereaux\/le-materiel-de-protection-gravereaux\/1935-11-union-des-femmes-de-france-np_wp\/\" data-orig-file=\"https:\/\/i0.wp.com\/lesgravereaux.marret.co\/wp-content\/uploads\/2016\/05\/1935-11-Union-des-femmes-de-France-NP_wp.jpg?fit=886%2C689&amp;ssl=1\" data-orig-size=\"886,689\" data-comments-opened=\"1\" data-image-meta=\"{&quot;aperture&quot;:&quot;0&quot;,&quot;credit&quot;:&quot;&quot;,&quot;camera&quot;:&quot;&quot;,&quot;caption&quot;:&quot;&quot;,&quot;created_timestamp&quot;:&quot;0&quot;,&quot;copyright&quot;:&quot;&quot;,&quot;focal_length&quot;:&quot;0&quot;,&quot;iso&quot;:&quot;0&quot;,&quot;shutter_speed&quot;:&quot;0&quot;,&quot;title&quot;:&quot;&quot;,&quot;orientation&quot;:&quot;1&quot;}\" data-image-title=\"1935-11 Union des femmes de France NP_wp\" data-image-description=\"\" data-image-caption=\"\" data-medium-file=\"https:\/\/i0.wp.com\/lesgravereaux.marret.co\/wp-content\/uploads\/2016\/05\/1935-11-Union-des-femmes-de-France-NP_wp.jpg?fit=300%2C233&amp;ssl=1\" data-large-file=\"https:\/\/i0.wp.com\/lesgravereaux.marret.co\/wp-content\/uploads\/2016\/05\/1935-11-Union-des-femmes-de-France-NP_wp.jpg?fit=640%2C498&amp;ssl=1\" width=\"303\" height=\"235\" class=\"wp-image-2628 alignleft\" alt=\"1935-11 Union des femmes de France NP_wp\" src=\"https:\/\/i0.wp.com\/lesgravereaux.marret.co\/wp-content\/uploads\/2016\/05\/1935-11-Union-des-femmes-de-France-NP_wp.jpg?resize=303%2C235&#038;ssl=1\" data-wp-pid=\"2628\" srcset=\"https:\/\/i0.wp.com\/lesgravereaux.marret.co\/wp-content\/uploads\/2016\/05\/1935-11-Union-des-femmes-de-France-NP_wp.jpg?w=886&amp;ssl=1 886w, https:\/\/i0.wp.com\/lesgravereaux.marret.co\/wp-content\/uploads\/2016\/05\/1935-11-Union-des-femmes-de-France-NP_wp.jpg?resize=300%2C233&amp;ssl=1 300w, https:\/\/i0.wp.com\/lesgravereaux.marret.co\/wp-content\/uploads\/2016\/05\/1935-11-Union-des-femmes-de-France-NP_wp.jpg?resize=768%2C597&amp;ssl=1 768w, https:\/\/i0.wp.com\/lesgravereaux.marret.co\/wp-content\/uploads\/2016\/05\/1935-11-Union-des-femmes-de-France-NP_wp.jpg?resize=800%2C622&amp;ssl=1 800w, https:\/\/i0.wp.com\/lesgravereaux.marret.co\/wp-content\/uploads\/2016\/05\/1935-11-Union-des-femmes-de-France-NP_wp.jpg?resize=600%2C467&amp;ssl=1 600w\" sizes=\"auto, (max-width: 303px) 100vw, 303px\" \/><\/a>\u00ab&nbsp;Les march\u00e9s se succ\u00e9daient, tant en masques complets, qu&rsquo;en sacs porte-masque, en m\u00eame temps que l&rsquo;on mettait \u00e0 l&rsquo;\u00e9tude des masques pour la population civile dans diff\u00e9rentes mati\u00e8res. On se lan\u00e7ait dans la conception d&rsquo;abris souterrains, et un abri mod\u00e8le \u00e9tait construit dans la cour de l&rsquo;usine de Boulogne. On se lan\u00e7ait dans la fabrication de parachutes pour l&rsquo;Arm\u00e9e de l&rsquo;Air et on envisageait m\u00eame de fabriquer des caisses de munition pour canons de 75!&nbsp;\u00bb [1]<\/em><\/p>\n<p>L\u2019on trouve ainsi trace, en 1935, de plusieurs contrats avec le gouvernement pour la fourniture de divers mat\u00e9riels parmi lesquels&nbsp;:<\/p>\n<ul>\n<li><a href=\"https:\/\/i0.wp.com\/lesgravereaux.marret.co\/wp-content\/uploads\/2016\/05\/1936-01-LA%C3%A9ronautique-p16B_wp.jpg?ssl=1\"><img data-recalc-dims=\"1\" loading=\"lazy\" decoding=\"async\" data-attachment-id=\"2642\" data-permalink=\"https:\/\/lesgravereaux.marret.co\/index.php\/les-etablissements-gravereaux\/les-produits-des-etablissements-gravereaux\/le-materiel-de-protection-gravereaux\/1936-01-laeronautique-p16b_wp\/\" data-orig-file=\"https:\/\/i0.wp.com\/lesgravereaux.marret.co\/wp-content\/uploads\/2016\/05\/1936-01-LA%C3%A9ronautique-p16B_wp.jpg?fit=386%2C591&amp;ssl=1\" data-orig-size=\"386,591\" data-comments-opened=\"1\" data-image-meta=\"{&quot;aperture&quot;:&quot;0&quot;,&quot;credit&quot;:&quot;&quot;,&quot;camera&quot;:&quot;&quot;,&quot;caption&quot;:&quot;&quot;,&quot;created_timestamp&quot;:&quot;0&quot;,&quot;copyright&quot;:&quot;&quot;,&quot;focal_length&quot;:&quot;0&quot;,&quot;iso&quot;:&quot;0&quot;,&quot;shutter_speed&quot;:&quot;0&quot;,&quot;title&quot;:&quot;&quot;,&quot;orientation&quot;:&quot;1&quot;}\" data-image-title=\"1936-01 L&amp;rsquo;A\u00e9ronautique p16B_wp\" data-image-description=\"\" data-image-caption=\"\" data-medium-file=\"https:\/\/i0.wp.com\/lesgravereaux.marret.co\/wp-content\/uploads\/2016\/05\/1936-01-LA%C3%A9ronautique-p16B_wp.jpg?fit=196%2C300&amp;ssl=1\" data-large-file=\"https:\/\/i0.wp.com\/lesgravereaux.marret.co\/wp-content\/uploads\/2016\/05\/1936-01-LA%C3%A9ronautique-p16B_wp.jpg?fit=386%2C591&amp;ssl=1\" width=\"225\" height=\"345\" class=\"wp-image-2642 alignright\" alt=\"1936-01 L'A\u00e9ronautique p16B_wp\" src=\"https:\/\/i0.wp.com\/lesgravereaux.marret.co\/wp-content\/uploads\/2016\/05\/1936-01-LA%C3%A9ronautique-p16B_wp.jpg?resize=225%2C345&#038;ssl=1\" data-wp-pid=\"2642\" srcset=\"https:\/\/i0.wp.com\/lesgravereaux.marret.co\/wp-content\/uploads\/2016\/05\/1936-01-LA%C3%A9ronautique-p16B_wp.jpg?w=386&amp;ssl=1 386w, https:\/\/i0.wp.com\/lesgravereaux.marret.co\/wp-content\/uploads\/2016\/05\/1936-01-LA%C3%A9ronautique-p16B_wp.jpg?resize=196%2C300&amp;ssl=1 196w\" sizes=\"auto, (max-width: 225px) 100vw, 225px\" \/><\/a>150&nbsp;000 casques \u00e0 ressorts pour appareil normal de protection (march\u00e9 n\u00ba&nbsp;438&nbsp;DL, 7\/6\/1934)<\/li>\n<li>100&nbsp;000 appareils de protection, type Fernez (march\u00e9 n\u00ba&nbsp;424&nbsp;DL, 8\/6\/1934)<\/li>\n<li>1&nbsp;000 parachutes VINAY, type 100 et 286 parachutes ALOZ type 100 (march\u00e9 n\u00ba&nbsp;955\/4, 24\/12\/1934)<\/li>\n<li>Sacs valises et rechanges de parachutes SALONE &amp; LUCAS (march\u00e9 n\u00ba&nbsp;204\/5, 8\/4\/1935)<\/li>\n<li>Parachutes valises SALONE &amp; LUCAS avec pi\u00e8ces de rechange (march\u00e9 n\u00ba&nbsp;213\/5, 8\/4\/1935)<\/li>\n<li>Mat\u00e9riels pour modification aux parachutes SALONE &amp; LUCAS type 30 (march\u00e9 n\u00ba&nbsp;88\/5, 12\/4\/1935)<\/li>\n<li>60 sacs de parachutes de nacelle (march\u00e9 n\u00ba&nbsp;389\/5, 20\/5\/1935)<\/li>\n<li>400&nbsp;000 casques \u00e0 ressort (march\u00e9 n\u00ba&nbsp;636&nbsp;DL, 19\/6\/1935)<\/li>\n<\/ul>\n<p style=\"padding-left: 30px;\"><em>\u00ab&nbsp;On est en 1933, l&rsquo;apparence est d&rsquo;une entreprise productive, bien organis\u00e9e, \u00e0 Brassac, la Combelle, Sainte-Florine, occupant plus de 800 personnes travaillant en plusieurs \u00e9quipes. Pour ma part, je me souviens d&rsquo;avoir \u00e9t\u00e9 \u00e9pat\u00e9, en juillet &rsquo;34, par l&rsquo;organisation de ces productions de masques et de sacs, ainsi que par ces ateliers d&#8217;emboutissage, de fabrication de ressorts, de peinture et de traitement de cartouches.&nbsp;\u00bb [1]<\/em><\/p>\n<p>Mais toutes ces fabrications ne peuvent se faire que dans de nouvelles installations et il faut faire d\u2019\u00e9normes investissements financ\u00e9s par des emprunts. Certaines d\u00e9penses sont mal contr\u00f4l\u00e9es et la production n\u2019est pas exempte de probl\u00e8mes.<\/p>\n<p style=\"padding-left: 30px;\"><em>\u00ab&nbsp;L&rsquo;usine de Brassac \u00e9tait dirig\u00e9e par Monsieur Pouzenc que je devais retrouver \u00e0 Argentin, au moment de la Lib\u00e9ration. Il m&rsquo;a racont\u00e9 un \u00e9norme accident de fabrication qui a \u00e9t\u00e9 cach\u00e9, pour je ne sais quelle raison&nbsp;: alors qu&rsquo;un march\u00e9 de 300.000 sacs \u00e9tait en fabrication, il demande \u00e0 Boulogne de l&rsquo;encre de marquage; on lui envoie de l&rsquo;encre \u00e0 marquer les faux cols, dont l&rsquo;acidit\u00e9 \u00e9tait extr\u00eamement forte, pour qu&rsquo;apr\u00e8s lavage le marquage soit d\u00e9finitivement ind\u00e9l\u00e9bile. Quelques mois apr\u00e8s la livraison du march\u00e9, Monsieur Pouzenc est alert\u00e9 par les services de l&rsquo;Armement de Montlu\u00e7on. Les sacs sont br\u00fbl\u00e9s et perc\u00e9s \u00e0 l&rsquo;endroit du marquage. C&rsquo;est ainsi que 300.000 sacs furent enterr\u00e9s devant l&rsquo;usine de Brassac. Pourquoi avoir cach\u00e9 cet accident? Il a fallu refabriquer int\u00e9gralement ledit march\u00e9; les cons\u00e9quences financi\u00e8res en ont \u00e9t\u00e9 consid\u00e9rables dans une situation d\u00e9j\u00e0 peu brillante, due \u00e0 la mauvaise rentabilit\u00e9 des march\u00e9s et \u00e0 toutes les \u00e9tudes et essais en cours non encore commercialis\u00e9s.\u00bb [1]<\/em><\/p>\n<p><a href=\"https:\/\/i0.wp.com\/lesgravereaux.marret.co\/wp-content\/uploads\/2016\/05\/1936-12-14-Concordat-p1a_wp.jpg?ssl=1\"><img data-recalc-dims=\"1\" loading=\"lazy\" decoding=\"async\" data-attachment-id=\"2643\" data-permalink=\"https:\/\/lesgravereaux.marret.co\/index.php\/les-etablissements-gravereaux\/les-produits-des-etablissements-gravereaux\/le-materiel-de-protection-gravereaux\/1936-12-14-concordat-p1a_wp\/\" data-orig-file=\"https:\/\/i0.wp.com\/lesgravereaux.marret.co\/wp-content\/uploads\/2016\/05\/1936-12-14-Concordat-p1a_wp.jpg?fit=591%2C350&amp;ssl=1\" data-orig-size=\"591,350\" data-comments-opened=\"1\" data-image-meta=\"{&quot;aperture&quot;:&quot;0&quot;,&quot;credit&quot;:&quot;&quot;,&quot;camera&quot;:&quot;&quot;,&quot;caption&quot;:&quot;&quot;,&quot;created_timestamp&quot;:&quot;0&quot;,&quot;copyright&quot;:&quot;&quot;,&quot;focal_length&quot;:&quot;0&quot;,&quot;iso&quot;:&quot;0&quot;,&quot;shutter_speed&quot;:&quot;0&quot;,&quot;title&quot;:&quot;&quot;,&quot;orientation&quot;:&quot;1&quot;}\" data-image-title=\"1936-12-14 Concordat p1a_wp\" data-image-description=\"\" data-image-caption=\"\" data-medium-file=\"https:\/\/i0.wp.com\/lesgravereaux.marret.co\/wp-content\/uploads\/2016\/05\/1936-12-14-Concordat-p1a_wp.jpg?fit=300%2C178&amp;ssl=1\" data-large-file=\"https:\/\/i0.wp.com\/lesgravereaux.marret.co\/wp-content\/uploads\/2016\/05\/1936-12-14-Concordat-p1a_wp.jpg?fit=591%2C350&amp;ssl=1\" width=\"187\" height=\"111\" class=\"wp-image-2643 alignleft\" alt=\"1936-12-14 Concordat p1a_wp\" src=\"https:\/\/i0.wp.com\/lesgravereaux.marret.co\/wp-content\/uploads\/2016\/05\/1936-12-14-Concordat-p1a_wp.jpg?resize=187%2C111&#038;ssl=1\" data-wp-pid=\"2643\" srcset=\"https:\/\/i0.wp.com\/lesgravereaux.marret.co\/wp-content\/uploads\/2016\/05\/1936-12-14-Concordat-p1a_wp.jpg?w=591&amp;ssl=1 591w, https:\/\/i0.wp.com\/lesgravereaux.marret.co\/wp-content\/uploads\/2016\/05\/1936-12-14-Concordat-p1a_wp.jpg?resize=300%2C178&amp;ssl=1 300w\" sizes=\"auto, (max-width: 187px) 100vw, 187px\" \/><\/a>La d\u00e9gradation de la situation financi\u00e8re de l\u2019entreprise ainsi que de mauvais placements&nbsp;am\u00e8nent un d\u00e9p\u00f4t de bilan et une liquidation financi\u00e8re. Un concordat avec les cr\u00e9anciers est arr\u00eat\u00e9 le 14 d\u00e9cembre 1936 stipulant que M. Ren\u00e9 Gravereaux doit abandonner la totalit\u00e9 des actifs reli\u00e9s \u00e0 la 2<sup>e<\/sup> division qui comportent notamment&nbsp;:<\/p>\n<p style=\"padding-left: 30px;\"><em>\u00ab&nbsp;Le nom commercial, les terrains et usines de Brassac-les-Mines, de La Combelle et de Sainte-Florine, le mat\u00e9riel de fabrication et le mobilier de la 2e division, situ\u00e9s tant dans les usines du groupe de Brassac que dans l&rsquo;usine de Boulogne-sur-Seine, les marchandises, les brevets et licences, les mod\u00e8les et \u00e9tudes, la client\u00e8le, les cr\u00e9ances, ainsi que les b\u00e9n\u00e9fices \u00e0 provenir de l&rsquo;ex\u00e9cution des march\u00e9s en cours pour les Minist\u00e8res de la, Guerre, de l&rsquo;Air et les Administrations de l&rsquo;\u00c9tat&nbsp;\u00bb [2]<\/em><\/p>\n<p>Mais le concordat pr\u00e9voit \u00e9galement<\/p>\n<p style=\"padding-left: 30px;\"><em>\u00ab&nbsp;la conservation par Ren\u00e9 GRAVEREAUX du fonds de fabrication de cols et chemises (1<sup>re<\/sup> division \u00e0 Boulogne), y compris l\u2019immeuble \u00e0 charge de payer, outre le passif hypoth\u00e9caire et nanti dix annuit\u00e9s de 150.000&nbsp;francs chacune&nbsp;\u00bb [3]<\/em><\/p>\n<p>Ce qui apparaissait catastrophique se transforme plut\u00f4t&nbsp;en une \u00ab&nbsp;opportunit\u00e9&nbsp;\u00bb.&nbsp;La Maison Gravereaux abandonne le secteur du mat\u00e9riel de protection, co\u00fbteux et compliqu\u00e9 \u00e0 g\u00e9rer, pour se recentrer sur la chemiserie et les articles de lingerie, domaine dans lequel elle poss\u00e8de expertise et renomm\u00e9e. L&rsquo;entreprise ne met qu\u2019environ cinq ans pour effectuer l&rsquo;essentiel des remboursements pr\u00e9vus et reprendre un nouvel \u00e9lan.<\/p>\n<p><a href=\"https:\/\/i0.wp.com\/lesgravereaux.marret.co\/wp-content\/uploads\/2016\/05\/Embl%C3%A8me-%C3%89ts-Gravereaux-OG1695_wp.jpg?ssl=1\"><img data-recalc-dims=\"1\" loading=\"lazy\" decoding=\"async\" data-attachment-id=\"2641\" data-permalink=\"https:\/\/lesgravereaux.marret.co\/index.php\/les-etablissements-gravereaux\/les-produits-des-etablissements-gravereaux\/le-materiel-de-protection-gravereaux\/embleme-ets-gravereaux-og1695_wp\/\" data-orig-file=\"https:\/\/i0.wp.com\/lesgravereaux.marret.co\/wp-content\/uploads\/2016\/05\/Embl%C3%A8me-%C3%89ts-Gravereaux-OG1695_wp.jpg?fit=354%2C354&amp;ssl=1\" data-orig-size=\"354,354\" data-comments-opened=\"1\" data-image-meta=\"{&quot;aperture&quot;:&quot;0&quot;,&quot;credit&quot;:&quot;&quot;,&quot;camera&quot;:&quot;&quot;,&quot;caption&quot;:&quot;&quot;,&quot;created_timestamp&quot;:&quot;1228992240&quot;,&quot;copyright&quot;:&quot;&quot;,&quot;focal_length&quot;:&quot;0&quot;,&quot;iso&quot;:&quot;0&quot;,&quot;shutter_speed&quot;:&quot;0&quot;,&quot;title&quot;:&quot;&quot;,&quot;orientation&quot;:&quot;1&quot;}\" data-image-title=\"Embl\u00e8me \u00c9ts Gravereaux &amp;#8211; OG1695_wp\" data-image-description=\"\" data-image-caption=\"\" data-medium-file=\"https:\/\/i0.wp.com\/lesgravereaux.marret.co\/wp-content\/uploads\/2016\/05\/Embl%C3%A8me-%C3%89ts-Gravereaux-OG1695_wp.jpg?fit=300%2C300&amp;ssl=1\" data-large-file=\"https:\/\/i0.wp.com\/lesgravereaux.marret.co\/wp-content\/uploads\/2016\/05\/Embl%C3%A8me-%C3%89ts-Gravereaux-OG1695_wp.jpg?fit=354%2C354&amp;ssl=1\" width=\"98\" height=\"98\" class=\"wp-image-2641 aligncenter\" alt=\"Embl\u00e8me \u00c9ts Gravereaux - OG1695_wp\" src=\"https:\/\/i0.wp.com\/lesgravereaux.marret.co\/wp-content\/uploads\/2016\/05\/Embl%C3%A8me-%C3%89ts-Gravereaux-OG1695_wp.jpg?resize=98%2C98&#038;ssl=1\" data-wp-pid=\"2641\" srcset=\"https:\/\/i0.wp.com\/lesgravereaux.marret.co\/wp-content\/uploads\/2016\/05\/Embl%C3%A8me-%C3%89ts-Gravereaux-OG1695_wp.jpg?w=354&amp;ssl=1 354w, https:\/\/i0.wp.com\/lesgravereaux.marret.co\/wp-content\/uploads\/2016\/05\/Embl%C3%A8me-%C3%89ts-Gravereaux-OG1695_wp.jpg?resize=150%2C150&amp;ssl=1 150w, https:\/\/i0.wp.com\/lesgravereaux.marret.co\/wp-content\/uploads\/2016\/05\/Embl%C3%A8me-%C3%89ts-Gravereaux-OG1695_wp.jpg?resize=300%2C300&amp;ssl=1 300w\" sizes=\"auto, (max-width: 98px) 100vw, 98px\" \/><\/a><\/p>\n<hr>\n<p>[1] Gravereaux, Jean-Ren\u00e9. <em>La Maison Gravereaux 1910-1941<\/em>. Non publi\u00e9.<br \/>\n[2] <em>Concordat de M. Gravereaux<\/em>, 14 d\u00e9cembre 1936.<br \/>\n[3] <em>Homologations de contrats. Insertion rectificative Concordat Gravereaux<\/em>. Journal non identifi\u00e9, 1937.<\/p>\n","protected":false},"excerpt":{"rendered":"<p>L\u2019implication de la Maison Gravereaux dans la fabrication de mat\u00e9riel de protection date de la Premi\u00e8re Guerre mondiale. Jean-Ren\u00e9 Gravereaux raconte&nbsp;: \u00ab&nbsp;La guerre d\u00e9clar\u00e9e, mon p\u00e8re \u00e9tait mobilis\u00e9 \u00e0 fin ao\u00fbt 1914. [\u2026] Il devait participer au combat de Charleroi &hellip; <a href=\"https:\/\/lesgravereaux.marret.co\/index.php\/les-etablissements-gravereaux\/les-produits-des-etablissements-gravereaux\/le-materiel-de-protection-gravereaux\/\">Continuer la lecture <span class=\"meta-nav\">&rarr;<\/span><\/a><\/p>\n","protected":false},"author":1,"featured_media":0,"parent":3116,"menu_order":0,"comment_status":"closed","ping_status":"closed","template":"","meta":{"ngg_post_thumbnail":0,"jetpack_post_was_ever_published":false,"footnotes":""},"class_list":["post-2636","page","type-page","status-publish","hentry"],"jetpack_sharing_enabled":true,"jetpack_shortlink":"https:\/\/wp.me\/P7ERyi-Gw","jetpack-related-posts":[{"id":2884,"url":"https:\/\/lesgravereaux.marret.co\/index.php\/les-etablissements-gravereaux\/brassac-les-mines\/","url_meta":{"origin":2636,"position":0},"title":"Brassac-les-Mines","author":"marretgravereaux","date":"20 mai 2016","format":false,"excerpt":"Pendant la Premi\u00e8re Guerre mondiale, les \u00c9tablissements Gravereaux fabriquent des masques \u00e0 gaz pour l\u2019Arm\u00e9e fran\u00e7aise. Cependant, en 1918, le Gouvernement fran\u00e7ais s\u2019inqui\u00e8te des avanc\u00e9es allemandes; l\u2019Administration de la Guerre exige donc de Ren\u00e9 Gravereaux qu\u2019il prenne les dispositions pertinentes pour pouvoir, si n\u00e9cessaire, d\u00e9m\u00e9nager son usine dans le Centre\u2026","rel":"","context":"Article similaire","block_context":{"text":"Article similaire","link":""},"img":{"alt_text":"brassac-1 - OG1726_wp","src":"https:\/\/i0.wp.com\/lesgravereaux.marret.co\/wp-content\/uploads\/2016\/05\/brassac-1-OG1726_wp.jpg?resize=350%2C200","width":350,"height":200},"classes":[]},{"id":3116,"url":"https:\/\/lesgravereaux.marret.co\/index.php\/les-etablissements-gravereaux\/les-produits-des-etablissements-gravereaux\/","url_meta":{"origin":2636,"position":1},"title":"Les produits des \u00c9tablissements Gravereaux","author":"marretgravereaux","date":"25 mai 2016","format":false,"excerpt":"Lorsqu\u2019en 1910 Ren\u00e9 Gravereaux s\u2019associe avec Gaston Chastel, c\u2019est pour cr\u00e9er une Manufacture de cols et manchettes, avec, pour objet la fabrication, le commerce et le blanchissage \u00e0 neuf de ces articles La Premi\u00e8re Guerre mondiale am\u00e8ne la Maison Gravereaux \u00e0 se lancer dans la fabrication de masques \u00e0 gaz\u2026","rel":"","context":"Article similaire","block_context":{"text":"Article similaire","link":""},"img":{"alt_text":"1910 EtsGr - Cat p11a_wp","src":"https:\/\/i0.wp.com\/lesgravereaux.marret.co\/wp-content\/uploads\/2016\/05\/1910-EtsGr-Cat-p11a_wp.jpg?resize=350%2C200","width":350,"height":200},"classes":[]},{"id":2856,"url":"https:\/\/lesgravereaux.marret.co\/index.php\/les-etablissements-gravereaux\/boulogne-lusine\/","url_meta":{"origin":2636,"position":2},"title":"Boulogne &#8211; l&rsquo;usine","author":"marretgravereaux","date":"20 mai 2016","format":false,"excerpt":"Au cours de leur demi-si\u00e8cle d\u2019existence, Les \u00c9tablissements Gravereaux ont fabriqu\u00e9 leurs produits dans plusieurs manufactures et ateliers. D\u00e8s 1910, l\u2019usine de Boulogne-sur-Seine a \u00e9t\u00e9 au centre de leurs op\u00e9rations, tant pour la fabrication de cols que, pendant la guerre de 1914-1918, pour celles des masques \u00e0 gaz. Toutefois, des\u2026","rel":"","context":"Article similaire","block_context":{"text":"Article similaire","link":""},"img":{"alt_text":"Brassac-les-Mines - Ets Gravereaux 2a_wp","src":"https:\/\/i0.wp.com\/lesgravereaux.marret.co\/wp-content\/uploads\/2016\/05\/Brassac-les-Mines-Ets-Gravereaux-2a_wp.jpg?resize=350%2C200","width":350,"height":200},"classes":[]},{"id":3110,"url":"https:\/\/lesgravereaux.marret.co\/index.php\/les-etablissements-gravereaux\/petite-chronologie\/","url_meta":{"origin":2636,"position":3},"title":"Petite chronologie","author":"marretgravereaux","date":"24 mai 2016","format":false,"excerpt":"1910 (21 juin) Gaston Chastel et Ren\u00e9 Gravereaux cr\u00e9ent une soci\u00e9t\u00e9 en nom collectif. Ren\u00e9 Gravereaux apporte 150\u00a0000\u00a0francs et Gaston Chastel 370\u00a0000\u00a0francs. Cette entreprise - dont le si\u00e8ge social est situ\u00e9 rue du faubourg Poissonni\u00e8re - est sp\u00e9cialis\u00e9e dans la fabrication de faux-cols, manchettes, et autres articles de lingerie, ainsi\u2026","rel":"","context":"Article similaire","block_context":{"text":"Article similaire","link":""},"img":{"alt_text":"R Gravereaux - Lettre-re\u00e7u (en-t\u00eate)_wp","src":"https:\/\/i0.wp.com\/lesgravereaux.marret.co\/wp-content\/uploads\/2016\/05\/R-Gravereaux-Lettre-re%C3%A7u-en-t%C3%AAte_wp.jpg?resize=350%2C200","width":350,"height":200},"classes":[]},{"id":1204,"url":"https:\/\/lesgravereaux.marret.co\/index.php\/les-etablissements-gravereaux\/les-produits-des-etablissements-gravereaux\/babyfil\/une-exposition-babyfil\/","url_meta":{"origin":2636,"position":4},"title":"Une exposition Babyfil","author":"marretgravereaux","date":"18 mars 2016","format":false,"excerpt":"En 2013, le Mus\u00e9e de la Chemiserie et de l'\u00c9l\u00e9gance masculine d'Argenton-sur-Creuse a mis \u00e0 l'honneur les produits Babyfil - la principale marque de mode enfantine des \u00c9tablissements Gravereaux \u2013 en y tenant une exposition. Babyfil, une mode enfantine argentonnaise La SOGEC, entreprise de confection dirig\u00e9e par Jean-Ren\u00e9 Gravereaux, est\u2026","rel":"","context":"Dans &quot;Les \u00c9tablissements Gravereaux&quot;","block_context":{"text":"Les \u00c9tablissements Gravereaux","link":"https:\/\/lesgravereaux.marret.co\/index.php\/category\/les-etablissements-gravereaux\/"},"img":{"alt_text":"Babyfil affiche-3_wp","src":"https:\/\/i0.wp.com\/lesgravereaux.marret.co\/wp-content\/uploads\/2016\/07\/Babyfil-affiche-3_wp-692x1024.jpg?resize=350%2C200","width":350,"height":200},"classes":[]},{"id":2931,"url":"https:\/\/lesgravereaux.marret.co\/index.php\/les-etablissements-gravereaux\/les-produits-des-etablissements-gravereaux\/le-materiel-de-protection-gravereaux\/les-parachutes\/","url_meta":{"origin":2636,"position":5},"title":"Les parachutes","author":"marretgravereaux","date":"22 mai 2016","format":false,"excerpt":"En 1934, les \u00c9tablissements Gravereaux entreprennent la fabrication de parachutes pour le Minist\u00e8re de l\u2019Air; \u00e0 cet effet, ils ont acquis le mat\u00e9riel et les brevets de la Maison Salone et Lucas pour 150\u00a0000\u00a0francs, en plus d\u2019une redevance sur le chiffre d\u2019affaires. Si les prototypes sont r\u00e9alis\u00e9s dans l\u2019usine de\u2026","rel":"","context":"Article similaire","block_context":{"text":"Article similaire","link":""},"img":{"alt_text":"1934-11-25 Les Ailes p16 (d\u00e9tail)_wp","src":"https:\/\/i0.wp.com\/lesgravereaux.marret.co\/wp-content\/uploads\/2016\/05\/1934-11-25-Les-Ailes-p16-d%C3%A9tail_wp.jpg?resize=350%2C200","width":350,"height":200},"classes":[]}],"_links":{"self":[{"href":"https:\/\/lesgravereaux.marret.co\/index.php\/wp-json\/wp\/v2\/pages\/2636","targetHints":{"allow":["GET"]}}],"collection":[{"href":"https:\/\/lesgravereaux.marret.co\/index.php\/wp-json\/wp\/v2\/pages"}],"about":[{"href":"https:\/\/lesgravereaux.marret.co\/index.php\/wp-json\/wp\/v2\/types\/page"}],"author":[{"embeddable":true,"href":"https:\/\/lesgravereaux.marret.co\/index.php\/wp-json\/wp\/v2\/users\/1"}],"replies":[{"embeddable":true,"href":"https:\/\/lesgravereaux.marret.co\/index.php\/wp-json\/wp\/v2\/comments?post=2636"}],"version-history":[{"count":0,"href":"https:\/\/lesgravereaux.marret.co\/index.php\/wp-json\/wp\/v2\/pages\/2636\/revisions"}],"up":[{"embeddable":true,"href":"https:\/\/lesgravereaux.marret.co\/index.php\/wp-json\/wp\/v2\/pages\/3116"}],"wp:attachment":[{"href":"https:\/\/lesgravereaux.marret.co\/index.php\/wp-json\/wp\/v2\/media?parent=2636"}],"curies":[{"name":"wp","href":"https:\/\/api.w.org\/{rel}","templated":true}]}}