{"id":2309,"date":"2016-05-07T16:12:40","date_gmt":"2016-05-07T15:12:40","guid":{"rendered":"http:\/\/lesgravereaux.marret.co\/?page_id=2309"},"modified":"2024-04-24T16:36:01","modified_gmt":"2024-04-24T15:36:01","slug":"femmes-portraits-et-nus-cannes-1985-1986","status":"publish","type":"page","link":"https:\/\/lesgravereaux.marret.co\/index.php\/la-famille-gravereaux\/gerard-gravereaux\/henry-gerard-gravereaux-sexpose\/femmes-portraits-et-nus-cannes-1985-1986\/","title":{"rendered":"Femmes, portraits et nus (Cannes, 1985-1986)"},"content":{"rendered":"\r\n<h4 class=\"wp-block-heading\" style=\"text-align: center;\"><strong>La Malmaison, Cannes. 14&nbsp;d\u00e9cembre 1985 &nbsp;\u2013 9&nbsp;f\u00e9vrier 1986. <\/strong><br><strong>\u00ab&nbsp;Femmes\u2026, portraits et nus&nbsp;\u00bb.<\/strong><em><strong> [Exposition de groupe]<\/strong><\/em><\/h4>\r\n\r\n<p><a href=\"https:\/\/i0.wp.com\/lesgravereaux.marret.co\/wp-content\/uploads\/2016\/03\/1985-1986-Femmes-Portraits-et-Nus-c0_wp.jpg?ssl=1\"><img data-recalc-dims=\"1\" loading=\"lazy\" decoding=\"async\" data-attachment-id=\"1178\" data-permalink=\"https:\/\/lesgravereaux.marret.co\/index.php\/la-famille-gravereaux\/gerard-gravereaux\/henry-gerard-gravereaux-sexpose\/1985-1986-femmes-portraits-et-nus-c0_wp\/\" data-orig-file=\"https:\/\/i0.wp.com\/lesgravereaux.marret.co\/wp-content\/uploads\/2016\/03\/1985-1986-Femmes-Portraits-et-Nus-c0_wp.jpg?fit=1130%2C1181&amp;ssl=1\" data-orig-size=\"1130,1181\" data-comments-opened=\"1\" data-image-meta=\"{&quot;aperture&quot;:&quot;0&quot;,&quot;credit&quot;:&quot;&quot;,&quot;camera&quot;:&quot;&quot;,&quot;caption&quot;:&quot;&quot;,&quot;created_timestamp&quot;:&quot;1296672381&quot;,&quot;copyright&quot;:&quot;&quot;,&quot;focal_length&quot;:&quot;0&quot;,&quot;iso&quot;:&quot;0&quot;,&quot;shutter_speed&quot;:&quot;0&quot;,&quot;title&quot;:&quot;&quot;,&quot;orientation&quot;:&quot;1&quot;}\" data-image-title=\"1985-1986 &amp;#8211; Femmes Portraits et Nus c0_wp\" data-image-description=\"\" data-image-caption=\"\" data-medium-file=\"https:\/\/i0.wp.com\/lesgravereaux.marret.co\/wp-content\/uploads\/2016\/03\/1985-1986-Femmes-Portraits-et-Nus-c0_wp.jpg?fit=287%2C300&amp;ssl=1\" data-large-file=\"https:\/\/i0.wp.com\/lesgravereaux.marret.co\/wp-content\/uploads\/2016\/03\/1985-1986-Femmes-Portraits-et-Nus-c0_wp.jpg?fit=640%2C669&amp;ssl=1\" class=\"wp-image-1178 alignleft\" src=\"https:\/\/i0.wp.com\/lesgravereaux.marret.co\/wp-content\/uploads\/2016\/03\/1985-1986-Femmes-Portraits-et-Nus-c0_wp.jpg?resize=292%2C305&#038;ssl=1\" alt=\"1985-1986 - Femmes Portraits et Nus c0_wp\" width=\"292\" height=\"305\" data-wp-pid=\"1178\" srcset=\"https:\/\/i0.wp.com\/lesgravereaux.marret.co\/wp-content\/uploads\/2016\/03\/1985-1986-Femmes-Portraits-et-Nus-c0_wp.jpg?resize=980%2C1024&amp;ssl=1 980w, https:\/\/i0.wp.com\/lesgravereaux.marret.co\/wp-content\/uploads\/2016\/03\/1985-1986-Femmes-Portraits-et-Nus-c0_wp.jpg?resize=287%2C300&amp;ssl=1 287w, https:\/\/i0.wp.com\/lesgravereaux.marret.co\/wp-content\/uploads\/2016\/03\/1985-1986-Femmes-Portraits-et-Nus-c0_wp.jpg?resize=768%2C803&amp;ssl=1 768w, https:\/\/i0.wp.com\/lesgravereaux.marret.co\/wp-content\/uploads\/2016\/03\/1985-1986-Femmes-Portraits-et-Nus-c0_wp.jpg?resize=800%2C836&amp;ssl=1 800w, https:\/\/i0.wp.com\/lesgravereaux.marret.co\/wp-content\/uploads\/2016\/03\/1985-1986-Femmes-Portraits-et-Nus-c0_wp.jpg?resize=574%2C600&amp;ssl=1 574w, https:\/\/i0.wp.com\/lesgravereaux.marret.co\/wp-content\/uploads\/2016\/03\/1985-1986-Femmes-Portraits-et-Nus-c0_wp.jpg?w=1130&amp;ssl=1 1130w\" sizes=\"auto, (max-width: 292px) 100vw, 292px\" \/><\/a><a href=\"https:\/\/i0.wp.com\/lesgravereaux.marret.co\/wp-content\/uploads\/2016\/05\/1985-1986-Femmes-Portraits-et-Nus-p001_wp.jpg?ssl=1\"><img data-recalc-dims=\"1\" loading=\"lazy\" decoding=\"async\" data-attachment-id=\"2303\" data-permalink=\"https:\/\/lesgravereaux.marret.co\/index.php\/la-famille-gravereaux\/gerard-gravereaux\/henry-gerard-gravereaux-sexpose\/femmes-portraits-et-nus-cannes-1985-1986\/1985-1986-femmes-portraits-et-nus-p001_wp\/\" data-orig-file=\"https:\/\/i0.wp.com\/lesgravereaux.marret.co\/wp-content\/uploads\/2016\/05\/1985-1986-Femmes-Portraits-et-Nus-p001_wp.jpg?fit=882%2C886&amp;ssl=1\" data-orig-size=\"882,886\" data-comments-opened=\"1\" data-image-meta=\"{&quot;aperture&quot;:&quot;0&quot;,&quot;credit&quot;:&quot;&quot;,&quot;camera&quot;:&quot;&quot;,&quot;caption&quot;:&quot;&quot;,&quot;created_timestamp&quot;:&quot;1296672489&quot;,&quot;copyright&quot;:&quot;&quot;,&quot;focal_length&quot;:&quot;0&quot;,&quot;iso&quot;:&quot;0&quot;,&quot;shutter_speed&quot;:&quot;0&quot;,&quot;title&quot;:&quot;&quot;,&quot;orientation&quot;:&quot;1&quot;}\" data-image-title=\"1985-1986 &amp;#8211; Femmes Portraits et Nus p001_wp\" data-image-description=\"\" data-image-caption=\"\" data-medium-file=\"https:\/\/i0.wp.com\/lesgravereaux.marret.co\/wp-content\/uploads\/2016\/05\/1985-1986-Femmes-Portraits-et-Nus-p001_wp.jpg?fit=300%2C300&amp;ssl=1\" data-large-file=\"https:\/\/i0.wp.com\/lesgravereaux.marret.co\/wp-content\/uploads\/2016\/05\/1985-1986-Femmes-Portraits-et-Nus-p001_wp.jpg?fit=640%2C643&amp;ssl=1\" class=\"alignnone wp-image-2303\" src=\"https:\/\/i0.wp.com\/lesgravereaux.marret.co\/wp-content\/uploads\/2016\/05\/1985-1986-Femmes-Portraits-et-Nus-p001_wp.jpg?resize=313%2C314&#038;ssl=1\" alt=\"1985-1986 - Femmes Portraits et Nus p001_wp\" width=\"313\" height=\"314\" data-wp-pid=\"2303\" srcset=\"https:\/\/i0.wp.com\/lesgravereaux.marret.co\/wp-content\/uploads\/2016\/05\/1985-1986-Femmes-Portraits-et-Nus-p001_wp.jpg?w=882&amp;ssl=1 882w, https:\/\/i0.wp.com\/lesgravereaux.marret.co\/wp-content\/uploads\/2016\/05\/1985-1986-Femmes-Portraits-et-Nus-p001_wp.jpg?resize=150%2C150&amp;ssl=1 150w, https:\/\/i0.wp.com\/lesgravereaux.marret.co\/wp-content\/uploads\/2016\/05\/1985-1986-Femmes-Portraits-et-Nus-p001_wp.jpg?resize=300%2C300&amp;ssl=1 300w, https:\/\/i0.wp.com\/lesgravereaux.marret.co\/wp-content\/uploads\/2016\/05\/1985-1986-Femmes-Portraits-et-Nus-p001_wp.jpg?resize=768%2C771&amp;ssl=1 768w, https:\/\/i0.wp.com\/lesgravereaux.marret.co\/wp-content\/uploads\/2016\/05\/1985-1986-Femmes-Portraits-et-Nus-p001_wp.jpg?resize=800%2C804&amp;ssl=1 800w, https:\/\/i0.wp.com\/lesgravereaux.marret.co\/wp-content\/uploads\/2016\/05\/1985-1986-Femmes-Portraits-et-Nus-p001_wp.jpg?resize=600%2C600&amp;ssl=1 600w, https:\/\/i0.wp.com\/lesgravereaux.marret.co\/wp-content\/uploads\/2016\/05\/1985-1986-Femmes-Portraits-et-Nus-p001_wp.jpg?resize=597%2C600&amp;ssl=1 597w\" sizes=\"auto, (max-width: 313px) 100vw, 313px\" \/><\/a><\/p>\r\n\r\n<blockquote class=\"wp-block-quote is-layout-flow wp-block-quote-is-layout-flow\">\r\n<p><br><strong>Henry-G\u00e9rard GRAVEREAUX . Paris 1906<\/strong><br>N\u00e9 \u00e0 Paris dans une famille d&rsquo;industriels.<\/p>\r\n<p>Etudes secondaires, baccalaur\u00e9at \u00e8s lettres et Ecole des Sciences Politiques.<br>Premi\u00e8res \u00e9tudes de dessin \u00e0 l&rsquo;Acad\u00e9mie Julian de 1924 \u00e0 1925.<\/p>\r\n<p>En 1937, se consacre d\u00e9finitivement \u00e0 la peinture et entre \u00e0 l&rsquo;Acad\u00e9mie Julian dans l&rsquo;atelier de Jean Souverbie dont il est un des premiers \u00e9l\u00e8ves avec ses camarades Roger Poupart, Claude Idoux et Albert Lenormand.<\/p>\r\n<p>Expose au Salon d&rsquo;Automne en 1939.<\/p>\r\n<p>Est install\u00e9 \u00e0 Cannes depuis 1945, son atelier est \u00e0 la Villa Clairmonde.<br>Il est un tenant de la nouvelle figuration : sa recherche se d\u00e9finit \u00e0 partir d&rsquo;une donn\u00e9e d&rsquo;Andr\u00e9 Lhote : \u00ab\u00a0il faut que le cubisme se raccommode avec ses deux ennemis, la lumi\u00e8re et l&rsquo;espace\u00a0\u00bb, et de Jean Cocteau : \u00ab\u00a0Tout art est abstrait si l&rsquo;artiste sait dominer le pr\u00e9texte de son oeuvre et s&rsquo;il l&rsquo;oublie il ne nous livre plus que son \u00e0me\u00a0\u00bb.<\/p>\r\n<p>Son \u0153uvre est un hommage \u00e0 la femme dont il fait son sujet principal. l<\/p>\r\n<\/blockquote>\r\n\r\n\r\n\r\n<p><strong>\u0152uvres expos\u00e9es<\/strong><\/p>\r\n\r\n\r\n\r\n<ul class=\"wp-block-list\">\r\n<li>\u00c9tude \u2013 Technique mixte, dessin aquarelle. 1950.<\/li>\r\n<li>Enl\u00e8vement de P\u00e2ris \u2013 Huile sur toile. 1950.<\/li>\r\n<li>Femme \u00e0 la chaise \u2013 Dessin r\u00e9hauss\u00e9 d\u2019aquarelle et crayons de couleur. 1950.<\/li>\r\n<\/ul>\r\n\r\n\r\n\r\n<figure class=\"wp-block-image is-resized\"><img data-recalc-dims=\"1\" loading=\"lazy\" decoding=\"async\" data-attachment-id=\"5890\" data-permalink=\"https:\/\/lesgravereaux.marret.co\/1985-1986-femmes-portraits-et-nus-etude_wp\/\" data-orig-file=\"https:\/\/i0.wp.com\/lesgravereaux.marret.co\/wp-content\/uploads\/2018\/12\/1985-1986-Femmes-Portraits-et-Nus-%C3%89tude_wp.jpg?fit=591%2C607&amp;ssl=1\" data-orig-size=\"591,607\" data-comments-opened=\"1\" data-image-meta=\"{&quot;aperture&quot;:&quot;0&quot;,&quot;credit&quot;:&quot;&quot;,&quot;camera&quot;:&quot;&quot;,&quot;caption&quot;:&quot;&quot;,&quot;created_timestamp&quot;:&quot;1296672733&quot;,&quot;copyright&quot;:&quot;&quot;,&quot;focal_length&quot;:&quot;0&quot;,&quot;iso&quot;:&quot;0&quot;,&quot;shutter_speed&quot;:&quot;0&quot;,&quot;title&quot;:&quot;&quot;,&quot;orientation&quot;:&quot;1&quot;}\" data-image-title=\"1985-1986 &amp;#8211; Femmes Portraits et Nus &amp;#8211; \u00c9tude_wp\" data-image-description=\"\" data-image-caption=\"&lt;p&gt;\u00c9tude &amp;#8211; Technique mixte, dessin aquarell\u00e9. 1950 (24&amp;#215;24)&lt;\/p&gt;\n\" data-medium-file=\"https:\/\/i0.wp.com\/lesgravereaux.marret.co\/wp-content\/uploads\/2018\/12\/1985-1986-Femmes-Portraits-et-Nus-%C3%89tude_wp.jpg?fit=292%2C300&amp;ssl=1\" data-large-file=\"https:\/\/i0.wp.com\/lesgravereaux.marret.co\/wp-content\/uploads\/2018\/12\/1985-1986-Femmes-Portraits-et-Nus-%C3%89tude_wp.jpg?fit=591%2C607&amp;ssl=1\" class=\"wp-image-5890\" src=\"https:\/\/i0.wp.com\/lesgravereaux.marret.co\/wp-content\/uploads\/2018\/12\/1985-1986-Femmes-Portraits-et-Nus-%C3%89tude_wp.jpg?resize=419%2C430&#038;ssl=1\" alt=\"\" width=\"419\" height=\"430\" srcset=\"https:\/\/i0.wp.com\/lesgravereaux.marret.co\/wp-content\/uploads\/2018\/12\/1985-1986-Femmes-Portraits-et-Nus-%C3%89tude_wp.jpg?w=591&amp;ssl=1 591w, https:\/\/i0.wp.com\/lesgravereaux.marret.co\/wp-content\/uploads\/2018\/12\/1985-1986-Femmes-Portraits-et-Nus-%C3%89tude_wp.jpg?resize=292%2C300&amp;ssl=1 292w, https:\/\/i0.wp.com\/lesgravereaux.marret.co\/wp-content\/uploads\/2018\/12\/1985-1986-Femmes-Portraits-et-Nus-%C3%89tude_wp.jpg?resize=584%2C600&amp;ssl=1 584w\" sizes=\"auto, (max-width: 419px) 100vw, 419px\" \/>\r\n<figcaption>\u00c9tude &#8211; Technique mixte, dessin aquarell\u00e9. 1950 (24&#215;24)<\/figcaption>\r\n<\/figure>\r\n\r\n\r\n\r\n<div class=\"wp-block-image\">\r\n<figure class=\"alignright is-resized\"><img data-recalc-dims=\"1\" loading=\"lazy\" decoding=\"async\" data-attachment-id=\"5892\" data-permalink=\"https:\/\/lesgravereaux.marret.co\/1985-1986-femmes-portraits-et-nus-lenlevement-de-paris_wp\/\" data-orig-file=\"https:\/\/i0.wp.com\/lesgravereaux.marret.co\/wp-content\/uploads\/2018\/12\/1985-1986-Femmes-Portraits-et-Nus-Lenl%C3%A8vement-de-Paris_wp.jpg?fit=870%2C886&amp;ssl=1\" data-orig-size=\"870,886\" data-comments-opened=\"1\" data-image-meta=\"{&quot;aperture&quot;:&quot;0&quot;,&quot;credit&quot;:&quot;&quot;,&quot;camera&quot;:&quot;&quot;,&quot;caption&quot;:&quot;&quot;,&quot;created_timestamp&quot;:&quot;0&quot;,&quot;copyright&quot;:&quot;&quot;,&quot;focal_length&quot;:&quot;0&quot;,&quot;iso&quot;:&quot;0&quot;,&quot;shutter_speed&quot;:&quot;0&quot;,&quot;title&quot;:&quot;&quot;,&quot;orientation&quot;:&quot;1&quot;}\" data-image-title=\"1985-1986 &amp;#8211; Femmes Portraits et Nus &amp;#8211; L&amp;rsquo;enl\u00e8vement de Paris_wp\" data-image-description=\"\" data-image-caption=\"&lt;p&gt;L&amp;rsquo;enl\u00e8vement de P\u00e2ris &amp;#8211; Huile sur toile. 1950 (138&amp;#215;135)&lt;\/p&gt;\n\" data-medium-file=\"https:\/\/i0.wp.com\/lesgravereaux.marret.co\/wp-content\/uploads\/2018\/12\/1985-1986-Femmes-Portraits-et-Nus-Lenl%C3%A8vement-de-Paris_wp.jpg?fit=295%2C300&amp;ssl=1\" data-large-file=\"https:\/\/i0.wp.com\/lesgravereaux.marret.co\/wp-content\/uploads\/2018\/12\/1985-1986-Femmes-Portraits-et-Nus-Lenl%C3%A8vement-de-Paris_wp.jpg?fit=640%2C652&amp;ssl=1\" class=\"wp-image-5892\" src=\"https:\/\/i0.wp.com\/lesgravereaux.marret.co\/wp-content\/uploads\/2018\/12\/1985-1986-Femmes-Portraits-et-Nus-Lenl%C3%A8vement-de-Paris_wp.jpg?resize=420%2C427&#038;ssl=1\" alt=\"\" width=\"420\" height=\"427\" srcset=\"https:\/\/i0.wp.com\/lesgravereaux.marret.co\/wp-content\/uploads\/2018\/12\/1985-1986-Femmes-Portraits-et-Nus-Lenl%C3%A8vement-de-Paris_wp.jpg?w=870&amp;ssl=1 870w, https:\/\/i0.wp.com\/lesgravereaux.marret.co\/wp-content\/uploads\/2018\/12\/1985-1986-Femmes-Portraits-et-Nus-Lenl%C3%A8vement-de-Paris_wp.jpg?resize=295%2C300&amp;ssl=1 295w, https:\/\/i0.wp.com\/lesgravereaux.marret.co\/wp-content\/uploads\/2018\/12\/1985-1986-Femmes-Portraits-et-Nus-Lenl%C3%A8vement-de-Paris_wp.jpg?resize=768%2C782&amp;ssl=1 768w, https:\/\/i0.wp.com\/lesgravereaux.marret.co\/wp-content\/uploads\/2018\/12\/1985-1986-Femmes-Portraits-et-Nus-Lenl%C3%A8vement-de-Paris_wp.jpg?resize=800%2C815&amp;ssl=1 800w, https:\/\/i0.wp.com\/lesgravereaux.marret.co\/wp-content\/uploads\/2018\/12\/1985-1986-Femmes-Portraits-et-Nus-Lenl%C3%A8vement-de-Paris_wp.jpg?resize=589%2C600&amp;ssl=1 589w\" sizes=\"auto, (max-width: 420px) 100vw, 420px\" \/>\r\n<figcaption>L&rsquo;enl\u00e8vement de P\u00e2ris &#8211; Huile sur toile. 1950 (138&#215;135)<\/figcaption>\r\n<\/figure>\r\n<\/div>\r\n\r\n\r\n\r\n<figure class=\"wp-block-image\"><img data-recalc-dims=\"1\" loading=\"lazy\" decoding=\"async\" width=\"349\" height=\"591\" data-attachment-id=\"5891\" data-permalink=\"https:\/\/lesgravereaux.marret.co\/1985-1986-femmes-portraits-et-nus-femme-a-la-chaise_wp\/\" data-orig-file=\"https:\/\/i0.wp.com\/lesgravereaux.marret.co\/wp-content\/uploads\/2018\/12\/1985-1986-Femmes-Portraits-et-Nus-Femme-%C3%A0-la-chaise_wp.jpg?fit=349%2C591&amp;ssl=1\" data-orig-size=\"349,591\" data-comments-opened=\"1\" data-image-meta=\"{&quot;aperture&quot;:&quot;0&quot;,&quot;credit&quot;:&quot;&quot;,&quot;camera&quot;:&quot;&quot;,&quot;caption&quot;:&quot;&quot;,&quot;created_timestamp&quot;:&quot;1296672819&quot;,&quot;copyright&quot;:&quot;&quot;,&quot;focal_length&quot;:&quot;0&quot;,&quot;iso&quot;:&quot;0&quot;,&quot;shutter_speed&quot;:&quot;0&quot;,&quot;title&quot;:&quot;&quot;,&quot;orientation&quot;:&quot;1&quot;}\" data-image-title=\"1985-1986 &amp;#8211; Femmes Portraits et Nus &amp;#8211; Femme \u00e0 la chaise_wp\" data-image-description=\"\" data-image-caption=\"&lt;p&gt;Femme \u00e0 la chaise &amp;#8211; Dessin r\u00e9hauss\u00e9 d&amp;rsquo;aquarelle et crayons de couleur. 1950 (32&amp;#215;20)&lt;\/p&gt;\n\" data-medium-file=\"https:\/\/i0.wp.com\/lesgravereaux.marret.co\/wp-content\/uploads\/2018\/12\/1985-1986-Femmes-Portraits-et-Nus-Femme-%C3%A0-la-chaise_wp.jpg?fit=177%2C300&amp;ssl=1\" data-large-file=\"https:\/\/i0.wp.com\/lesgravereaux.marret.co\/wp-content\/uploads\/2018\/12\/1985-1986-Femmes-Portraits-et-Nus-Femme-%C3%A0-la-chaise_wp.jpg?fit=349%2C591&amp;ssl=1\" class=\"wp-image-5891\" src=\"https:\/\/i0.wp.com\/lesgravereaux.marret.co\/wp-content\/uploads\/2018\/12\/1985-1986-Femmes-Portraits-et-Nus-Femme-%C3%A0-la-chaise_wp.jpg?resize=349%2C591&#038;ssl=1\" alt=\"\" srcset=\"https:\/\/i0.wp.com\/lesgravereaux.marret.co\/wp-content\/uploads\/2018\/12\/1985-1986-Femmes-Portraits-et-Nus-Femme-%C3%A0-la-chaise_wp.jpg?w=349&amp;ssl=1 349w, https:\/\/i0.wp.com\/lesgravereaux.marret.co\/wp-content\/uploads\/2018\/12\/1985-1986-Femmes-Portraits-et-Nus-Femme-%C3%A0-la-chaise_wp.jpg?resize=177%2C300&amp;ssl=1 177w\" sizes=\"auto, (max-width: 349px) 100vw, 349px\" \/>\r\n<figcaption>Femme \u00e0 la chaise &#8211; Dessin r\u00e9hauss\u00e9 d&rsquo;aquarelle et crayons de couleur. 1950 (32&#215;20)<\/figcaption>\r\n<\/figure>\r\n","protected":false},"excerpt":{"rendered":"<p>La Malmaison, Cannes. 14&nbsp;d\u00e9cembre 1985 &nbsp;\u2013 9&nbsp;f\u00e9vrier 1986. \u00ab&nbsp;Femmes\u2026, portraits et nus&nbsp;\u00bb. [Exposition de groupe] Henry-G\u00e9rard GRAVEREAUX . Paris 1906N\u00e9 \u00e0 Paris dans une famille d&rsquo;industriels. Etudes secondaires, baccalaur\u00e9at \u00e8s lettres et Ecole des Sciences Politiques.Premi\u00e8res \u00e9tudes de dessin \u00e0 &hellip; <a href=\"https:\/\/lesgravereaux.marret.co\/index.php\/la-famille-gravereaux\/gerard-gravereaux\/henry-gerard-gravereaux-sexpose\/femmes-portraits-et-nus-cannes-1985-1986\/\">Continuer la lecture <span class=\"meta-nav\">&rarr;<\/span><\/a><\/p>\n","protected":false},"author":1,"featured_media":0,"parent":1172,"menu_order":0,"comment_status":"closed","ping_status":"closed","template":"","meta":{"ngg_post_thumbnail":0,"jetpack_post_was_ever_published":false,"footnotes":""},"class_list":["post-2309","page","type-page","status-publish","hentry"],"jetpack_sharing_enabled":true,"jetpack_shortlink":"https:\/\/wp.me\/P7ERyi-Bf","jetpack-related-posts":[{"id":1172,"url":"https:\/\/lesgravereaux.marret.co\/index.php\/la-famille-gravereaux\/gerard-gravereaux\/henry-gerard-gravereaux-sexpose\/","url_meta":{"origin":2309,"position":0},"title":"Henry-G\u00e9rard Gravereaux s&rsquo;expose&#8230;","author":"marretgravereaux","date":"17 mars 2016","format":false,"excerpt":"Henry-G\u00e9rard Gravereaux est passionn\u00e9 par la peinture d\u00e8s sa jeunesse et il effectue plusieurs ann\u00e9es d\u2019\u00e9tude \u00e0 l\u2019Acad\u00e9mie Julian. Tout en \u0153uvrant professionnellement au sein de l\u2019entreprise familiale, il continue \u00e0 peindre - ce qu\u2019il fera toute sa vie \u2013et participe \u00e0 plusieurs expositions. La liste - non exhaustive \u2013\u2026","rel":"","context":"Article similaire","block_context":{"text":"Article similaire","link":""},"img":{"alt_text":"","src":"https:\/\/i0.wp.com\/lesgravereaux.marret.co\/wp-content\/uploads\/2018\/12\/Henry-G%C3%A9rard-Gravereaux-Dessin-177x244_wp.jpg?resize=350%2C200&ssl=1","width":350,"height":200,"srcset":"https:\/\/i0.wp.com\/lesgravereaux.marret.co\/wp-content\/uploads\/2018\/12\/Henry-G%C3%A9rard-Gravereaux-Dessin-177x244_wp.jpg?resize=350%2C200&ssl=1 1x, https:\/\/i0.wp.com\/lesgravereaux.marret.co\/wp-content\/uploads\/2018\/12\/Henry-G%C3%A9rard-Gravereaux-Dessin-177x244_wp.jpg?resize=525%2C300&ssl=1 1.5x, https:\/\/i0.wp.com\/lesgravereaux.marret.co\/wp-content\/uploads\/2018\/12\/Henry-G%C3%A9rard-Gravereaux-Dessin-177x244_wp.jpg?resize=700%2C400&ssl=1 2x"},"classes":[]},{"id":2288,"url":"https:\/\/lesgravereaux.marret.co\/index.php\/la-famille-gravereaux\/gerard-gravereaux\/henry-gerard-gravereaux-sexpose\/vous-avez-dit-cubistes-cannes-1985\/","url_meta":{"origin":2309,"position":1},"title":"Vous avez dit cubistes ? (Cannes, 1985)","author":"marretgravereaux","date":"7 mai 2016","format":false,"excerpt":"La Malmaison, Cannes. \u00a013\u00a0juillet \u2013 22\u00a0septembre 1985. \u00ab\u00a0Vous avez dit cubistes\u00a0?\u00a0\u00bb. [Exposition de groupe] \u00a0 m m \u00abPeu de temps avant les ann\u00e9es 50, dans les \u0153uvres de Henry-G\u00e9rard GRAVEREAUX, mythologue et prolongateur des th\u00e8mes tournant autour de la repr\u00e9sentation de la femme mythique d'Eros, le peintre faisait rena\u00eetre par\u2026","rel":"","context":"Article similaire","block_context":{"text":"Article similaire","link":""},"img":{"alt_text":"1985 - Vous avez dit cubistes c0-2_wp","src":"https:\/\/i0.wp.com\/lesgravereaux.marret.co\/wp-content\/uploads\/2016\/03\/1985-Vous-avez-dit-cubistes-c0-2_wp-1024x986.jpg?resize=350%2C200","width":350,"height":200},"classes":[]},{"id":5938,"url":"https:\/\/lesgravereaux.marret.co\/index.php\/la-famille-gravereaux\/gerard-gravereaux\/henry-gerard-gravereaux-sexpose\/1951-henry-gerard-a-cannes\/","url_meta":{"origin":2309,"position":2},"title":"1951 &#8211; Henry-G\u00e9rard expose \u00e0 Cannes","author":"marretgravereaux","date":"24 d\u00e9cembre 2018","format":false,"excerpt":"Galerie Martin-Gruson, Cannes. 28\u00a0mars \u2013 11\u00a0avril 1951. Un extrait de la Critique parisienne\u00a0: L'un des m\u00e9rites d'Henry-G\u00e9rard est d'avoir voulu travailler en solitaire, loin de Paris, sans montrer \u00e0 personne le r\u00e9sultat de ses recherches. Aussi l'\u0153uvre qu'il expose est-elle proprement surprenante... Elle accuse encore et surtout un style, celui\u2026","rel":"","context":"Article similaire","block_context":{"text":"Article similaire","link":""},"img":{"alt_text":"","src":"https:\/\/i0.wp.com\/lesgravereaux.marret.co\/wp-content\/uploads\/2018\/12\/1951-03-28-Exposition-Henry-G%C3%A9rard-Vernissage-1_wp.jpg?resize=350%2C200&ssl=1","width":350,"height":200,"srcset":"https:\/\/i0.wp.com\/lesgravereaux.marret.co\/wp-content\/uploads\/2018\/12\/1951-03-28-Exposition-Henry-G%C3%A9rard-Vernissage-1_wp.jpg?resize=350%2C200&ssl=1 1x, https:\/\/i0.wp.com\/lesgravereaux.marret.co\/wp-content\/uploads\/2018\/12\/1951-03-28-Exposition-Henry-G%C3%A9rard-Vernissage-1_wp.jpg?resize=525%2C300&ssl=1 1.5x, https:\/\/i0.wp.com\/lesgravereaux.marret.co\/wp-content\/uploads\/2018\/12\/1951-03-28-Exposition-Henry-G%C3%A9rard-Vernissage-1_wp.jpg?resize=700%2C400&ssl=1 2x"},"classes":[]},{"id":807,"url":"https:\/\/lesgravereaux.marret.co\/index.php\/jules-gravereaux\/portraits-de-jules-gravereaux\/","url_meta":{"origin":2309,"position":3},"title":"Portraits de Jules Gravereaux","author":"marretgravereaux","date":"10 mars 2016","format":false,"excerpt":"Tableau Portrait de Jules Gravereaux dans la roseraie de L\u2019Ha\u00ff\u00a0\u00a0 par Charles-Paul RENOUARD (1841-1919)\u00a0 Source : Archives d\u00e9partementales du Val-de-Marne \u00a0 M\u00e9daille M\u00e9daille\u00a0(38mm, fini bronze) con\u00e7ue par Jean-Luc Marret et frapp\u00e9e par l'atelier mon\u00e9taire\u00a0Pressed Metal Products\u00a0de Vancouver (Canada). Pour plus de d\u00e9tails et commande s'adresser \u00e0\u00a0Jean-Luc Marret. \u00a0 Buste R\u00e9alis\u00e9\u2026","rel":"","context":"Article similaire","block_context":{"text":"Article similaire","link":""},"img":{"alt_text":"Renouard, Charles-Paul (47 J 245)_wp","src":"https:\/\/i0.wp.com\/marret.co\/wp-content\/uploads\/2016\/03\/Renouard-Charles-Paul-47-J-245_wp-1024x743.jpg?resize=350%2C200","width":350,"height":200},"classes":[]},{"id":22928,"url":"https:\/\/lesgravereaux.marret.co\/index.php\/la-famille-gravereaux\/gerard-gravereaux\/les-poemes-illustres\/","url_meta":{"origin":2309,"position":4},"title":"Les po\u00e8mes illustr\u00e9s","author":"marretgravereaux","date":"28 avril 2022","format":false,"excerpt":"Henry-G\u00e9rard Gravereaux a r\u00e9alis\u00e9 diverses \u00e9tudes \u00e0 la mine de plomb, dont la majorit\u00e9 portant sur des nus, ainsi que de nombreuses peintures. Mais il a \u00e9galement effectu\u00e9, pour le plaisir, de petits dessins pour illustrer des menus lors de repas de No\u00ebl familiaux, ainsi que pour accompagner des po\u00e8mes\u2026","rel":"","context":"Article similaire","block_context":{"text":"Article similaire","link":""},"img":{"alt_text":"","src":"https:\/\/i0.wp.com\/lesgravereaux.marret.co\/wp-content\/uploads\/2022\/04\/HGG-Le-pont-Mirabeau-Apollinaire_H150-225x300.jpg?resize=350%2C200","width":350,"height":200},"classes":[]},{"id":4427,"url":"https:\/\/lesgravereaux.marret.co\/index.php\/les-etablissements-gravereaux\/les-produits-des-etablissements-gravereaux\/le-materiel-de-protection-gravereaux\/les-masques-a-gaz-pour-les-civils\/","url_meta":{"origin":2309,"position":5},"title":"Les masques \u00e0 gaz pour les civils","author":"marretgravereaux","date":"9 juillet 2016","format":false,"excerpt":"Au d\u00e9but des ann\u00e9es 1930, les \u00c9tablissements R. Gravereaux ont obtenu plusieurs march\u00e9s gouvernementaux pour l\u2019arm\u00e9e fran\u00e7aise, produisant, entre autres choses, casques, masques et parachutes. Mais ils n\u2019oublient pas pour autant tout ce qui touche la d\u00e9fense passive et, plus sp\u00e9cifiquement, les masques civils. Revue de l'Union des Femmes de\u2026","rel":"","context":"Article similaire","block_context":{"text":"Article similaire","link":""},"img":{"alt_text":"1935-07 Union des femmes de France_wp","src":"https:\/\/i0.wp.com\/lesgravereaux.marret.co\/wp-content\/uploads\/2016\/07\/1935-07-Union-des-femmes-de-France_wp.jpg?resize=350%2C200","width":350,"height":200},"classes":[]}],"_links":{"self":[{"href":"https:\/\/lesgravereaux.marret.co\/index.php\/wp-json\/wp\/v2\/pages\/2309","targetHints":{"allow":["GET"]}}],"collection":[{"href":"https:\/\/lesgravereaux.marret.co\/index.php\/wp-json\/wp\/v2\/pages"}],"about":[{"href":"https:\/\/lesgravereaux.marret.co\/index.php\/wp-json\/wp\/v2\/types\/page"}],"author":[{"embeddable":true,"href":"https:\/\/lesgravereaux.marret.co\/index.php\/wp-json\/wp\/v2\/users\/1"}],"replies":[{"embeddable":true,"href":"https:\/\/lesgravereaux.marret.co\/index.php\/wp-json\/wp\/v2\/comments?post=2309"}],"version-history":[{"count":1,"href":"https:\/\/lesgravereaux.marret.co\/index.php\/wp-json\/wp\/v2\/pages\/2309\/revisions"}],"predecessor-version":[{"id":23127,"href":"https:\/\/lesgravereaux.marret.co\/index.php\/wp-json\/wp\/v2\/pages\/2309\/revisions\/23127"}],"up":[{"embeddable":true,"href":"https:\/\/lesgravereaux.marret.co\/index.php\/wp-json\/wp\/v2\/pages\/1172"}],"wp:attachment":[{"href":"https:\/\/lesgravereaux.marret.co\/index.php\/wp-json\/wp\/v2\/media?parent=2309"}],"curies":[{"name":"wp","href":"https:\/\/api.w.org\/{rel}","templated":true}]}}