{"id":1632,"date":"2016-04-20T18:38:52","date_gmt":"2016-04-20T17:38:52","guid":{"rendered":"http:\/\/lesgravereaux.marret.co\/?page_id=1632"},"modified":"2016-06-12T15:21:30","modified_gmt":"2016-06-12T14:21:30","slug":"6-juin-1910-luniversite-des-annales","status":"publish","type":"page","link":"https:\/\/lesgravereaux.marret.co\/index.php\/571-2\/6-juin-1910-luniversite-des-annales\/","title":{"rendered":"6 juin 1910 &#8211; L&rsquo;Universit\u00e9 des Annales"},"content":{"rendered":"<h3><a href=\"https:\/\/i0.wp.com\/lesgravereaux.marret.co\/wp-content\/uploads\/2016\/04\/1910-06-05-Annales-politiques_wp.jpg?ssl=1\"><img data-recalc-dims=\"1\" loading=\"lazy\" decoding=\"async\" data-attachment-id=\"1627\" data-permalink=\"https:\/\/lesgravereaux.marret.co\/index.php\/571-2\/6-juin-1910-luniversite-des-annales\/1910-06-05-annales-politiques_wp\/\" data-orig-file=\"https:\/\/i0.wp.com\/lesgravereaux.marret.co\/wp-content\/uploads\/2016\/04\/1910-06-05-Annales-politiques_wp.jpg?fit=591%2C342&amp;ssl=1\" data-orig-size=\"591,342\" data-comments-opened=\"1\" data-image-meta=\"{&quot;aperture&quot;:&quot;0&quot;,&quot;credit&quot;:&quot;&quot;,&quot;camera&quot;:&quot;&quot;,&quot;caption&quot;:&quot;&quot;,&quot;created_timestamp&quot;:&quot;0&quot;,&quot;copyright&quot;:&quot;&quot;,&quot;focal_length&quot;:&quot;0&quot;,&quot;iso&quot;:&quot;0&quot;,&quot;shutter_speed&quot;:&quot;0&quot;,&quot;title&quot;:&quot;&quot;,&quot;orientation&quot;:&quot;1&quot;}\" data-image-title=\"1910-06-05 Annales politiques_wp\" data-image-description=\"\" data-image-caption=\"\" data-medium-file=\"https:\/\/i0.wp.com\/lesgravereaux.marret.co\/wp-content\/uploads\/2016\/04\/1910-06-05-Annales-politiques_wp.jpg?fit=300%2C174&amp;ssl=1\" data-large-file=\"https:\/\/i0.wp.com\/lesgravereaux.marret.co\/wp-content\/uploads\/2016\/04\/1910-06-05-Annales-politiques_wp.jpg?fit=591%2C342&amp;ssl=1\" class=\"wp-image-1627 alignright\" src=\"https:\/\/i0.wp.com\/lesgravereaux.marret.co\/wp-content\/uploads\/2016\/04\/1910-06-05-Annales-politiques_wp.jpg?resize=282%2C163&#038;ssl=1\" alt=\"1910-06-05 Annales politiques_wp\" width=\"282\" height=\"163\" data-wp-pid=\"1627\" srcset=\"https:\/\/i0.wp.com\/lesgravereaux.marret.co\/wp-content\/uploads\/2016\/04\/1910-06-05-Annales-politiques_wp.jpg?w=591&amp;ssl=1 591w, https:\/\/i0.wp.com\/lesgravereaux.marret.co\/wp-content\/uploads\/2016\/04\/1910-06-05-Annales-politiques_wp.jpg?resize=300%2C174&amp;ssl=1 300w\" sizes=\"auto, (max-width: 282px) 100vw, 282px\" \/><\/a><\/h3>\n<p>Cette journ\u00e9e-l\u00e0, l&rsquo;Universit\u00e9 des Annales visite, pour la premi\u00e8re fois &#8211; ce ne sera pas la derni\u00e8re &#8211;\u00a0la roseraie de L&rsquo;Ha\u00ff, dans le cadre de l&rsquo;une de ses promenades-conf\u00e9rences&#8230;<\/p>\n<p>&nbsp;<\/p>\n<p>Le Journal de l&rsquo;Universit\u00e9 des Annales du 15 octobre 1910 relate cette f\u00eate avec moult d\u00e9tails&#8230;<\/p>\n<h3><strong>Au pays des Roses<\/strong><\/h3>\n<p style=\"padding-left: 30px;\">\u00ab\u00a0Ce fut une journ\u00e9e dont se souviendront les jeunes Universitaires des Annales\u2026 La promenade-conf\u00e9rence de lundi dernier les conduisit d\u2019abord \u00e0 Port-Royal de Paris; elles y \u00e9cout\u00e8rent une substantielle et fine causerie d\u2019Andr\u00e9 Mesureur; elles visit\u00e8rent l\u2019infirmerie de Marie-Th\u00e9r\u00e8se et go\u00fbt\u00e8rent l\u2019excellent chocolat des bonnes s\u0153urs; puis, apr\u00e8s avoir d\u00e9jeun\u00e9 gaiement sous les arbres de Robinson et fait un pieux p\u00e8lerinage \u00e0 la maison d\u2019Andr\u00e9 Theuriet, elles se rendirent \u00e0 la Roseraie de l\u2019Hay\u2026<\/p>\n<p style=\"padding-left: 30px;\"><a href=\"https:\/\/i0.wp.com\/lesgravereaux.marret.co\/wp-content\/uploads\/2016\/04\/1910-10-15-Journal-Universit%C3%A9-Annales-p533_wp.jpg?ssl=1\"><img data-recalc-dims=\"1\" loading=\"lazy\" decoding=\"async\" data-attachment-id=\"1629\" data-permalink=\"https:\/\/lesgravereaux.marret.co\/index.php\/571-2\/6-juin-1910-luniversite-des-annales\/1910-10-15-journal-universite-annales-p533_wp\/\" data-orig-file=\"https:\/\/i0.wp.com\/lesgravereaux.marret.co\/wp-content\/uploads\/2016\/04\/1910-10-15-Journal-Universit%C3%A9-Annales-p533_wp.jpg?fit=522%2C827&amp;ssl=1\" data-orig-size=\"522,827\" data-comments-opened=\"1\" data-image-meta=\"{&quot;aperture&quot;:&quot;0&quot;,&quot;credit&quot;:&quot;&quot;,&quot;camera&quot;:&quot;&quot;,&quot;caption&quot;:&quot;&quot;,&quot;created_timestamp&quot;:&quot;0&quot;,&quot;copyright&quot;:&quot;&quot;,&quot;focal_length&quot;:&quot;0&quot;,&quot;iso&quot;:&quot;0&quot;,&quot;shutter_speed&quot;:&quot;0&quot;,&quot;title&quot;:&quot;&quot;,&quot;orientation&quot;:&quot;1&quot;}\" data-image-title=\"1910-10-15 Journal Universit\u00e9 Annales p533_wp\" data-image-description=\"\" data-image-caption=\"\" data-medium-file=\"https:\/\/i0.wp.com\/lesgravereaux.marret.co\/wp-content\/uploads\/2016\/04\/1910-10-15-Journal-Universit%C3%A9-Annales-p533_wp.jpg?fit=189%2C300&amp;ssl=1\" data-large-file=\"https:\/\/i0.wp.com\/lesgravereaux.marret.co\/wp-content\/uploads\/2016\/04\/1910-10-15-Journal-Universit%C3%A9-Annales-p533_wp.jpg?fit=522%2C827&amp;ssl=1\" class=\"wp-image-1629 alignright\" src=\"https:\/\/i0.wp.com\/lesgravereaux.marret.co\/wp-content\/uploads\/2016\/04\/1910-10-15-Journal-Universit%C3%A9-Annales-p533_wp.jpg?resize=251%2C398&#038;ssl=1\" alt=\"1910-10-15 Journal Universit\u00e9 Annales p533_wp\" width=\"251\" height=\"398\" data-wp-pid=\"1629\" srcset=\"https:\/\/i0.wp.com\/lesgravereaux.marret.co\/wp-content\/uploads\/2016\/04\/1910-10-15-Journal-Universit%C3%A9-Annales-p533_wp.jpg?w=522&amp;ssl=1 522w, https:\/\/i0.wp.com\/lesgravereaux.marret.co\/wp-content\/uploads\/2016\/04\/1910-10-15-Journal-Universit%C3%A9-Annales-p533_wp.jpg?resize=189%2C300&amp;ssl=1 189w, https:\/\/i0.wp.com\/lesgravereaux.marret.co\/wp-content\/uploads\/2016\/04\/1910-10-15-Journal-Universit%C3%A9-Annales-p533_wp.jpg?resize=379%2C600&amp;ssl=1 379w\" sizes=\"auto, (max-width: 251px) 100vw, 251px\" \/><\/a>\u00ab\u00a0 L\u2019aimable et hospitalier M. Gravereaux les re\u00e7ut en cet \u00c9den. Assises sur les gradins d gazon du th\u00e9\u00e2tre rustique, elles \u00e9cout\u00e8rent l\u2019\u00e9minent conf\u00e9rencier Funck-Brentano, qui, dans une improvisation \u00e9tincelante, \u00e9voqua la figure de la duchesse du Maine, et les splendeurs du ch\u00e2teau de Sceaux. Mme Truffier chanta divinement \u2013 accompagn\u00e9e sur la harpe par le jeune virtuose, M. Mulot \u2013 les Roses d\u2019Ispahan, de Gabriel Faur\u00e9, et Plaisir d\u2019Amour, de Martini.<\/p>\n<p style=\"padding-left: 30px;\">\u00ab\u00a0M. Br\u00e9mont lut, comme il sait lire, des strophes de Sully Prudhomme, et d\u2019Andr\u00e9 Theuriet. Pour finir, Mlle Gladhys Maxence dit les beaux vers compos\u00e9s par M. Francis Caillard \u00e0 la louange de l\u2019amphytrion, de l\u2019\u00ab\u00a0enchanteur\u00a0\u00bb M. Gravereau.\u00a0\u00bb<\/p>\n<hr \/>\n<p><strong>La journ\u00e9e des roses<\/strong><\/p>\n<p style=\"padding-left: 30px;\">\u00ab\u00a0Cette journ\u00e9e-l\u00e0 est toute enguirland\u00e9e du souvenir des roses, comme la page enlumin\u00e9e d\u2019un missel. Des images charmantes l\u2019ont travers\u00e9e\u00a0 [\u2026]<\/p>\n<p style=\"padding-left: 30px;\">\u00ab\u00a0Mais toutes ces images-l\u00e0 sont reli\u00e9es, m\u00eal\u00e9es, d\u00e9cor\u00e9es, recouvertes par les roses innombrables de la Roseraie de l\u2019Hay. \u00c0 l\u2019entr\u00e9e, on se doute \u00e0 peine de l\u2019enchantement qui vous attend. La grille, large, est ouverte; une all\u00e9e de graners borde la maison claire, basse et charmante; une terrasse, \u00e0 l\u2019ombre, invite \u00e0 contempler la vue. Mais, au tournant de l\u2019all\u00e9e, la Roseraie se d\u00e9couvre\u00a0: des roses en grappes, en touffes, en arceaux, en berceaux; des roses, graves, largement \u00e9panouies, des roses \u00e9chevel\u00e9es, qui s\u2019effeuillent. Une f\u00eate de couleurs et de parfums.<\/p>\n<p style=\"padding-left: 30px;\">\u00ab\u00a0On s\u2019enfonce sous des tonnelles de roses, o\u00f9 des bouquets s\u2019offrent de tous les c\u00f4t\u00e9s, et l\u2019on arrive au th\u00e9\u00e2tre de verdure, qui est bien la plus d\u00e9licieuse terminaison d\u2019une telle promenade.<\/p>\n<p style=\"padding-left: 30px;\">\u00ab\u00a0Des gradins d\u2019herbe, une sc\u00e8ne de gazon; quelques statues mi-grecques, mi-Empire, aux p\u00e9plums l\u00e9gers; des colonnes minces o\u00f9 les roses s\u2019enroulent.<\/p>\n<p style=\"padding-left: 30px;\">\u00ab\u00a0Dans ce d\u00e9cor, la parole est un enchantement. M. Funck-Brentano y parle de la duchesse du Maine (il devait nous faire, \u00e0 Sceaux, sa trop courte et vivante conf\u00e9rence; mais il ne reste, h\u00e9las! rien du ch\u00e2teau), et l\u2019on peut, \u00e0 merveille, songer \u00e0 la petite duchesse, \u00e0 Voltaire, au R\u00e9gent, aux \u00ab\u00a0chevaliers de la Mouche \u00e0 Miel\u00a0\u00bb, dans ce d\u00e9cor mi-champ\u00eatre, mi-artificiel, au milieu des roses. Plaisir d\u2019Amour, les Roses d\u2019Ispahan, chant\u00e9s \u00e0 ravir par la toute gracieuse Mme Mol\u00e9-Truffier, qu\u2019on bisse d\u2019enthousiasme, les vers de Theuriet et ceux de M. Caillard, prennent, dans ce jardin, un caract\u00e8re particulier, une gr\u00e2ce improvis\u00e9e; on entend les oiseaux triller au milieu de l\u2019accompagnement de harpe; puis, une sorte de feu de Bengale invisible illumine, d\u2019un reflet rose fantastique, les colonnes, les fleurs, les statues.<\/p>\n<p style=\"padding-left: 30px;\">\u00ab\u00a0On souhaiterait s\u2019\u00e9garer dans cette f\u00e9erie, en quittant le th\u00e9\u00e2tre, pour trouver, comme dans un conte, une table superbement servie.<\/p>\n<p style=\"padding-left: 30px;\">\u00ab\u00a0Et, justement, sous une tente de coutil rose, M. Gravereaux, le M\u00e9c\u00e8ne de l\u2019Hay, et l\u2019hospitali\u00e8re et aimable Mme Gravereaux, ont fait pr\u00e9parer une collation.<\/p>\n<p style=\"padding-left: 30px;\"><a href=\"https:\/\/i0.wp.com\/lesgravereaux.marret.co\/wp-content\/uploads\/2016\/04\/1910-10-15-Journal-Universit%C3%A9-Annales-p535-2_wp.jpg?ssl=1\"><img data-recalc-dims=\"1\" loading=\"lazy\" decoding=\"async\" data-attachment-id=\"1631\" data-permalink=\"https:\/\/lesgravereaux.marret.co\/index.php\/571-2\/6-juin-1910-luniversite-des-annales\/1910-10-15-journal-universite-annales-p535-2_wp\/\" data-orig-file=\"https:\/\/i0.wp.com\/lesgravereaux.marret.co\/wp-content\/uploads\/2016\/04\/1910-10-15-Journal-Universit%C3%A9-Annales-p535-2_wp.jpg?fit=827%2C472&amp;ssl=1\" data-orig-size=\"827,472\" data-comments-opened=\"1\" data-image-meta=\"{&quot;aperture&quot;:&quot;0&quot;,&quot;credit&quot;:&quot;&quot;,&quot;camera&quot;:&quot;&quot;,&quot;caption&quot;:&quot;&quot;,&quot;created_timestamp&quot;:&quot;0&quot;,&quot;copyright&quot;:&quot;&quot;,&quot;focal_length&quot;:&quot;0&quot;,&quot;iso&quot;:&quot;0&quot;,&quot;shutter_speed&quot;:&quot;0&quot;,&quot;title&quot;:&quot;&quot;,&quot;orientation&quot;:&quot;1&quot;}\" data-image-title=\"1910-10-15 Journal Universit\u00e9 Annales p535-2_wp\" data-image-description=\"\" data-image-caption=\"\" data-medium-file=\"https:\/\/i0.wp.com\/lesgravereaux.marret.co\/wp-content\/uploads\/2016\/04\/1910-10-15-Journal-Universit%C3%A9-Annales-p535-2_wp.jpg?fit=300%2C171&amp;ssl=1\" data-large-file=\"https:\/\/i0.wp.com\/lesgravereaux.marret.co\/wp-content\/uploads\/2016\/04\/1910-10-15-Journal-Universit%C3%A9-Annales-p535-2_wp.jpg?fit=640%2C365&amp;ssl=1\" class=\"wp-image-1631 alignleft\" src=\"https:\/\/i0.wp.com\/lesgravereaux.marret.co\/wp-content\/uploads\/2016\/04\/1910-10-15-Journal-Universit%C3%A9-Annales-p535-2_wp.jpg?resize=351%2C200&#038;ssl=1\" alt=\"1910-10-15 Journal Universit\u00e9 Annales p535-2_wp\" width=\"351\" height=\"200\" data-wp-pid=\"1631\" srcset=\"https:\/\/i0.wp.com\/lesgravereaux.marret.co\/wp-content\/uploads\/2016\/04\/1910-10-15-Journal-Universit%C3%A9-Annales-p535-2_wp.jpg?w=827&amp;ssl=1 827w, https:\/\/i0.wp.com\/lesgravereaux.marret.co\/wp-content\/uploads\/2016\/04\/1910-10-15-Journal-Universit%C3%A9-Annales-p535-2_wp.jpg?resize=300%2C171&amp;ssl=1 300w, https:\/\/i0.wp.com\/lesgravereaux.marret.co\/wp-content\/uploads\/2016\/04\/1910-10-15-Journal-Universit%C3%A9-Annales-p535-2_wp.jpg?resize=768%2C438&amp;ssl=1 768w, https:\/\/i0.wp.com\/lesgravereaux.marret.co\/wp-content\/uploads\/2016\/04\/1910-10-15-Journal-Universit%C3%A9-Annales-p535-2_wp.jpg?resize=800%2C457&amp;ssl=1 800w, https:\/\/i0.wp.com\/lesgravereaux.marret.co\/wp-content\/uploads\/2016\/04\/1910-10-15-Journal-Universit%C3%A9-Annales-p535-2_wp.jpg?resize=600%2C342&amp;ssl=1 600w\" sizes=\"auto, (max-width: 351px) 100vw, 351px\" \/><\/a>\u00ab\u00a0Puis, on est attir\u00e9 par de grandes prairies qui s\u2019\u00e9tendent \u00e0 droite. Des arbres y font une ombre accueillante et, l\u00e0 encore, des roses poussent, de larges buissons de roses aux p\u00e9tales \u00e9cart\u00e9es, qui font songer \u00e0 un champ de fleurs \u00e0 parfums.<\/p>\n<p style=\"padding-left: 30px;\">\u00ab\u00a0C\u2019est \u00e0 grand\u2019peine qu\u2019on s\u2019arrache \u00e0 une promenade o\u00f9 chaque pas am\u00e8ne une d\u00e9couverte exquise. Telle rose vous arr\u00eate comme une lumi\u00e8re p\u00e2le, au bord du chemin; tel rosier \u00e9tend une longue branche souple pour vous barrer le passage.<\/p>\n<p style=\"padding-left: 30px;\">\u00ab\u00a0Dans une pens\u00e9e charmante et tout \u00e0 fait gracieuse, M. Gravereaux a voulu que nous emportions un souvenir de cette journ\u00e9e sous la forme d\u2019un bouquet odorant. Mais nous avions d\u00e9j\u00e0 un beau bouquet d\u2019images, de sensations, de plaisirs, un de ces bouquets que l\u2019on se pla\u00eet \u00e0 effeuiller, \u00e0 conserver, et dont on revient souvent respirer le parfum.<\/p>\n<p style=\"text-align: right;\"><em>Une Universitaire\u00a0: Jane A.<\/em><\/p>\n<hr \/>\n<h3><strong>Le Gardien du R\u00eave<\/strong><\/h3>\n<p>Po\u00e9sie d\u00e9di\u00e9e \u00e0 Monsieur Gravereaux l\u2019enchanteur de la Roseraie de l&rsquo;Hay,<br \/>\net dite par Mlle Gladys Maxhence au Temple de la Rose le 6 juin 1910<\/p>\n<p style=\"padding-left: 30px;\">\u00ab\u00a0C&rsquo;\u00e9tait un enchanteur aussi bien qu&rsquo;un esth\u00e8te,<br \/>\n&#8211; Peut-\u00eatre un philosophe et sans doute un po\u00e8te &#8211;<br \/>\nEt, tandis que le monde, aux poursuites de l&rsquo;or,<br \/>\nDivinisant la loi brutale du plus fort,<br \/>\nSe ruait, oublieux du R\u00eave et des artistes<br \/>\nAu seul choc exalt\u00e9 des vouloirs \u00e9go\u00efstes,<br \/>\nIl avait, seul et loin des pratiques d\u00e9sirs,<br \/>\nForm\u00e9, pour oasis et cadre \u00e0 ses loisirs,<br \/>\nCe songe merveilleux de l\u00e9gende mystique\u00a0:<br \/>\nSymboliser, po\u00e8me pur, synth\u00e8se unique,<br \/>\nAu c\u0153ur harmonieux de son parc enchant\u00e9,<br \/>\nMultiple comme l&rsquo;onde et beau comme l&rsquo;\u00e9t\u00e9,<br \/>\nVivante image et triomphale apoth\u00e9ose,<br \/>\nTout le c\u0153ur de la France en un jardin de roses!&#8230;<\/p>\n<p style=\"padding-left: 30px;\"><a href=\"https:\/\/i0.wp.com\/lesgravereaux.marret.co\/wp-content\/uploads\/2016\/04\/1910-10-15-Journal-Universit%C3%A9-Annales-p535-1_wp.jpg?ssl=1\"><img data-recalc-dims=\"1\" loading=\"lazy\" decoding=\"async\" data-attachment-id=\"1630\" data-permalink=\"https:\/\/lesgravereaux.marret.co\/index.php\/571-2\/6-juin-1910-luniversite-des-annales\/1910-10-15-journal-universite-annales-p535-1_wp\/\" data-orig-file=\"https:\/\/i0.wp.com\/lesgravereaux.marret.co\/wp-content\/uploads\/2016\/04\/1910-10-15-Journal-Universit%C3%A9-Annales-p535-1_wp.jpg?fit=357%2C591&amp;ssl=1\" data-orig-size=\"357,591\" data-comments-opened=\"1\" data-image-meta=\"{&quot;aperture&quot;:&quot;0&quot;,&quot;credit&quot;:&quot;&quot;,&quot;camera&quot;:&quot;&quot;,&quot;caption&quot;:&quot;&quot;,&quot;created_timestamp&quot;:&quot;0&quot;,&quot;copyright&quot;:&quot;&quot;,&quot;focal_length&quot;:&quot;0&quot;,&quot;iso&quot;:&quot;0&quot;,&quot;shutter_speed&quot;:&quot;0&quot;,&quot;title&quot;:&quot;&quot;,&quot;orientation&quot;:&quot;1&quot;}\" data-image-title=\"1910-10-15 Journal Universit\u00e9 Annales p535-1_wp\" data-image-description=\"\" data-image-caption=\"\" data-medium-file=\"https:\/\/i0.wp.com\/lesgravereaux.marret.co\/wp-content\/uploads\/2016\/04\/1910-10-15-Journal-Universit%C3%A9-Annales-p535-1_wp.jpg?fit=181%2C300&amp;ssl=1\" data-large-file=\"https:\/\/i0.wp.com\/lesgravereaux.marret.co\/wp-content\/uploads\/2016\/04\/1910-10-15-Journal-Universit%C3%A9-Annales-p535-1_wp.jpg?fit=357%2C591&amp;ssl=1\" class=\"wp-image-1630 alignright\" src=\"https:\/\/i0.wp.com\/lesgravereaux.marret.co\/wp-content\/uploads\/2016\/04\/1910-10-15-Journal-Universit%C3%A9-Annales-p535-1_wp.jpg?resize=174%2C288&#038;ssl=1\" alt=\"1910-10-15 Journal Universit\u00e9 Annales p535-1_wp\" width=\"174\" height=\"288\" data-wp-pid=\"1630\" srcset=\"https:\/\/i0.wp.com\/lesgravereaux.marret.co\/wp-content\/uploads\/2016\/04\/1910-10-15-Journal-Universit%C3%A9-Annales-p535-1_wp.jpg?w=357&amp;ssl=1 357w, https:\/\/i0.wp.com\/lesgravereaux.marret.co\/wp-content\/uploads\/2016\/04\/1910-10-15-Journal-Universit%C3%A9-Annales-p535-1_wp.jpg?resize=181%2C300&amp;ssl=1 181w\" sizes=\"auto, (max-width: 174px) 100vw, 174px\" \/><\/a>\u00ab\u00a0Donc, vers le m\u00eame temps, les faubourgs des cit\u00e9s<br \/>\nS&rsquo;\u00e9taient tant et si bien emplis, \u2014 trop habit\u00e9s, \u2014<br \/>\nQue l&rsquo;on y voyait plus d&rsquo;arbres aux vertes branches,<br \/>\nEt que les gens d&rsquo;alors, m\u00eame en leurs clairs dimanches,<br \/>\nNe portant plus jamais ni feuillages ni fleurs,<br \/>\nEn avaient oubli\u00e9 le charme et les couleurs.<br \/>\nEt, vainement, le soir tendre comme un sourire,<br \/>\nEt doux, divinement, comme un regard d&rsquo;amour,<br \/>\nDescendait apaisant sur le pauvre faubourg,<br \/>\nD&rsquo;o\u00f9 montaient, cependant, des clameurs de d\u00e9lire\u00a0:<br \/>\nLe soir n&rsquo;apaisait plus les hommes de ce jour,<br \/>\nChez qui r\u00e9gnait la haine en d\u00e9esse infernale!<\/p>\n<p style=\"padding-left: 30px;\">\u00ab\u00a0Or, c&rsquo;\u00e9tait une enfant d&rsquo;autrefois, blonde et p\u00e2le.<br \/>\nElle avait entendu, jadis, dire du bien<br \/>\nDu po\u00e8te enchanteur, myst\u00e9rieux gardien<br \/>\nDes r\u00eaves survivants dans sa maison royale.<br \/>\nElle sentait \u2014 l&rsquo;enfant de l&rsquo;ancienne douceur \u2014<br \/>\nQu&rsquo;il manquait autre chose \u00e0 la foule inhumaine,<br \/>\nQue l&rsquo;argent et le pain, dont, malgr\u00e9 ses mains pleines,<br \/>\nElle n&rsquo;aurait jamais assez pour son bonheur,<br \/>\nQue, ce qu&rsquo;il lui fallait rendre, c&rsquo;\u00e9tait son c\u0153ur.<\/p>\n<p style=\"padding-left: 30px;\">\u00ab\u00a0Et l&rsquo;enfant, un beau soir, s&rsquo;en fut conter ces choses<br \/>\n\u00c0 l&rsquo;enchanteur d&rsquo;antan dans son jardin de roses.<br \/>\nCe jardin, au sortir des tumultes maudits,<br \/>\n\u00c9tait nombreux et clair ainsi qu&rsquo;un paradis!<br \/>\nOn y vivait le charme oubli\u00e9 des nuances,<br \/>\nEt la gamme infinie, aux d\u00e9lices immenses,<br \/>\nDes parfums enivrants qui versent les oublis!<br \/>\nCe jardin emplissait ses regards \u00e9blouis<br \/>\nEt tout son c\u0153ur, nouveau de pures esp\u00e9rances&#8230;<br \/>\nLe bon roi de c\u00e9ans lui remit dans la main<br \/>\nSa rose la plus belle, aux l\u00e8vres de carmin,<br \/>\nEt l&rsquo;enfant se sentit ap\u00f4tre\u2026 et s&rsquo;en revint.<\/p>\n<p style=\"padding-left: 30px;\">\u00ab\u00a0Et, comme elle arrivait aux portes de la ville,<br \/>\nAux premiers qu&rsquo;elle vit, tendit la fleur subtile,<br \/>\nLa fleur de l&rsquo;id\u00e9al n\u00e9cessaire et divin,<br \/>\nEt la foule, comme en l&rsquo;ivresse d&rsquo;un vieux vin,<br \/>\nSentit, \u00e0 respirer le parfum d\u00e9lectable,<br \/>\nSes haines s&rsquo;effacer comme un pas sur le sable;<br \/>\nCar, r\u00e9veill\u00e9e et rajeunie, ivre de force,<br \/>\nTelle, \u00e0 l&rsquo;avril b\u00e9ni, la s\u00e8ve sous l&rsquo;\u00e9corce,<br \/>\nElle aspirait et revivait, \u00e0 d\u00e9faillir,<br \/>\nEn clart\u00e9s d&rsquo;autrefois, en rayons d&rsquo;avenir,<br \/>\nEn d\u00e9sir de comprendre, et d&rsquo;aimer toutes choses,<br \/>\nL&rsquo;\u00e2me de France toute au parfum de la rose\u2026\u00a0\u00bb<\/p>\n<p style=\"text-align: center;\">C.-FRANCIS CAILLARD.<\/p>\n<p><em>(Vifs applaudissements. On demande l\u2019auteur, qui vient saluer M. Gravereaux et tout le charmant auditoire.)<\/em><\/p>\n<p>&nbsp;<\/p>\n<p>&nbsp;<\/p>\n","protected":false},"excerpt":{"rendered":"<p>Cette journ\u00e9e-l\u00e0, l&rsquo;Universit\u00e9 des Annales visite, pour la premi\u00e8re fois &#8211; ce ne sera pas la derni\u00e8re &#8211;\u00a0la roseraie de L&rsquo;Ha\u00ff, dans le cadre de l&rsquo;une de ses promenades-conf\u00e9rences&#8230; &nbsp; Le Journal de l&rsquo;Universit\u00e9 des Annales du 15 octobre 1910 &hellip; <a href=\"https:\/\/lesgravereaux.marret.co\/index.php\/571-2\/6-juin-1910-luniversite-des-annales\/\">Continuer la lecture <span class=\"meta-nav\">&rarr;<\/span><\/a><\/p>\n","protected":false},"author":1,"featured_media":0,"parent":571,"menu_order":0,"comment_status":"closed","ping_status":"closed","template":"","meta":{"ngg_post_thumbnail":0,"jetpack_post_was_ever_published":false,"footnotes":""},"class_list":["post-1632","page","type-page","status-publish","hentry"],"jetpack_sharing_enabled":true,"jetpack_shortlink":"https:\/\/wp.me\/P7ERyi-qk","jetpack-related-posts":[{"id":1710,"url":"https:\/\/lesgravereaux.marret.co\/index.php\/571-2\/12-juin-1912-luniversite-des-annales\/","url_meta":{"origin":1632,"position":0},"title":"12 juin 1912 &#8211; L&rsquo;Universit\u00e9 des Annales","author":"marretgravereaux","date":"21 avril 2016","format":false,"excerpt":"\u00a0 Pour la deuxi\u00e8me fois, Jules Gravereaux met son th\u00e9\u00e2tre \u00e0 la disposition de l'Universit\u00e9 des Annales. Celle-ci organise, le 12 juin\u00a01912\u00a0une f\u00eate exceptionnelle et y convoque le Tout-Paris. Com\u00e9diens, po\u00e8tes, soci\u00e9taires de la Com\u00e9die-Fran\u00e7aise ou membres de l'Acad\u00e9mie Fran\u00e7aise sont invit\u00e9s \u00e0 montrer sur sc\u00e8ne... Annales politiques et litt\u00e9raires,\u2026","rel":"","context":"Article similaire","block_context":{"text":"Article similaire","link":""},"img":{"alt_text":"1912-06-09 Annales politiques - d\u00e9tail_wp","src":"https:\/\/i0.wp.com\/lesgravereaux.marret.co\/wp-content\/uploads\/2016\/04\/1912-06-09-Annales-politiques-d%C3%A9tail_wp.jpg?resize=350%2C200","width":350,"height":200},"classes":[]},{"id":1727,"url":"https:\/\/lesgravereaux.marret.co\/index.php\/571-2\/12-juin-1912-luniversite-des-annales\/journal-de-luniversite-des-annales-1er-decembre-1912\/","url_meta":{"origin":1632,"position":1},"title":"Journal de l&rsquo;Universit\u00e9 des Annales &#8211; 1er d\u00e9cembre 1912","author":"marretgravereaux","date":"21 avril 2016","format":false,"excerpt":"La f\u00eate de L'Universit\u00e9 des Annales est, chaque ann\u00e9e, un \u00e9v\u00e9nement parisien. Cette ann\u00e9e, gr\u00e2ce \u00e0 la merveilleuse obligeance de M. Gravereaux, qui avait bien voulu nous pr\u00eater comme cadre \u00e0 la f\u00eate sa fameuse Roseraie, c\u00e9l\u00e8bre dans le monde, elle brilla d'un \u00e9clat incomparable. Il ne nous appartient pas\u2026","rel":"","context":"Article similaire","block_context":{"text":"Article similaire","link":""},"img":{"alt_text":"1912-12-01 Journal Universit\u00e9 Annales p717Titre_wp","src":"https:\/\/i0.wp.com\/lesgravereaux.marret.co\/wp-content\/uploads\/2016\/04\/1912-12-01-Journal-Universit%C3%A9-Annales-p717Titre_wp-1024x448.jpg?resize=350%2C200","width":350,"height":200,"srcset":"https:\/\/i0.wp.com\/lesgravereaux.marret.co\/wp-content\/uploads\/2016\/04\/1912-12-01-Journal-Universit%C3%A9-Annales-p717Titre_wp-1024x448.jpg?resize=350%2C200 1x, https:\/\/i0.wp.com\/lesgravereaux.marret.co\/wp-content\/uploads\/2016\/04\/1912-12-01-Journal-Universit%C3%A9-Annales-p717Titre_wp-1024x448.jpg?resize=525%2C300 1.5x"},"classes":[]},{"id":1616,"url":"https:\/\/lesgravereaux.marret.co\/index.php\/571-2\/13-juin-1909-fete-des-rosati\/","url_meta":{"origin":1632,"position":2},"title":"13 juin 1909 &#8211; F\u00eate des Rosati","author":"marretgravereaux","date":"20 avril 2016","format":false,"excerpt":"Le 13 juin 1909, Jules Gravereaux re\u00e7oit\u00a0les Rosati\u00a0pour la deuxi\u00e8me fois... Ceux-ci donnent, en une matin\u00e9e r\u00e9serv\u00e9e \u00e0 leurs membres et aux Amis des Roses, les premi\u00e8res repr\u00e9sentations de deux actes en vers : l\u2019\u00c9veil, par Albert Acremant, musique de Maurice de Villers, et Adonis, de Mlle de Villers, musique\u2026","rel":"","context":"Article similaire","block_context":{"text":"Article similaire","link":""},"img":{"alt_text":"Les Rosati (FRAD094_47J_001250_0001)_wp","src":"https:\/\/i0.wp.com\/lesgravereaux.marret.co\/wp-content\/uploads\/2016\/04\/Les-Rosati-FRAD094_47J_001250_0001_wp.jpg?resize=350%2C200","width":350,"height":200},"classes":[]},{"id":1435,"url":"https:\/\/lesgravereaux.marret.co\/index.php\/jules-gravereaux\/portraits-de-jules-gravereaux\/le-buste-de-jules-gravereaux\/1435-2\/","url_meta":{"origin":1632,"position":3},"title":"L&rsquo;inauguration du buste de Jules Gravereaux","author":"marretgravereaux","date":"9 avril 2016","format":false,"excerpt":"Discours de Sophie Hasquenoph, Maire adjointe de L'Ha\u00ff, charg\u00e9e de la Culture,\u00a0 du devoir de m\u00e9moire et des Anciens Combattants Monsieur le sous-pr\u00e9fet, Mesdames, messieurs les membres de la famille Gravereaux, Mesdames, messieurs les \u00e9lus, Chers amis, C\u2019est vraiment avec un tr\u00e8s grand plaisir que je vous accueille ce matin,\u2026","rel":"","context":"Article similaire","block_context":{"text":"Article similaire","link":""},"img":{"alt_text":"2010-05 L'Ha\u00ff_287 - RLM1129_wp","src":"https:\/\/i0.wp.com\/lesgravereaux.marret.co\/wp-content\/uploads\/2016\/04\/2010-05-LHa%C3%BF_287-RLM1129_wp-768x1024.jpg?resize=350%2C200","width":350,"height":200},"classes":[]},{"id":571,"url":"https:\/\/lesgravereaux.marret.co\/index.php\/571-2\/","url_meta":{"origin":1632,"position":4},"title":"Les f\u00eates \u00e0 L&rsquo;Ha\u00ff","author":"marretgravereaux","date":"7 mars 2016","format":false,"excerpt":"Jules Gravereaux aimait recevoir, non seulement sa famille, mais aussi les membres de nombreuses associations auxquelles il ouvrit la porte du domaine de L'Ha\u00ff, pour une simple visite de la roseraie ou pour un spectacle au th\u00e9\u00e2tre de\u00a0verdure. Bien qu'incomplet, le calendrier ci-apr\u00e8s donne une id\u00e9e de ces r\u00e9ceptions qui\u2026","rel":"","context":"Article similaire","block_context":{"text":"Article similaire","link":""},"img":{"alt_text":"","src":"https:\/\/i0.wp.com\/lesgravereaux.marret.co\/wp-content\/uploads\/2016\/04\/LHay-Visite-de-la-roseraie-47-J-843_wp-1024x759.jpg?resize=350%2C200","width":350,"height":200,"srcset":"https:\/\/i0.wp.com\/lesgravereaux.marret.co\/wp-content\/uploads\/2016\/04\/LHay-Visite-de-la-roseraie-47-J-843_wp-1024x759.jpg?resize=350%2C200 1x, https:\/\/i0.wp.com\/lesgravereaux.marret.co\/wp-content\/uploads\/2016\/04\/LHay-Visite-de-la-roseraie-47-J-843_wp-1024x759.jpg?resize=525%2C300 1.5x"},"classes":[]},{"id":993,"url":"https:\/\/lesgravereaux.marret.co\/index.php\/la-roseraie-de-lhay\/le-theatre-des-roses\/","url_meta":{"origin":1632,"position":5},"title":"Le Th\u00e9\u00e2tre des Roses","author":"marretgravereaux","date":"13 mars 2016","format":false,"excerpt":"Le domaine de L\u2019Ha\u00ff, avec sa roseraie, s\u2019av\u00e9rait un lieu extraordinaire pour les r\u00e9unions familiales ainsi que pour les visites d\u2019amateurs de roses. Et Jules Gravereaux aimait y recevoir\u2026 En 1905, il rencontre les\u00a0Rosati\u00a0- une Soci\u00e9t\u00e9 de gens de lettres qui se r\u00e9unissaient sous l\u2019\u00e9gide des roses \u2013 et en\u2026","rel":"","context":"Article similaire","block_context":{"text":"Article similaire","link":""},"img":{"alt_text":"1911 Delacroix, Henry - La roseraie - GL001_wp","src":"https:\/\/i0.wp.com\/marret.co\/wp-content\/uploads\/2016\/03\/1911-Delacroix-Henry-La-roseraie-GL001_wp-1024x653.jpg?resize=350%2C200","width":350,"height":200},"classes":[]}],"_links":{"self":[{"href":"https:\/\/lesgravereaux.marret.co\/index.php\/wp-json\/wp\/v2\/pages\/1632","targetHints":{"allow":["GET"]}}],"collection":[{"href":"https:\/\/lesgravereaux.marret.co\/index.php\/wp-json\/wp\/v2\/pages"}],"about":[{"href":"https:\/\/lesgravereaux.marret.co\/index.php\/wp-json\/wp\/v2\/types\/page"}],"author":[{"embeddable":true,"href":"https:\/\/lesgravereaux.marret.co\/index.php\/wp-json\/wp\/v2\/users\/1"}],"replies":[{"embeddable":true,"href":"https:\/\/lesgravereaux.marret.co\/index.php\/wp-json\/wp\/v2\/comments?post=1632"}],"version-history":[{"count":0,"href":"https:\/\/lesgravereaux.marret.co\/index.php\/wp-json\/wp\/v2\/pages\/1632\/revisions"}],"up":[{"embeddable":true,"href":"https:\/\/lesgravereaux.marret.co\/index.php\/wp-json\/wp\/v2\/pages\/571"}],"wp:attachment":[{"href":"https:\/\/lesgravereaux.marret.co\/index.php\/wp-json\/wp\/v2\/media?parent=1632"}],"curies":[{"name":"wp","href":"https:\/\/api.w.org\/{rel}","templated":true}]}}