{"id":1106,"date":"2016-03-15T23:23:20","date_gmt":"2016-03-15T22:23:20","guid":{"rendered":"http:\/\/marret.co\/?page_id=1106"},"modified":"2018-01-29T19:22:22","modified_gmt":"2018-01-29T18:22:22","slug":"collectionner-lhay","status":"publish","type":"page","link":"https:\/\/lesgravereaux.marret.co\/index.php\/la-roseraie-de-lhay\/collectionner-lhay\/","title":{"rendered":"\u00ab Collectionner \u00bb L&rsquo;Ha\u00ff"},"content":{"rendered":"<p>Jules Gravereaux, la Roseraie de L&rsquo;Ha\u00ff et les roses qu&rsquo;il a cr\u00e9\u00e9es ont \u00e9t\u00e9 repr\u00e9sent\u00e9es sur divers objets et les collectionneurs de toute nature trouveront int\u00e9r\u00eat \u00e0 les rechercher, les trouver et les classer&nbsp;:<\/p>\n<p><a href=\"https:\/\/i0.wp.com\/lesgravereaux.marret.co\/wp-content\/uploads\/2016\/06\/228-8-LHay-Seine-Le-bureau-de-la-Roseraie_wp.jpg?ssl=1\"><img data-recalc-dims=\"1\" loading=\"lazy\" decoding=\"async\" data-attachment-id=\"4089\" data-permalink=\"https:\/\/lesgravereaux.marret.co\/index.php\/la-roseraie-de-lhay\/collectionner-lhay\/228-8-lhay-seine-le-bureau-de-la-roseraie_wp\/\" data-orig-file=\"https:\/\/i0.wp.com\/lesgravereaux.marret.co\/wp-content\/uploads\/2016\/06\/228-8-LHay-Seine-Le-bureau-de-la-Roseraie_wp.jpg?fit=886%2C571&amp;ssl=1\" data-orig-size=\"886,571\" data-comments-opened=\"1\" data-image-meta=\"{&quot;aperture&quot;:&quot;0&quot;,&quot;credit&quot;:&quot;&quot;,&quot;camera&quot;:&quot;HP Scanjet 4800&quot;,&quot;caption&quot;:&quot;&quot;,&quot;created_timestamp&quot;:&quot;1171361946&quot;,&quot;copyright&quot;:&quot;&quot;,&quot;focal_length&quot;:&quot;0&quot;,&quot;iso&quot;:&quot;0&quot;,&quot;shutter_speed&quot;:&quot;0&quot;,&quot;title&quot;:&quot;&quot;,&quot;orientation&quot;:&quot;1&quot;}\" data-image-title=\"228 8 L&amp;rsquo;Hay (Seine) &amp;#8211; Le bureau de la Roseraie_wp\" data-image-description=\"\" data-image-caption=\"\" data-medium-file=\"https:\/\/i0.wp.com\/lesgravereaux.marret.co\/wp-content\/uploads\/2016\/06\/228-8-LHay-Seine-Le-bureau-de-la-Roseraie_wp.jpg?fit=300%2C193&amp;ssl=1\" data-large-file=\"https:\/\/i0.wp.com\/lesgravereaux.marret.co\/wp-content\/uploads\/2016\/06\/228-8-LHay-Seine-Le-bureau-de-la-Roseraie_wp.jpg?fit=640%2C412&amp;ssl=1\" width=\"251\" height=\"162\" class=\"wp-image-4089 alignleft\" alt=\"228 8 L'Hay (Seine) - Le bureau de la Roseraie_wp\" src=\"https:\/\/i0.wp.com\/lesgravereaux.marret.co\/wp-content\/uploads\/2016\/06\/228-8-LHay-Seine-Le-bureau-de-la-Roseraie_wp.jpg?resize=251%2C162&#038;ssl=1\" data-wp-pid=\"4089\" srcset=\"https:\/\/i0.wp.com\/lesgravereaux.marret.co\/wp-content\/uploads\/2016\/06\/228-8-LHay-Seine-Le-bureau-de-la-Roseraie_wp.jpg?w=886&amp;ssl=1 886w, https:\/\/i0.wp.com\/lesgravereaux.marret.co\/wp-content\/uploads\/2016\/06\/228-8-LHay-Seine-Le-bureau-de-la-Roseraie_wp.jpg?resize=300%2C193&amp;ssl=1 300w, https:\/\/i0.wp.com\/lesgravereaux.marret.co\/wp-content\/uploads\/2016\/06\/228-8-LHay-Seine-Le-bureau-de-la-Roseraie_wp.jpg?resize=768%2C495&amp;ssl=1 768w, https:\/\/i0.wp.com\/lesgravereaux.marret.co\/wp-content\/uploads\/2016\/06\/228-8-LHay-Seine-Le-bureau-de-la-Roseraie_wp.jpg?resize=800%2C516&amp;ssl=1 800w, https:\/\/i0.wp.com\/lesgravereaux.marret.co\/wp-content\/uploads\/2016\/06\/228-8-LHay-Seine-Le-bureau-de-la-Roseraie_wp.jpg?resize=600%2C387&amp;ssl=1 600w\" sizes=\"auto, (max-width: 251px) 100vw, 251px\" \/><\/a><\/p>\n<p>&nbsp;<\/p>\n<p><a href=\"https:\/\/lesgravereaux.marret.co\/index.php\/2016\/07\/01\/la-roseraie-de-lhay-en-cartes-postales\/\">Cartes postales<\/a><a href=\"https:\/\/i0.wp.com\/marret.co\/wp-content\/uploads\/2016\/03\/Classic-Roses-Roseraie-de-lHay_wp.jpg\" rel=\"attachment wp-att-1117\"><img data-recalc-dims=\"1\" loading=\"lazy\" decoding=\"async\" data-attachment-id=\"1117\" data-permalink=\"https:\/\/lesgravereaux.marret.co\/index.php\/la-roseraie-de-lhay\/collectionner-lhay\/classic-roses-roseraie-de-lhay_wp\/\" data-orig-file=\"https:\/\/i0.wp.com\/lesgravereaux.marret.co\/wp-content\/uploads\/2016\/03\/Classic-Roses-Roseraie-de-lHay_wp.jpg?fit=712%2C1102&amp;ssl=1\" data-orig-size=\"712,1102\" data-comments-opened=\"1\" data-image-meta=\"{&quot;aperture&quot;:&quot;0&quot;,&quot;credit&quot;:&quot;&quot;,&quot;camera&quot;:&quot;&quot;,&quot;caption&quot;:&quot;&quot;,&quot;created_timestamp&quot;:&quot;0&quot;,&quot;copyright&quot;:&quot;&quot;,&quot;focal_length&quot;:&quot;0&quot;,&quot;iso&quot;:&quot;0&quot;,&quot;shutter_speed&quot;:&quot;0&quot;,&quot;title&quot;:&quot;&quot;,&quot;orientation&quot;:&quot;1&quot;}\" data-image-title=\"Roseraie de l&amp;rsquo;Hay (Classic Roses)_wp\" data-image-description=\"\" data-image-caption=\"\" data-medium-file=\"https:\/\/i0.wp.com\/lesgravereaux.marret.co\/wp-content\/uploads\/2016\/03\/Classic-Roses-Roseraie-de-lHay_wp.jpg?fit=194%2C300&amp;ssl=1\" data-large-file=\"https:\/\/i0.wp.com\/lesgravereaux.marret.co\/wp-content\/uploads\/2016\/03\/Classic-Roses-Roseraie-de-lHay_wp.jpg?fit=640%2C990&amp;ssl=1\" width=\"145\" height=\"224\" class=\"wp-image-1117 alignright\" alt=\"Classic Roses - Roseraie de l'Hay_wp\" src=\"https:\/\/i0.wp.com\/marret.co\/wp-content\/uploads\/2016\/03\/Classic-Roses-Roseraie-de-lHay_wp-662x1024.jpg?resize=145%2C224\" data-wp-pid=\"1117\" srcset=\"https:\/\/i0.wp.com\/lesgravereaux.marret.co\/wp-content\/uploads\/2016\/03\/Classic-Roses-Roseraie-de-lHay_wp.jpg?resize=662%2C1024&amp;ssl=1 662w, https:\/\/i0.wp.com\/lesgravereaux.marret.co\/wp-content\/uploads\/2016\/03\/Classic-Roses-Roseraie-de-lHay_wp.jpg?resize=194%2C300&amp;ssl=1 194w, https:\/\/i0.wp.com\/lesgravereaux.marret.co\/wp-content\/uploads\/2016\/03\/Classic-Roses-Roseraie-de-lHay_wp.jpg?resize=388%2C600&amp;ssl=1 388w, https:\/\/i0.wp.com\/lesgravereaux.marret.co\/wp-content\/uploads\/2016\/03\/Classic-Roses-Roseraie-de-lHay_wp.jpg?w=712&amp;ssl=1 712w\" sizes=\"auto, (max-width: 145px) 100vw, 145px\" \/><\/a><\/p>\n<p>&nbsp;<\/p>\n<p>&nbsp;<\/p>\n<p>&nbsp;<\/p>\n<p style=\"text-align: right;\">Cartes \u00e0 jouer<\/p>\n<p><a href=\"https:\/\/i0.wp.com\/marret.co\/wp-content\/uploads\/2016\/03\/Willss-Cigarettes-Madame-Jules-Gravereaux-1_wp.jpg\" rel=\"attachment wp-att-1118\"><img data-recalc-dims=\"1\" loading=\"lazy\" decoding=\"async\" data-attachment-id=\"1118\" data-permalink=\"https:\/\/lesgravereaux.marret.co\/index.php\/la-roseraie-de-lhay\/collectionner-lhay\/willss-cigarettes-madame-jules-gravereaux-1_wp\/\" data-orig-file=\"https:\/\/i0.wp.com\/lesgravereaux.marret.co\/wp-content\/uploads\/2016\/03\/Willss-Cigarettes-Madame-Jules-Gravereaux-1_wp.jpg?fit=468%2C886&amp;ssl=1\" data-orig-size=\"468,886\" data-comments-opened=\"1\" data-image-meta=\"{&quot;aperture&quot;:&quot;0&quot;,&quot;credit&quot;:&quot;&quot;,&quot;camera&quot;:&quot;&quot;,&quot;caption&quot;:&quot;&quot;,&quot;created_timestamp&quot;:&quot;0&quot;,&quot;copyright&quot;:&quot;&quot;,&quot;focal_length&quot;:&quot;0&quot;,&quot;iso&quot;:&quot;0&quot;,&quot;shutter_speed&quot;:&quot;0&quot;,&quot;title&quot;:&quot;&quot;,&quot;orientation&quot;:&quot;1&quot;}\" data-image-title=\"Willss Cigarettes &amp;#8211; Madame Jules Gravereaux 1_wp\" data-image-description=\"\" data-image-caption=\"\" data-medium-file=\"https:\/\/i0.wp.com\/lesgravereaux.marret.co\/wp-content\/uploads\/2016\/03\/Willss-Cigarettes-Madame-Jules-Gravereaux-1_wp.jpg?fit=158%2C300&amp;ssl=1\" data-large-file=\"https:\/\/i0.wp.com\/lesgravereaux.marret.co\/wp-content\/uploads\/2016\/03\/Willss-Cigarettes-Madame-Jules-Gravereaux-1_wp.jpg?fit=468%2C886&amp;ssl=1\" width=\"145\" height=\"224\" class=\"wp-image-1118 alignleft\" alt=\"Willss Cigarettes - Madame Jules Gravereaux 1_wp\" src=\"https:\/\/i0.wp.com\/marret.co\/wp-content\/uploads\/2016\/03\/Willss-Cigarettes-Madame-Jules-Gravereaux-1_wp.jpg?resize=145%2C224\" data-wp-pid=\"1118\"><\/a><\/p>\n<p>&nbsp;<\/p>\n<p><a href=\"https:\/\/i0.wp.com\/marret.co\/wp-content\/uploads\/2016\/03\/1977-Pro-Juventute-Coin-feuille_wp.jpg\" rel=\"attachment wp-att-1086\"><img data-recalc-dims=\"1\" loading=\"lazy\" decoding=\"async\" data-attachment-id=\"1086\" data-permalink=\"https:\/\/lesgravereaux.marret.co\/index.php\/la-roseraie-de-lhay\/collectionner-lhay\/1977-pro-juventute-coin-feuille_wp\/\" data-orig-file=\"https:\/\/i0.wp.com\/lesgravereaux.marret.co\/wp-content\/uploads\/2016\/03\/1977-Pro-Juventute-Coin-feuille_wp.jpg?fit=1036%2C1181&amp;ssl=1\" data-orig-size=\"1036,1181\" data-comments-opened=\"1\" data-image-meta=\"{&quot;aperture&quot;:&quot;0&quot;,&quot;credit&quot;:&quot;&quot;,&quot;camera&quot;:&quot;&quot;,&quot;caption&quot;:&quot;&quot;,&quot;created_timestamp&quot;:&quot;0&quot;,&quot;copyright&quot;:&quot;&quot;,&quot;focal_length&quot;:&quot;0&quot;,&quot;iso&quot;:&quot;0&quot;,&quot;shutter_speed&quot;:&quot;0&quot;,&quot;title&quot;:&quot;&quot;,&quot;orientation&quot;:&quot;1&quot;}\" data-image-title=\"1977 Pro Juventute &amp;#8211; Coin feuille_wp\" data-image-description=\"\" data-image-caption=\"\" data-medium-file=\"https:\/\/i0.wp.com\/lesgravereaux.marret.co\/wp-content\/uploads\/2016\/03\/1977-Pro-Juventute-Coin-feuille_wp.jpg?fit=263%2C300&amp;ssl=1\" data-large-file=\"https:\/\/i0.wp.com\/lesgravereaux.marret.co\/wp-content\/uploads\/2016\/03\/1977-Pro-Juventute-Coin-feuille_wp.jpg?fit=640%2C730&amp;ssl=1\" width=\"145\" height=\"224\" class=\"wp-image-1086 alignright\" alt=\"1977 Pro Juventute - Coin feuille_wp\" src=\"https:\/\/i0.wp.com\/marret.co\/wp-content\/uploads\/2016\/03\/1977-Pro-Juventute-Coin-feuille_wp-898x1024.jpg?resize=145%2C224\" data-wp-pid=\"1086\"><\/a>Cartes promotionnelles<\/p>\n<p>&nbsp;<\/p>\n<p style=\"text-align: right;\"><a href=\"https:\/\/lesgravereaux.marret.co\/index.php\/2016\/04\/22\/roseraie-de-lhay-et-jules-gravereaux-objets-de-collection\/\">Timbres, enveloppes premier jour,<\/a><br \/>\ncartes souvenir, pr\u00eats \u00e0 poster\u2026<\/p>\n<p>&nbsp;<\/p>\n<p><a href=\"https:\/\/i0.wp.com\/marret.co\/wp-content\/uploads\/2016\/03\/Jules-Gravereaux-Medaille-bronze-detouree.jpg\" rel=\"attachment wp-att-348\"><img data-recalc-dims=\"1\" loading=\"lazy\" decoding=\"async\" data-attachment-id=\"348\" data-permalink=\"https:\/\/lesgravereaux.marret.co\/index.php\/jules-gravereaux\/jules-gravereaux-au-bon-marche\/jules-gravereaux-medaille-bronze-detouree\/\" data-orig-file=\"https:\/\/i0.wp.com\/lesgravereaux.marret.co\/wp-content\/uploads\/2016\/03\/Jules-Gravereaux-Medaille-bronze-detouree.jpg?fit=630%2C630&amp;ssl=1\" data-orig-size=\"630,630\" data-comments-opened=\"1\" data-image-meta=\"{&quot;aperture&quot;:&quot;0&quot;,&quot;credit&quot;:&quot;&quot;,&quot;camera&quot;:&quot;&quot;,&quot;caption&quot;:&quot;&quot;,&quot;created_timestamp&quot;:&quot;0&quot;,&quot;copyright&quot;:&quot;&quot;,&quot;focal_length&quot;:&quot;0&quot;,&quot;iso&quot;:&quot;0&quot;,&quot;shutter_speed&quot;:&quot;0&quot;,&quot;title&quot;:&quot;&quot;,&quot;orientation&quot;:&quot;1&quot;}\" data-image-title=\"Jules Gravereaux &amp;#8211; Medaille (bronze) detouree\" data-image-description=\"\" data-image-caption=\"\" data-medium-file=\"https:\/\/i0.wp.com\/lesgravereaux.marret.co\/wp-content\/uploads\/2016\/03\/Jules-Gravereaux-Medaille-bronze-detouree.jpg?fit=300%2C300&amp;ssl=1\" data-large-file=\"https:\/\/i0.wp.com\/lesgravereaux.marret.co\/wp-content\/uploads\/2016\/03\/Jules-Gravereaux-Medaille-bronze-detouree.jpg?fit=630%2C630&amp;ssl=1\" width=\"152\" height=\"152\" class=\"wp-image-348 alignleft\" alt=\"Jules Gravereaux - Medaille (bronze) detouree\" src=\"https:\/\/i0.wp.com\/marret.co\/wp-content\/uploads\/2016\/03\/Jules-Gravereaux-Medaille-bronze-detouree.jpg?resize=152%2C152\" data-wp-pid=\"348\" srcset=\"https:\/\/i0.wp.com\/lesgravereaux.marret.co\/wp-content\/uploads\/2016\/03\/Jules-Gravereaux-Medaille-bronze-detouree.jpg?w=630&amp;ssl=1 630w, https:\/\/i0.wp.com\/lesgravereaux.marret.co\/wp-content\/uploads\/2016\/03\/Jules-Gravereaux-Medaille-bronze-detouree.jpg?resize=150%2C150&amp;ssl=1 150w, https:\/\/i0.wp.com\/lesgravereaux.marret.co\/wp-content\/uploads\/2016\/03\/Jules-Gravereaux-Medaille-bronze-detouree.jpg?resize=300%2C300&amp;ssl=1 300w, https:\/\/i0.wp.com\/lesgravereaux.marret.co\/wp-content\/uploads\/2016\/03\/Jules-Gravereaux-Medaille-bronze-detouree.jpg?resize=600%2C600&amp;ssl=1 600w\" sizes=\"auto, (max-width: 152px) 100vw, 152px\" \/><\/a><\/p>\n<p>&nbsp;<\/p>\n<p><a href=\"https:\/\/lesgravereaux.marret.co\/index.php\/jules-gravereaux\/portraits-de-jules-gravereaux\/une-medaille-en-lhonneur-de-jules-gravereaux\/\">M\u00e9daille<\/a><a href=\"https:\/\/i0.wp.com\/marret.co\/wp-content\/uploads\/2016\/03\/1963-06-Affiche-LHay_wp.jpg\" rel=\"attachment wp-att-1113\"><img data-recalc-dims=\"1\" loading=\"lazy\" decoding=\"async\" data-attachment-id=\"1113\" data-permalink=\"https:\/\/lesgravereaux.marret.co\/index.php\/la-roseraie-de-lhay\/collectionner-lhay\/1963-06-affiche-lhay_wp\/\" data-orig-file=\"https:\/\/i0.wp.com\/lesgravereaux.marret.co\/wp-content\/uploads\/2016\/03\/1963-06-Affiche-LHay_wp.jpg?fit=1057%2C1575&amp;ssl=1\" data-orig-size=\"1057,1575\" data-comments-opened=\"1\" data-image-meta=\"{&quot;aperture&quot;:&quot;0&quot;,&quot;credit&quot;:&quot;&quot;,&quot;camera&quot;:&quot;&quot;,&quot;caption&quot;:&quot;&quot;,&quot;created_timestamp&quot;:&quot;0&quot;,&quot;copyright&quot;:&quot;&quot;,&quot;focal_length&quot;:&quot;0&quot;,&quot;iso&quot;:&quot;0&quot;,&quot;shutter_speed&quot;:&quot;0&quot;,&quot;title&quot;:&quot;&quot;,&quot;orientation&quot;:&quot;1&quot;}\" data-image-title=\"1963-06 Affiche L&amp;rsquo;Hay_wp\" data-image-description=\"\" data-image-caption=\"\" data-medium-file=\"https:\/\/i0.wp.com\/lesgravereaux.marret.co\/wp-content\/uploads\/2016\/03\/1963-06-Affiche-LHay_wp.jpg?fit=201%2C300&amp;ssl=1\" data-large-file=\"https:\/\/i0.wp.com\/lesgravereaux.marret.co\/wp-content\/uploads\/2016\/03\/1963-06-Affiche-LHay_wp.jpg?fit=640%2C954&amp;ssl=1\" width=\"145\" height=\"224\" class=\"wp-image-1113 alignright\" alt=\"1963-06 Affiche L'Hay_wp\" src=\"https:\/\/i0.wp.com\/marret.co\/wp-content\/uploads\/2016\/03\/1963-06-Affiche-LHay_wp-687x1024.jpg?resize=145%2C224\" data-wp-pid=\"1113\"><\/a><\/p>\n<p style=\"text-align: right;\">Affiches<\/p>\n<p>&nbsp;<\/p>\n<p>Il y en a certainement beaucoup d\u2019autres\u2026 et nous vous invitons d\u2019ailleurs \u00e0 <a href=\"https:\/\/lesgravereaux.marret.co\/index.php\/contact-edimestre\/\" target=\"_blank\" rel=\"noopener\">communiquer avec l&rsquo;\u00e9dimestre<\/a> responsable de ce site pour lui faire part de vos trouvailles et qu&rsquo;il les ajoute \u00e0 cette page.<\/p>\n","protected":false},"excerpt":{"rendered":"<p>Jules Gravereaux, la Roseraie de L&rsquo;Ha\u00ff et les roses qu&rsquo;il a cr\u00e9\u00e9es ont \u00e9t\u00e9 repr\u00e9sent\u00e9es sur divers objets et les collectionneurs de toute nature trouveront int\u00e9r\u00eat \u00e0 les rechercher, les trouver et les classer&nbsp;: &nbsp; Cartes postales &nbsp; &nbsp; &nbsp; &hellip; <a href=\"https:\/\/lesgravereaux.marret.co\/index.php\/la-roseraie-de-lhay\/collectionner-lhay\/\">Continuer la lecture <span class=\"meta-nav\">&rarr;<\/span><\/a><\/p>\n","protected":false},"author":1,"featured_media":0,"parent":596,"menu_order":0,"comment_status":"closed","ping_status":"closed","template":"","meta":{"ngg_post_thumbnail":0,"jetpack_post_was_ever_published":false,"footnotes":""},"class_list":["post-1106","page","type-page","status-publish","hentry"],"jetpack_sharing_enabled":true,"jetpack_shortlink":"https:\/\/wp.me\/P7ERyi-hQ","jetpack-related-posts":[{"id":1478,"url":"https:\/\/lesgravereaux.marret.co\/index.php\/571-2\/2010-les-28-et-29-mai\/la-fete-de-la-rose-2010-dans-la-presse\/","url_meta":{"origin":1106,"position":0},"title":"La f\u00eate de la rose (2010) dans la presse","author":"marretgravereaux","date":"10 avril 2016","format":false,"excerpt":"\u00a0 \u00a0 \u00a0 \u00a0 \u00a0 \u00c0 L'Ha\u00ff - Bulletin de la ville de L'Ha\u00ff-les-Roses, mai 2010 \u00a0 \u00a0 \u00a0 \u00a0 \u00a0 \u00a0 \u00a0 \u00a0 \u00a0 \u00a0 \u00a0 \u00a0 \u00c0 L'Ha\u00ff - Bulletin de la ville de L'Ha\u00ff-les-Roses, mai 2010 \u00a0 \u00a0 \u00a0 \u00a0 \u00a0 \u00a0 \u00a0 \u00a0 \u00a0 \u00a0 \u00a0\u2026","rel":"","context":"Article similaire","block_context":{"text":"Article similaire","link":""},"img":{"alt_text":"2010-05 A L'Hay p10-11_wp","src":"https:\/\/i0.wp.com\/lesgravereaux.marret.co\/wp-content\/uploads\/2016\/04\/2010-05-A-LHay-p10-11_wp-712x1024.jpg?resize=350%2C200","width":350,"height":200},"classes":[]},{"id":1523,"url":"https:\/\/lesgravereaux.marret.co\/index.php\/liens-utiles\/","url_meta":{"origin":1106,"position":1},"title":"Liens utiles","author":"marretgravereaux","date":"10 avril 2016","format":false,"excerpt":"Les liens pour :\u00a0-\u00a0La famille Gravereaux -\u00a0Jules Gravereaux - Denis Gravereaux\u00a0-\u00a0Sylvie de Beco\u00a0-\u00a0Jean-Claude Pascal - La roseraie de l'Ha\u00ff -\u00a0Les \u00c9tablissements Gravereaux\u00a0-\u00a0Associations et organismes \u00a0 \u00a0Jules Gravereaux Wikipedia - Jules Gravereaux \u00a0\u00a0 La roseraie de l'Ha\u00ff La Roseraie du Val-de-Marne Wikipedia - La Roseraie du Val-de-Marne HelpMeFind - Roseraie du\u2026","rel":"","context":"Article similaire","block_context":{"text":"Article similaire","link":""},"img":{"alt_text":"Roses de Malmaison - p01b_wp","src":"https:\/\/i0.wp.com\/lesgravereaux.marret.co\/wp-content\/uploads\/2016\/03\/Roses-de-Malmaison-p01b_wp.jpg?resize=350%2C200","width":350,"height":200},"classes":[]},{"id":1798,"url":"https:\/\/lesgravereaux.marret.co\/index.php\/jules-gravereaux\/jules-gravereaux-ses-ecrits\/","url_meta":{"origin":1106,"position":2},"title":"Jules Gravereaux &#8211; Ses \u00e9crits","author":"marretgravereaux","date":"23 avril 2016","format":false,"excerpt":"Jules Gravereaux\u00a0s'est aussi fait conna\u00eetre dans le monde de la rose comme un auteur. De 1899 \u00e0 1914, il a publi\u00e9 trois inventaires de la roseraie, les r\u00e9sultats de plusieurs de ses recherches ainsi que divers articles dans des revues horticoles. Toutefois,\u00a0par humilit\u00e9 et par respect pour ses collaborateurs, un\u2026","rel":"","context":"Article similaire","block_context":{"text":"Article similaire","link":""},"img":{"alt_text":"File0032a","src":"https:\/\/i0.wp.com\/lesgravereaux.marret.co\/wp-content\/uploads\/2015\/10\/File0032a.jpg?resize=350%2C200","width":350,"height":200},"classes":[]},{"id":1279,"url":"https:\/\/lesgravereaux.marret.co\/index.php\/la-roseraie-de-lhay\/quand-la-roseraie-se-montre\/","url_meta":{"origin":1106,"position":3},"title":"Quand la roseraie s&rsquo;expose&#8230;","author":"marretgravereaux","date":"19 mars 2016","format":false,"excerpt":"La Roseraie de L'Ha\u00ff a attir\u00e9 \u2013 et attire toujours \u2013 les dessinateurs et les peintres qui tentent d\u2019en capter les couleurs, les lumi\u00e8res et l\u2019ambiance qui s\u2019en d\u00e9gage. La liste pr\u00e9sent\u00e9e \u00e0 la suite des reproductions\u00a0est \u00e9videmment incompl\u00e8te et nous esp\u00e9rons que les visiteurs de ce site pourront nous\u2026","rel":"","context":"Article similaire","block_context":{"text":"Article similaire","link":""},"img":{"alt_text":"Renouard, Charles-Paul (47 J 245)_wp","src":"https:\/\/i0.wp.com\/marret.co\/wp-content\/uploads\/2016\/03\/Renouard-Charles-Paul-47-J-245_wp-1024x743.jpg?resize=350%2C200","width":350,"height":200},"classes":[]},{"id":993,"url":"https:\/\/lesgravereaux.marret.co\/index.php\/la-roseraie-de-lhay\/le-theatre-des-roses\/","url_meta":{"origin":1106,"position":4},"title":"Le Th\u00e9\u00e2tre des Roses","author":"marretgravereaux","date":"13 mars 2016","format":false,"excerpt":"Le domaine de L\u2019Ha\u00ff, avec sa roseraie, s\u2019av\u00e9rait un lieu extraordinaire pour les r\u00e9unions familiales ainsi que pour les visites d\u2019amateurs de roses. Et Jules Gravereaux aimait y recevoir\u2026 En 1905, il rencontre les\u00a0Rosati\u00a0- une Soci\u00e9t\u00e9 de gens de lettres qui se r\u00e9unissaient sous l\u2019\u00e9gide des roses \u2013 et en\u2026","rel":"","context":"Article similaire","block_context":{"text":"Article similaire","link":""},"img":{"alt_text":"1911 Delacroix, Henry - La roseraie - GL001_wp","src":"https:\/\/i0.wp.com\/marret.co\/wp-content\/uploads\/2016\/03\/1911-Delacroix-Henry-La-roseraie-GL001_wp-1024x653.jpg?resize=350%2C200","width":350,"height":200},"classes":[]},{"id":3709,"url":"https:\/\/lesgravereaux.marret.co\/index.php\/jules-gravereaux\/des-evenements-de-sa-vie\/jules-gravereaux-son-deces\/lhay-les-roses-lavenue-jules-gravereaux\/","url_meta":{"origin":1106,"position":5},"title":"L&rsquo;Ha\u00ff-les-Roses &#8211; L&rsquo;avenue Jules Gravereaux","author":"marretgravereaux","date":"17 juin 2016","format":false,"excerpt":"Dans les semaines qui ont suivi le d\u00e9c\u00e8s de Jules Gravereaux, la ville de L\u2019Ha\u00ff-les-Roses a jug\u00e9 bon de l\u2019honorer de fa\u00e7on toute particuli\u00e8re\u2026 (3e Bur.) \u2014 Administration communale. \u2014 Bry-sur-Marne, L'Ha\u00ff-les-Roses, Nogent-sur-Marne et Saint-Maur\u00a0: d\u00e9nominations de voies publiques. (D\u00e9crets.) Par d\u00e9cret du 30 ao\u00fbt 1916 a \u00e9t\u00e9 approuv\u00e9e la\u2026","rel":"","context":"Article similaire","block_context":{"text":"Article similaire","link":""},"img":{"alt_text":"Paris (D\u00e9partement). Recueil des actes administratifs, bulletin","src":"https:\/\/i0.wp.com\/lesgravereaux.marret.co\/wp-content\/uploads\/2016\/06\/1916-08-Actes-administratifs-Pr%C3%A9fecture-de-la-Seine-3_wp.jpg?resize=350%2C200","width":350,"height":200},"classes":[]}],"_links":{"self":[{"href":"https:\/\/lesgravereaux.marret.co\/index.php\/wp-json\/wp\/v2\/pages\/1106","targetHints":{"allow":["GET"]}}],"collection":[{"href":"https:\/\/lesgravereaux.marret.co\/index.php\/wp-json\/wp\/v2\/pages"}],"about":[{"href":"https:\/\/lesgravereaux.marret.co\/index.php\/wp-json\/wp\/v2\/types\/page"}],"author":[{"embeddable":true,"href":"https:\/\/lesgravereaux.marret.co\/index.php\/wp-json\/wp\/v2\/users\/1"}],"replies":[{"embeddable":true,"href":"https:\/\/lesgravereaux.marret.co\/index.php\/wp-json\/wp\/v2\/comments?post=1106"}],"version-history":[{"count":0,"href":"https:\/\/lesgravereaux.marret.co\/index.php\/wp-json\/wp\/v2\/pages\/1106\/revisions"}],"up":[{"embeddable":true,"href":"https:\/\/lesgravereaux.marret.co\/index.php\/wp-json\/wp\/v2\/pages\/596"}],"wp:attachment":[{"href":"https:\/\/lesgravereaux.marret.co\/index.php\/wp-json\/wp\/v2\/media?parent=1106"}],"curies":[{"name":"wp","href":"https:\/\/api.w.org\/{rel}","templated":true}]}}